{"version":"1.0","provider_name":"FP Baix Empord\u00e0","provider_url":"https:\/\/www.fpbaixemporda.com\/es","author_name":"FP Baix Empord\u00e0","author_url":"https:\/\/www.fpbaixemporda.com\/es\/author\/nxfrtgfnmtjbkdbf\/","title":"Cicle formatiu d\u2019inform\u00e0tica d\u2019oficina - FP Baix Empord\u00e0","type":"rich","width":600,"height":338,"html":"<blockquote class=\"wp-embedded-content\" data-secret=\"U3XqD9nLii\"><a href=\"https:\/\/www.fpbaixemporda.com\/es\/cicles-formatius-grau-basic\/cicle-formatiu-dinformatica-doficina\/\">Ciclo formativo de inform\u00e1tica de oficina<\/a><\/blockquote><iframe sandbox=\"allow-scripts\" security=\"restricted\" src=\"https:\/\/www.fpbaixemporda.com\/es\/cicles-formatius-grau-basic\/cicle-formatiu-dinformatica-doficina\/embed\/#?secret=U3XqD9nLii\" width=\"600\" height=\"338\" title=\"\u00abCicle formatiu d\u2019inform\u00e0tica d\u2019oficina\u00bb \u2014 FP Baix Empord\u00e0\" data-secret=\"U3XqD9nLii\" frameborder=\"0\" marginwidth=\"0\" marginheight=\"0\" scrolling=\"no\" class=\"wp-embedded-content\"><\/iframe><script type=\"text\/javascript\">\n\/* <![CDATA[ *\/\n\/*! This file is auto-generated *\/\n!function(d,l){\"use strict\";l.querySelector&&d.addEventListener&&\"undefined\"!=typeof URL&&(d.wp=d.wp||{},d.wp.receiveEmbedMessage||(d.wp.receiveEmbedMessage=function(e){var t=e.data;if((t||t.secret||t.message||t.value)&&!\/[^a-zA-Z0-9]\/.test(t.secret)){for(var s,r,n,a=l.querySelectorAll('iframe[data-secret=\"'+t.secret+'\"]'),o=l.querySelectorAll('blockquote[data-secret=\"'+t.secret+'\"]'),c=new RegExp(\"^https?:$\",\"i\"),i=0;i<o.length;i++)o[i].style.display=\"none\";for(i=0;i<a.length;i++)s=a[i],e.source===s.contentWindow&&(s.removeAttribute(\"style\"),\"height\"===t.message?(1e3<(r=parseInt(t.value,10))?r=1e3:~~r<200&&(r=200),s.height=r):\"link\"===t.message&&(r=new URL(s.getAttribute(\"src\")),n=new URL(t.value),c.test(n.protocol))&&n.host===r.host&&l.activeElement===s&&(d.top.location.href=t.value))}},d.addEventListener(\"message\",d.wp.receiveEmbedMessage,!1),l.addEventListener(\"DOMContentLoaded\",function(){for(var e,t,s=l.querySelectorAll(\"iframe.wp-embedded-content\"),r=0;r<s.length;r++)(t=(e=s[r]).getAttribute(\"data-secret\"))||(t=Math.random().toString(36).substring(2,12),e.src+=\"#?secret=\"+t,e.setAttribute(\"data-secret\",t)),e.contentWindow.postMessage({message:\"ready\",secret:t},\"*\")},!1)))}(window,document);\n\/\/# sourceURL=https:\/\/www.fpbaixemporda.com\/wp-includes\/js\/wp-embed.min.js\n\/* ]]> *\/\n<\/script>","thumbnail_url":"https:\/\/www.fpbaixemporda.com\/wp-content\/uploads\/2021\/11\/Informatica-dOficina-FP-Baix-Emporda.jpg","thumbnail_width":1400,"thumbnail_height":320,"description":"Descripci\u00f3 Aquest estudis capaciten per fer operacions auxiliars de muntatge i manteniment de sistemes microinform\u00e0tics, perif\u00e8rics i xarxes de comunicaci\u00f3 de dades, i de tractament, reproducci\u00f3 i arxiu de documents, operant amb la qualitat indicada, observant les normes de prevenci\u00f3 de riscos laborals i protecci\u00f3 mediambiental corresponents, i tamb\u00e9 per comunicar-se de manera oral i+ Read More"}