{"id":1480,"date":"2020-05-12T14:53:47","date_gmt":"2020-05-12T12:53:47","guid":{"rendered":"https:\/\/www.fpbaixemporda.com\/?page_id=1480"},"modified":"2025-10-23T11:50:23","modified_gmt":"2025-10-23T09:50:23","slug":"preinscripcions-grau-mitja","status":"publish","type":"page","link":"https:\/\/www.fpbaixemporda.com\/es\/preinscripcions-grau-mitja\/","title":{"rendered":"Preinscripciones Grado medio"},"content":{"rendered":"<div data-elementor-type=\"wp-page\" data-elementor-id=\"1480\" class=\"elementor elementor-1480\" data-elementor-post-type=\"page\">\n\t\t\t\t\t\t<section class=\"elementor-section elementor-top-section elementor-element elementor-element-9369047 elementor-section-boxed elementor-section-height-default elementor-section-height-default\" data-id=\"9369047\" data-element_type=\"section\" data-e-type=\"section\" data-settings=\"{&quot;background_background&quot;:&quot;classic&quot;}\">\n\t\t\t\t\t\t<div class=\"elementor-container elementor-column-gap-default\">\n\t\t\t\t\t<div class=\"elementor-column elementor-col-100 elementor-top-column elementor-element elementor-element-27b30eb\" data-id=\"27b30eb\" data-element_type=\"column\" data-e-type=\"column\">\n\t\t\t<div class=\"elementor-widget-wrap elementor-element-populated\">\n\t\t\t\t\t\t<div class=\"elementor-element elementor-element-acb3195 elementor-widget elementor-widget-heading\" data-id=\"acb3195\" data-element_type=\"widget\" data-e-type=\"widget\" data-widget_type=\"heading.default\">\n\t\t\t\t\t<h2 class=\"elementor-heading-title elementor-size-default\">Preinscripci\u00f3n a grado medio de formaci\u00f3n profesional<\/h2>\t\t\t\t<\/div>\n\t\t\t\t<div class=\"elementor-element elementor-element-5d21dc2 elementor-widget elementor-widget-heading\" data-id=\"5d21dc2\" data-element_type=\"widget\" data-e-type=\"widget\" data-widget_type=\"heading.default\">\n\t\t\t\t\t<h3 class=\"elementor-heading-title elementor-size-default\">Ampliaci\u00f3n o presentaci\u00f3n de la solicitud de preinscripci\u00f3n<\/h3>\t\t\t\t<\/div>\n\t\t\t\t<div class=\"elementor-element elementor-element-9b8edf1 elementor-widget elementor-widget-text-editor\" data-id=\"9b8edf1\" data-element_type=\"widget\" data-e-type=\"widget\" data-widget_type=\"text-editor.default\">\n\t\t\t\t\t\t\t\t\t<p>Del 12 al 16 de septiembre<br \/>(ambos incluidos)<\/p>\t\t\t\t\t\t\t\t<\/div>\n\t\t\t\t<div class=\"elementor-element elementor-element-2853d36 elementor-widget elementor-widget-text-editor\" data-id=\"2853d36\" data-element_type=\"widget\" data-e-type=\"widget\" data-widget_type=\"text-editor.default\">\n\t\t\t\t\t\t\t\t\t<p>El alumnado que no ha obtenido plaza o bien no ha participado en el proceso de preinscripci\u00f3n, puede participar en este proceso. \u00bfQu\u00e9 puede hacer?<\/p><ul><li>Ampliaci\u00f3n de peticiones de la solicitud de preinscripci\u00f3n.<\/li><li>Correcci\u00f3n de la calificaci\u00f3n alegada.<\/li><li>Presentaci\u00f3n de solicitud si no ha participado en el proceso de preinscripci\u00f3n.<\/li><\/ul>\t\t\t\t\t\t\t\t<\/div>\n\t\t\t\t<div class=\"elementor-element elementor-element-1283607 elementor-align-center elementor-widget elementor-widget-button\" data-id=\"1283607\" data-element_type=\"widget\" data-e-type=\"widget\" data-widget_type=\"button.default\">\n\t\t\t\t\t\t\t\t\t\t<a class=\"elementor-button elementor-button-link elementor-size-sm\" href=\"https:\/\/preinscripcio.gencat.cat\/ca\/estudis\/fp-grau-mitja\/preinscriute\/gestio-places-vacants\/\" target=\"_blank\">\n\t\t\t\t\t\t<span class=\"elementor-button-content-wrapper\">\n\t\t\t\t\t\t\t\t\t<span class=\"elementor-button-text\">M\u00e1s informaci\u00f3n<\/span>\n\t\t\t\t\t<\/span>\n\t\t\t\t\t<\/a>\n\t\t\t\t\t\t\t\t<\/div>\n\t\t\t\t\t<\/div>\n\t\t<\/div>\n\t\t\t\t\t<\/div>\n\t\t<\/section>\n\t\t\t\t<section class=\"elementor-section elementor-top-section elementor-element elementor-element-53bd702 elementor-section-full_width elementor-section-height-default elementor-section-height-default\" data-id=\"53bd702\" data-element_type=\"section\" data-e-type=\"section\">\n\t\t\t\t\t\t<div class=\"elementor-container elementor-column-gap-no\">\n\t\t\t\t\t<div class=\"elementor-column elementor-col-100 elementor-top-column elementor-element elementor-element-cacc234\" data-id=\"cacc234\" data-element_type=\"column\" data-e-type=\"column\">\n\t\t\t<div class=\"elementor-widget-wrap elementor-element-populated\">\n\t\t\t\t\t\t<div class=\"elementor-element elementor-element-9afadfe elementor-widget elementor-widget-text-editor\" data-id=\"9afadfe\" data-element_type=\"widget\" data-e-type=\"widget\" data-widget_type=\"text-editor.default\">\n\t\t\t\t\t\t\t\t\t<p>Para acceder a un ciclo de formaci\u00f3n profesional es necesario formalizar la solicitud de preinscripci\u00f3n aunque se cursen otras ense\u00f1anzas en el mismo centro.<\/p><p style=\"text-align: justify;\">S\u00f3lo se puede formalizar una solicitud, a trav\u00e9s de la solicitud electr\u00f3nica o de la solicitud con soporte inform\u00e1tico disponible en el tr\u00e1mite de la preinscripci\u00f3n.<\/p><p class=\"translation-block\">Para poder cursar un <strong>ciclo de grado superior\u00a0<\/strong>es necesario cumplir los requisitos acad\u00e9micos de acceso que establece la normativa.<\/p><h3>Para realizar la preinscripci\u00f3n es necesario:<\/h3><ul><li>Conocer el calendario del proceso.<\/li><li>Consultar a los centros.<\/li><li style=\"text-align: justify;\">Conocer los criterios de prioridad con los que se ordenan las solicitudes y preparar la documentaci\u00f3n correspondiente, si procede.<\/li><li>Consultar c\u00f3digos de los ciclos.<\/li><li style=\"text-align: justify;\">Cumplimentar y presentar la solicitud: si es la solicitud electr\u00f3nica, con el env\u00edo ya queda grabada; si se cumplimenta la solicitud con soporte inform\u00e1tico, es necesario presentar la solicitud en el centro.<\/li><li style=\"text-align: justify;\">Presentar la documentaci\u00f3n identificativa o de los criterios alegados, s\u00f3lo en los supuestos previstos en los que no puede validarse electr\u00f3nicamente, y que se detallan en el resguardo de presentaci\u00f3n de la solicitud.<\/li><li>Consultar los resultados de la preinscripci\u00f3n cuando se publican las distintas listas.<\/li><li>Consultar el centro asignado.<\/li><li>Realizar la matr\u00edcula.<\/li><\/ul>\t\t\t\t\t\t\t\t<\/div>\n\t\t\t\t\t<\/div>\n\t\t<\/div>\n\t\t\t\t\t<\/div>\n\t\t<\/section>\n\t\t\t\t<\/div>","protected":false},"excerpt":{"rendered":"<p>Preinscripci\u00f3 al grau mitj\u00e0 de formaci\u00f3 professional Ampliaci\u00f3 o presentaci\u00f3 de la sol\u00b7licitud de preinscripci\u00f3 Del 12 al 16 de setembre(ambd\u00f3s inclosos) L&#8217;alumnat que no heu obtingut pla\u00e7a o b\u00e9 no heu participat en el proc\u00e9s de preinscripci\u00f3, podeu participar en aquest proc\u00e9s. Qu\u00e8 podeu fer? Ampliaci\u00f3 de peticions de la sol\u00b7licitud de preinscripci\u00f3. Correcci\u00f3<br \/><a class=\"moretag\" href=\"https:\/\/www.fpbaixemporda.com\/es\/preinscripcions-grau-mitja\/\">+ Read More<\/a><\/p>","protected":false},"author":1,"featured_media":1119,"parent":0,"menu_order":0,"comment_status":"closed","ping_status":"closed","template":"templates\/page-fullwidth_template.php","meta":{"footnotes":""},"class_list":["post-1480","page","type-page","status-publish","has-post-thumbnail","hentry"],"yoast_head":"<!-- This site is optimized with the Yoast SEO plugin v27.5 - https:\/\/yoast.com\/product\/yoast-seo-wordpress\/ -->\n<title>Preinscripcions Grau mitj\u00e0 - FP Baix Empord\u00e0<\/title>\n<meta name=\"description\" content=\"Per\u00a0accedir a\u00a0un\u00a0cicle de formaci\u00f3 professional\u00a0cal formalitzar la sol\u00b7licitud de preinscripci\u00f3 malgrat cursar altres ensenyaments en el mateix centre.\" \/>\n<meta name=\"robots\" content=\"index, follow, max-snippet:-1, max-image-preview:large, max-video-preview:-1\" \/>\n<link rel=\"canonical\" href=\"https:\/\/www.fpbaixemporda.com\/es\/preinscripcions-grau-mitja\/\" \/>\n<meta property=\"og:locale\" content=\"es_ES\" \/>\n<meta property=\"og:type\" content=\"article\" \/>\n<meta property=\"og:title\" content=\"Preinscripcions Grau mitj\u00e0 - FP Baix Empord\u00e0\" \/>\n<meta property=\"og:description\" content=\"Per\u00a0accedir a\u00a0un\u00a0cicle de formaci\u00f3 professional\u00a0cal formalitzar la sol\u00b7licitud de preinscripci\u00f3 malgrat cursar altres ensenyaments en el mateix centre.\" \/>\n<meta property=\"og:url\" content=\"https:\/\/www.fpbaixemporda.com\/es\/preinscripcions-grau-mitja\/\" \/>\n<meta property=\"og:site_name\" content=\"FP Baix Empord\u00e0\" \/>\n<meta property=\"article:publisher\" content=\"https:\/\/www.facebook.com\/fpbaixemporda\" \/>\n<meta property=\"article:modified_time\" content=\"2025-10-23T09:50:23+00:00\" \/>\n<meta property=\"og:image\" content=\"https:\/\/www.fpbaixemporda.com\/wp-content\/uploads\/2020\/03\/Acc\u00e9s-a-cicles-FP-Baix-Empord\u00e0.jpg\" \/>\n\t<meta property=\"og:image:width\" content=\"1400\" \/>\n\t<meta property=\"og:image:height\" content=\"320\" \/>\n\t<meta property=\"og:image:type\" content=\"image\/jpeg\" \/>\n<meta name=\"twitter:card\" content=\"summary_large_image\" \/>\n<meta name=\"twitter:label1\" content=\"Tiempo de lectura\" \/>\n\t<meta name=\"twitter:data1\" content=\"2 minutos\" \/>\n<script type=\"application\/ld+json\" class=\"yoast-schema-graph\">{\"@context\":\"https:\\\/\\\/schema.org\",\"@graph\":[{\"@type\":\"WebPage\",\"@id\":\"https:\\\/\\\/www.fpbaixemporda.com\\\/preinscripcions-grau-mitja\\\/\",\"url\":\"https:\\\/\\\/www.fpbaixemporda.com\\\/preinscripcions-grau-mitja\\\/\",\"name\":\"Preinscripcions Grau mitj\u00e0 - FP Baix Empord\u00e0\",\"isPartOf\":{\"@id\":\"https:\\\/\\\/www.fpbaixemporda.com\\\/#website\"},\"primaryImageOfPage\":{\"@id\":\"https:\\\/\\\/www.fpbaixemporda.com\\\/preinscripcions-grau-mitja\\\/#primaryimage\"},\"image\":{\"@id\":\"https:\\\/\\\/www.fpbaixemporda.com\\\/preinscripcions-grau-mitja\\\/#primaryimage\"},\"thumbnailUrl\":\"https:\\\/\\\/www.fpbaixemporda.com\\\/wp-content\\\/uploads\\\/2020\\\/03\\\/Acc\u00e9s-a-cicles-FP-Baix-Empord\u00e0.jpg\",\"datePublished\":\"2020-05-12T12:53:47+00:00\",\"dateModified\":\"2025-10-23T09:50:23+00:00\",\"description\":\"Per\u00a0accedir a\u00a0un\u00a0cicle de formaci\u00f3 professional\u00a0cal formalitzar la sol\u00b7licitud de preinscripci\u00f3 malgrat cursar altres ensenyaments en el mateix centre.\",\"breadcrumb\":{\"@id\":\"https:\\\/\\\/www.fpbaixemporda.com\\\/preinscripcions-grau-mitja\\\/#breadcrumb\"},\"inLanguage\":\"es\",\"potentialAction\":[{\"@type\":\"ReadAction\",\"target\":[\"https:\\\/\\\/www.fpbaixemporda.com\\\/preinscripcions-grau-mitja\\\/\"]}]},{\"@type\":\"ImageObject\",\"inLanguage\":\"es\",\"@id\":\"https:\\\/\\\/www.fpbaixemporda.com\\\/preinscripcions-grau-mitja\\\/#primaryimage\",\"url\":\"https:\\\/\\\/www.fpbaixemporda.com\\\/wp-content\\\/uploads\\\/2020\\\/03\\\/Acc\u00e9s-a-cicles-FP-Baix-Empord\u00e0.jpg\",\"contentUrl\":\"https:\\\/\\\/www.fpbaixemporda.com\\\/wp-content\\\/uploads\\\/2020\\\/03\\\/Acc\u00e9s-a-cicles-FP-Baix-Empord\u00e0.jpg\",\"width\":1400,\"height\":320,\"caption\":\"Acc\u00e9s a cicles | FP Baix Empord\u00e0\"},{\"@type\":\"BreadcrumbList\",\"@id\":\"https:\\\/\\\/www.fpbaixemporda.com\\\/preinscripcions-grau-mitja\\\/#breadcrumb\",\"itemListElement\":[{\"@type\":\"ListItem\",\"position\":1,\"name\":\"Home\",\"item\":\"https:\\\/\\\/www.fpbaixemporda.com\\\/\"},{\"@type\":\"ListItem\",\"position\":2,\"name\":\"Preinscripcions Grau mitj\u00e0\"}]},{\"@type\":\"WebSite\",\"@id\":\"https:\\\/\\\/www.fpbaixemporda.com\\\/#website\",\"url\":\"https:\\\/\\\/www.fpbaixemporda.com\\\/\",\"name\":\"FP Baix Empord\u00e0\",\"description\":\"El teu futur en bones mans\",\"publisher\":{\"@id\":\"https:\\\/\\\/www.fpbaixemporda.com\\\/#organization\"},\"potentialAction\":[{\"@type\":\"SearchAction\",\"target\":{\"@type\":\"EntryPoint\",\"urlTemplate\":\"https:\\\/\\\/www.fpbaixemporda.com\\\/?s={search_term_string}\"},\"query-input\":{\"@type\":\"PropertyValueSpecification\",\"valueRequired\":true,\"valueName\":\"search_term_string\"}}],\"inLanguage\":\"es\"},{\"@type\":\"Organization\",\"@id\":\"https:\\\/\\\/www.fpbaixemporda.com\\\/#organization\",\"name\":\"FP Baix Empord\u00e0\",\"url\":\"https:\\\/\\\/www.fpbaixemporda.com\\\/\",\"logo\":{\"@type\":\"ImageObject\",\"inLanguage\":\"es\",\"@id\":\"https:\\\/\\\/www.fpbaixemporda.com\\\/#\\\/schema\\\/logo\\\/image\\\/\",\"url\":\"https:\\\/\\\/www.fpbaixemporda.com\\\/wp-content\\\/uploads\\\/2020\\\/02\\\/FP-Baix-Empord\u00e0-Logo.png\",\"contentUrl\":\"https:\\\/\\\/www.fpbaixemporda.com\\\/wp-content\\\/uploads\\\/2020\\\/02\\\/FP-Baix-Empord\u00e0-Logo.png\",\"width\":180,\"height\":117,\"caption\":\"FP Baix Empord\u00e0\"},\"image\":{\"@id\":\"https:\\\/\\\/www.fpbaixemporda.com\\\/#\\\/schema\\\/logo\\\/image\\\/\"},\"sameAs\":[\"https:\\\/\\\/www.facebook.com\\\/fpbaixemporda\",\"https:\\\/\\\/www.instagram.com\\\/fp_baixemporda\\\/\"]}]}<\/script>\n<!-- \/ Yoast SEO plugin. -->","yoast_head_json":{"title":"Preinscripciones Grado medio - FP Baix Empord\u00e0","description":"Per\u00a0accedir a\u00a0un\u00a0cicle de formaci\u00f3 professional\u00a0cal formalitzar la sol\u00b7licitud de preinscripci\u00f3 malgrat cursar altres ensenyaments en el mateix centre.","robots":{"index":"index","follow":"follow","max-snippet":"max-snippet:-1","max-image-preview":"max-image-preview:large","max-video-preview":"max-video-preview:-1"},"canonical":"https:\/\/www.fpbaixemporda.com\/es\/preinscripcions-grau-mitja\/","og_locale":"es_ES","og_type":"article","og_title":"Preinscripcions Grau mitj\u00e0 - FP Baix Empord\u00e0","og_description":"Per\u00a0accedir a\u00a0un\u00a0cicle de formaci\u00f3 professional\u00a0cal formalitzar la sol\u00b7licitud de preinscripci\u00f3 malgrat cursar altres ensenyaments en el mateix centre.","og_url":"https:\/\/www.fpbaixemporda.com\/es\/preinscripcions-grau-mitja\/","og_site_name":"FP Baix Empord\u00e0","article_publisher":"https:\/\/www.facebook.com\/fpbaixemporda","article_modified_time":"2025-10-23T09:50:23+00:00","og_image":[{"width":1400,"height":320,"url":"https:\/\/www.fpbaixemporda.com\/wp-content\/uploads\/2020\/03\/Acc\u00e9s-a-cicles-FP-Baix-Empord\u00e0.jpg","type":"image\/jpeg"}],"twitter_card":"summary_large_image","twitter_misc":{"Tiempo de lectura":"2 minutos"},"schema":{"@context":"https:\/\/schema.org","@graph":[{"@type":"WebPage","@id":"https:\/\/www.fpbaixemporda.com\/preinscripcions-grau-mitja\/","url":"https:\/\/www.fpbaixemporda.com\/preinscripcions-grau-mitja\/","name":"Preinscripciones Grado medio - FP Baix Empord\u00e0","isPartOf":{"@id":"https:\/\/www.fpbaixemporda.com\/#website"},"primaryImageOfPage":{"@id":"https:\/\/www.fpbaixemporda.com\/preinscripcions-grau-mitja\/#primaryimage"},"image":{"@id":"https:\/\/www.fpbaixemporda.com\/preinscripcions-grau-mitja\/#primaryimage"},"thumbnailUrl":"https:\/\/www.fpbaixemporda.com\/wp-content\/uploads\/2020\/03\/Acc\u00e9s-a-cicles-FP-Baix-Empord\u00e0.jpg","datePublished":"2020-05-12T12:53:47+00:00","dateModified":"2025-10-23T09:50:23+00:00","description":"Per\u00a0accedir a\u00a0un\u00a0cicle de formaci\u00f3 professional\u00a0cal formalitzar la sol\u00b7licitud de preinscripci\u00f3 malgrat cursar altres ensenyaments en el mateix centre.","breadcrumb":{"@id":"https:\/\/www.fpbaixemporda.com\/preinscripcions-grau-mitja\/#breadcrumb"},"inLanguage":"es","potentialAction":[{"@type":"ReadAction","target":["https:\/\/www.fpbaixemporda.com\/preinscripcions-grau-mitja\/"]}]},{"@type":"ImageObject","inLanguage":"es","@id":"https:\/\/www.fpbaixemporda.com\/preinscripcions-grau-mitja\/#primaryimage","url":"https:\/\/www.fpbaixemporda.com\/wp-content\/uploads\/2020\/03\/Acc\u00e9s-a-cicles-FP-Baix-Empord\u00e0.jpg","contentUrl":"https:\/\/www.fpbaixemporda.com\/wp-content\/uploads\/2020\/03\/Acc\u00e9s-a-cicles-FP-Baix-Empord\u00e0.jpg","width":1400,"height":320,"caption":"Acc\u00e9s a cicles | FP Baix Empord\u00e0"},{"@type":"BreadcrumbList","@id":"https:\/\/www.fpbaixemporda.com\/preinscripcions-grau-mitja\/#breadcrumb","itemListElement":[{"@type":"ListItem","position":1,"name":"Home","item":"https:\/\/www.fpbaixemporda.com\/"},{"@type":"ListItem","position":2,"name":"Preinscripcions Grau mitj\u00e0"}]},{"@type":"WebSite","@id":"https:\/\/www.fpbaixemporda.com\/#website","url":"https:\/\/www.fpbaixemporda.com\/","name":"FP Baix Empord\u00e0","description":"El teu futur en bones mans","publisher":{"@id":"https:\/\/www.fpbaixemporda.com\/#organization"},"potentialAction":[{"@type":"SearchAction","target":{"@type":"EntryPoint","urlTemplate":"https:\/\/www.fpbaixemporda.com\/?s={search_term_string}"},"query-input":{"@type":"PropertyValueSpecification","valueRequired":true,"valueName":"search_term_string"}}],"inLanguage":"es"},{"@type":"Organization","@id":"https:\/\/www.fpbaixemporda.com\/#organization","name":"FP Baix Empord\u00e0","url":"https:\/\/www.fpbaixemporda.com\/","logo":{"@type":"ImageObject","inLanguage":"es","@id":"https:\/\/www.fpbaixemporda.com\/#\/schema\/logo\/image\/","url":"https:\/\/www.fpbaixemporda.com\/wp-content\/uploads\/2020\/02\/FP-Baix-Empord\u00e0-Logo.png","contentUrl":"https:\/\/www.fpbaixemporda.com\/wp-content\/uploads\/2020\/02\/FP-Baix-Empord\u00e0-Logo.png","width":180,"height":117,"caption":"FP Baix Empord\u00e0"},"image":{"@id":"https:\/\/www.fpbaixemporda.com\/#\/schema\/logo\/image\/"},"sameAs":["https:\/\/www.facebook.com\/fpbaixemporda","https:\/\/www.instagram.com\/fp_baixemporda\/"]}]}},"_links":{"self":[{"href":"https:\/\/www.fpbaixemporda.com\/es\/wp-json\/wp\/v2\/pages\/1480","targetHints":{"allow":["GET"]}}],"collection":[{"href":"https:\/\/www.fpbaixemporda.com\/es\/wp-json\/wp\/v2\/pages"}],"about":[{"href":"https:\/\/www.fpbaixemporda.com\/es\/wp-json\/wp\/v2\/types\/page"}],"author":[{"embeddable":true,"href":"https:\/\/www.fpbaixemporda.com\/es\/wp-json\/wp\/v2\/users\/1"}],"replies":[{"embeddable":true,"href":"https:\/\/www.fpbaixemporda.com\/es\/wp-json\/wp\/v2\/comments?post=1480"}],"version-history":[{"count":0,"href":"https:\/\/www.fpbaixemporda.com\/es\/wp-json\/wp\/v2\/pages\/1480\/revisions"}],"wp:featuredmedia":[{"embeddable":true,"href":"https:\/\/www.fpbaixemporda.com\/es\/wp-json\/wp\/v2\/media\/1119"}],"wp:attachment":[{"href":"https:\/\/www.fpbaixemporda.com\/es\/wp-json\/wp\/v2\/media?parent=1480"}],"curies":[{"name":"wp","href":"https:\/\/api.w.org\/{rel}","templated":true}]}}