{"id":189,"date":"2020-02-13T13:50:20","date_gmt":"2020-02-13T12:50:20","guid":{"rendered":"https:\/\/www.fpbaixemporda.com\/?page_id=189"},"modified":"2026-04-11T11:11:13","modified_gmt":"2026-04-11T09:11:13","slug":"cf-grau-superior","status":"publish","type":"page","link":"https:\/\/www.fpbaixemporda.com\/es\/cf-grau-superior\/","title":{"rendered":"CF Grado Superior"},"content":{"rendered":"\t\t<div data-elementor-type=\"wp-page\" data-elementor-id=\"189\" class=\"elementor elementor-189\" data-elementor-post-type=\"page\">\n\t\t\t\t\t\t<section class=\"elementor-section elementor-top-section elementor-element elementor-element-b904d3b elementor-section-full_width elementor-section-height-default elementor-section-height-default\" data-id=\"b904d3b\" data-element_type=\"section\" data-e-type=\"section\">\n\t\t\t\t\t\t<div class=\"elementor-container elementor-column-gap-no\">\n\t\t\t\t\t<div class=\"elementor-column elementor-col-100 elementor-top-column elementor-element elementor-element-e10396f\" data-id=\"e10396f\" data-element_type=\"column\" data-e-type=\"column\">\n\t\t\t<div class=\"elementor-widget-wrap elementor-element-populated\">\n\t\t\t\t\t\t<div class=\"elementor-element elementor-element-c30cbdd elementor-widget elementor-widget-premium-img-gallery\" data-id=\"c30cbdd\" data-element_type=\"widget\" data-e-type=\"widget\" data-settings=\"{&quot;premium_gallery_img_content&quot;:[{&quot;premium_gallery_img_name&quot;:&quot;Administraci\\u00f3 i finances&quot;,&quot;_id&quot;:&quot;d5ad85e&quot;,&quot;premium_gallery_img&quot;:{&quot;url&quot;:&quot;https:\\\/\\\/www.fpbaixemporda.com\\\/wp-content\\\/uploads\\\/2020\\\/03\\\/Grau-Superior-Administraci\\u00f3-i-finances.jpg&quot;,&quot;id&quot;:926,&quot;size&quot;:&quot;&quot;,&quot;alt&quot;:&quot;FP Baix Empord\\u00e0 | Grau Superior - Administraci\\u00f3 i finances&quot;,&quot;source&quot;:&quot;library&quot;},&quot;premium_gallery_img_link&quot;:null,&quot;premium_gallery_link_whole&quot;:&quot;yes&quot;,&quot;premium_gallery_img_link_type&quot;:&quot;link&quot;,&quot;premium_gallery_img_existing&quot;:&quot;232&quot;,&quot;premium_gallery_image_cell&quot;:{&quot;unit&quot;:&quot;px&quot;,&quot;size&quot;:4,&quot;sizes&quot;:[]},&quot;premium_gallery_image_cell_tablet&quot;:{&quot;unit&quot;:&quot;px&quot;,&quot;size&quot;:&quot;&quot;,&quot;sizes&quot;:[]},&quot;premium_gallery_image_cell_mobile&quot;:{&quot;unit&quot;:&quot;px&quot;,&quot;size&quot;:&quot;&quot;,&quot;sizes&quot;:[]},&quot;premium_gallery_image_vcell&quot;:{&quot;unit&quot;:&quot;px&quot;,&quot;size&quot;:4,&quot;sizes&quot;:[]},&quot;premium_gallery_image_vcell_tablet&quot;:{&quot;unit&quot;:&quot;px&quot;,&quot;size&quot;:&quot;&quot;,&quot;sizes&quot;:[]},&quot;premium_gallery_image_vcell_mobile&quot;:{&quot;unit&quot;:&quot;px&quot;,&quot;size&quot;:&quot;&quot;,&quot;sizes&quot;:[]},&quot;premium_gallery_video&quot;:&quot;&quot;,&quot;premium_gallery_video_type&quot;:null,&quot;premium_gallery_video_url&quot;:null,&quot;premium_gallery_video_self&quot;:null,&quot;premium_gallery_video_self_url&quot;:null,&quot;premium_gallery_video_controls&quot;:null,&quot;premium_gallery_video_mute&quot;:null,&quot;premium_gallery_video_loop&quot;:null,&quot;download_button&quot;:null,&quot;privacy_mode&quot;:null,&quot;premmium_gallery_img_info&quot;:&quot;&quot;,&quot;premium_gallery_img_desc&quot;:&quot;&quot;,&quot;premium_gallery_img_category&quot;:&quot;&quot;,&quot;premium_gallery_lightbox_whole&quot;:&quot;&quot;},{&quot;premium_gallery_img_name&quot;:&quot;Desenvolupament aplicacions multiplataforma i aplicacions web&quot;,&quot;premium_gallery_img&quot;:{&quot;url&quot;:&quot;https:\\\/\\\/www.fpbaixemporda.com\\\/wp-content\\\/uploads\\\/2020\\\/03\\\/Grau-Superior-Desenvolupament-aplicacions-multiplataforma.jpg&quot;,&quot;id&quot;:928,&quot;size&quot;:&quot;&quot;,&quot;alt&quot;:&quot;FP Baix Empord\\u00e0 | Grau Superior - Desenvolupament aplicacions multiplataforma&quot;,&quot;source&quot;:&quot;library&quot;},&quot;premium_gallery_img_link&quot;:null,&quot;premium_gallery_link_whole&quot;:&quot;yes&quot;,&quot;premium_gallery_img_link_type&quot;:&quot;link&quot;,&quot;premium_gallery_img_existing&quot;:&quot;234&quot;,&quot;_id&quot;:&quot;95e525b&quot;,&quot;premium_gallery_image_cell&quot;:{&quot;unit&quot;:&quot;px&quot;,&quot;size&quot;:4,&quot;sizes&quot;:[]},&quot;premium_gallery_image_cell_tablet&quot;:{&quot;unit&quot;:&quot;px&quot;,&quot;size&quot;:&quot;&quot;,&quot;sizes&quot;:[]},&quot;premium_gallery_image_cell_mobile&quot;:{&quot;unit&quot;:&quot;px&quot;,&quot;size&quot;:&quot;&quot;,&quot;sizes&quot;:[]},&quot;premium_gallery_image_vcell&quot;:{&quot;unit&quot;:&quot;px&quot;,&quot;size&quot;:4,&quot;sizes&quot;:[]},&quot;premium_gallery_image_vcell_tablet&quot;:{&quot;unit&quot;:&quot;px&quot;,&quot;size&quot;:&quot;&quot;,&quot;sizes&quot;:[]},&quot;premium_gallery_image_vcell_mobile&quot;:{&quot;unit&quot;:&quot;px&quot;,&quot;size&quot;:&quot;&quot;,&quot;sizes&quot;:[]},&quot;premium_gallery_video&quot;:&quot;&quot;,&quot;premium_gallery_video_type&quot;:null,&quot;premium_gallery_video_url&quot;:null,&quot;premium_gallery_video_self&quot;:null,&quot;premium_gallery_video_self_url&quot;:null,&quot;premium_gallery_video_controls&quot;:null,&quot;premium_gallery_video_mute&quot;:null,&quot;premium_gallery_video_loop&quot;:null,&quot;download_button&quot;:null,&quot;privacy_mode&quot;:null,&quot;premmium_gallery_img_info&quot;:&quot;&quot;,&quot;premium_gallery_img_desc&quot;:&quot;&quot;,&quot;premium_gallery_img_category&quot;:&quot;&quot;,&quot;premium_gallery_lightbox_whole&quot;:&quot;&quot;},{&quot;premium_gallery_img_name&quot;:&quot;Direcci\\u00f3 de cuina&quot;,&quot;premium_gallery_img&quot;:{&quot;url&quot;:&quot;https:\\\/\\\/www.fpbaixemporda.com\\\/wp-content\\\/uploads\\\/2020\\\/03\\\/Grau-Superior-Direcci\\u00f3-de-cuina.jpg&quot;,&quot;id&quot;:930,&quot;size&quot;:&quot;&quot;,&quot;alt&quot;:&quot;FP Baix Empord\\u00e0 | Grau Superior - Direcci\\u00f3 de cuina&quot;,&quot;source&quot;:&quot;library&quot;},&quot;premium_gallery_img_link&quot;:null,&quot;premium_gallery_link_whole&quot;:&quot;yes&quot;,&quot;premium_gallery_img_link_type&quot;:&quot;link&quot;,&quot;premium_gallery_img_existing&quot;:&quot;236&quot;,&quot;_id&quot;:&quot;38227f0&quot;,&quot;premium_gallery_image_cell&quot;:{&quot;unit&quot;:&quot;px&quot;,&quot;size&quot;:4,&quot;sizes&quot;:[]},&quot;premium_gallery_image_cell_tablet&quot;:{&quot;unit&quot;:&quot;px&quot;,&quot;size&quot;:&quot;&quot;,&quot;sizes&quot;:[]},&quot;premium_gallery_image_cell_mobile&quot;:{&quot;unit&quot;:&quot;px&quot;,&quot;size&quot;:&quot;&quot;,&quot;sizes&quot;:[]},&quot;premium_gallery_image_vcell&quot;:{&quot;unit&quot;:&quot;px&quot;,&quot;size&quot;:4,&quot;sizes&quot;:[]},&quot;premium_gallery_image_vcell_tablet&quot;:{&quot;unit&quot;:&quot;px&quot;,&quot;size&quot;:&quot;&quot;,&quot;sizes&quot;:[]},&quot;premium_gallery_image_vcell_mobile&quot;:{&quot;unit&quot;:&quot;px&quot;,&quot;size&quot;:&quot;&quot;,&quot;sizes&quot;:[]},&quot;premium_gallery_video&quot;:&quot;&quot;,&quot;premium_gallery_video_type&quot;:null,&quot;premium_gallery_video_url&quot;:null,&quot;premium_gallery_video_self&quot;:null,&quot;premium_gallery_video_self_url&quot;:null,&quot;premium_gallery_video_controls&quot;:null,&quot;premium_gallery_video_mute&quot;:null,&quot;premium_gallery_video_loop&quot;:null,&quot;download_button&quot;:null,&quot;privacy_mode&quot;:null,&quot;premmium_gallery_img_info&quot;:&quot;&quot;,&quot;premium_gallery_img_desc&quot;:&quot;&quot;,&quot;premium_gallery_img_category&quot;:&quot;&quot;,&quot;premium_gallery_lightbox_whole&quot;:&quot;&quot;},{&quot;premium_gallery_img_name&quot;:&quot;Educaci\\u00f3 infantil&quot;,&quot;premium_gallery_img&quot;:{&quot;url&quot;:&quot;https:\\\/\\\/www.fpbaixemporda.com\\\/wp-content\\\/uploads\\\/2020\\\/03\\\/Grau-Superior-Educaci\\u00f3-infantil.jpg&quot;,&quot;id&quot;:933,&quot;size&quot;:&quot;&quot;,&quot;alt&quot;:&quot;&quot;,&quot;source&quot;:&quot;library&quot;},&quot;premium_gallery_img_link&quot;:null,&quot;premium_gallery_link_whole&quot;:&quot;yes&quot;,&quot;premium_gallery_img_link_type&quot;:&quot;link&quot;,&quot;premium_gallery_img_existing&quot;:&quot;238&quot;,&quot;_id&quot;:&quot;14f6ba2&quot;,&quot;premium_gallery_image_cell&quot;:{&quot;unit&quot;:&quot;px&quot;,&quot;size&quot;:4,&quot;sizes&quot;:[]},&quot;premium_gallery_image_cell_tablet&quot;:{&quot;unit&quot;:&quot;px&quot;,&quot;size&quot;:&quot;&quot;,&quot;sizes&quot;:[]},&quot;premium_gallery_image_cell_mobile&quot;:{&quot;unit&quot;:&quot;px&quot;,&quot;size&quot;:&quot;&quot;,&quot;sizes&quot;:[]},&quot;premium_gallery_image_vcell&quot;:{&quot;unit&quot;:&quot;px&quot;,&quot;size&quot;:4,&quot;sizes&quot;:[]},&quot;premium_gallery_image_vcell_tablet&quot;:{&quot;unit&quot;:&quot;px&quot;,&quot;size&quot;:&quot;&quot;,&quot;sizes&quot;:[]},&quot;premium_gallery_image_vcell_mobile&quot;:{&quot;unit&quot;:&quot;px&quot;,&quot;size&quot;:&quot;&quot;,&quot;sizes&quot;:[]},&quot;premium_gallery_video&quot;:&quot;&quot;,&quot;premium_gallery_video_type&quot;:null,&quot;premium_gallery_video_url&quot;:null,&quot;premium_gallery_video_self&quot;:null,&quot;premium_gallery_video_self_url&quot;:null,&quot;premium_gallery_video_controls&quot;:null,&quot;premium_gallery_video_mute&quot;:null,&quot;premium_gallery_video_loop&quot;:null,&quot;download_button&quot;:null,&quot;privacy_mode&quot;:null,&quot;premmium_gallery_img_info&quot;:&quot;&quot;,&quot;premium_gallery_img_desc&quot;:&quot;&quot;,&quot;premium_gallery_img_category&quot;:&quot;&quot;,&quot;premium_gallery_lightbox_whole&quot;:&quot;&quot;},{&quot;premium_gallery_img_name&quot;:&quot;Integraci\\u00f3 social&quot;,&quot;premium_gallery_img&quot;:{&quot;url&quot;:&quot;https:\\\/\\\/www.fpbaixemporda.com\\\/wp-content\\\/uploads\\\/2020\\\/03\\\/Grau-Superior-Integraci\\u00f3-social.jpg&quot;,&quot;id&quot;:937,&quot;size&quot;:&quot;&quot;,&quot;alt&quot;:&quot;FP Baix Empord\\u00e0 | Grau Superior - Integraci\\u00f3 social&quot;,&quot;source&quot;:&quot;library&quot;},&quot;premium_gallery_img_link&quot;:null,&quot;premium_gallery_link_whole&quot;:&quot;yes&quot;,&quot;premium_gallery_img_link_type&quot;:&quot;link&quot;,&quot;premium_gallery_img_existing&quot;:&quot;242&quot;,&quot;_id&quot;:&quot;6839ac0&quot;,&quot;premium_gallery_image_cell&quot;:{&quot;unit&quot;:&quot;px&quot;,&quot;size&quot;:4,&quot;sizes&quot;:[]},&quot;premium_gallery_image_cell_tablet&quot;:{&quot;unit&quot;:&quot;px&quot;,&quot;size&quot;:&quot;&quot;,&quot;sizes&quot;:[]},&quot;premium_gallery_image_cell_mobile&quot;:{&quot;unit&quot;:&quot;px&quot;,&quot;size&quot;:&quot;&quot;,&quot;sizes&quot;:[]},&quot;premium_gallery_image_vcell&quot;:{&quot;unit&quot;:&quot;px&quot;,&quot;size&quot;:4,&quot;sizes&quot;:[]},&quot;premium_gallery_image_vcell_tablet&quot;:{&quot;unit&quot;:&quot;px&quot;,&quot;size&quot;:&quot;&quot;,&quot;sizes&quot;:[]},&quot;premium_gallery_image_vcell_mobile&quot;:{&quot;unit&quot;:&quot;px&quot;,&quot;size&quot;:&quot;&quot;,&quot;sizes&quot;:[]},&quot;premium_gallery_video&quot;:&quot;&quot;,&quot;premium_gallery_video_type&quot;:null,&quot;premium_gallery_video_url&quot;:null,&quot;premium_gallery_video_self&quot;:null,&quot;premium_gallery_video_self_url&quot;:null,&quot;premium_gallery_video_controls&quot;:null,&quot;premium_gallery_video_mute&quot;:null,&quot;premium_gallery_video_loop&quot;:null,&quot;download_button&quot;:null,&quot;privacy_mode&quot;:null,&quot;premmium_gallery_img_info&quot;:&quot;&quot;,&quot;premium_gallery_img_desc&quot;:&quot;&quot;,&quot;premium_gallery_img_category&quot;:&quot;&quot;,&quot;premium_gallery_lightbox_whole&quot;:&quot;&quot;},{&quot;premium_gallery_img_name&quot;:&quot;Sistemes electrot\\u00e8cnics i automatitzats&quot;,&quot;premium_gallery_img&quot;:{&quot;url&quot;:&quot;https:\\\/\\\/www.fpbaixemporda.com\\\/wp-content\\\/uploads\\\/2020\\\/03\\\/Grau-Superior-Sistemes-el\\u00e8ctrics-i-automatitzats.jpg&quot;,&quot;id&quot;:940,&quot;size&quot;:&quot;&quot;,&quot;alt&quot;:&quot;FP Baix Empord\\u00e0 | Grau Superior - Sistemes electrot\\u00e8cnics i automatitzats&quot;,&quot;source&quot;:&quot;library&quot;},&quot;premium_gallery_img_link&quot;:null,&quot;premium_gallery_link_whole&quot;:&quot;yes&quot;,&quot;premium_gallery_img_link_type&quot;:&quot;link&quot;,&quot;premium_gallery_img_existing&quot;:&quot;244&quot;,&quot;_id&quot;:&quot;c6220ab&quot;,&quot;premium_gallery_image_cell&quot;:{&quot;unit&quot;:&quot;px&quot;,&quot;size&quot;:4,&quot;sizes&quot;:[]},&quot;premium_gallery_image_cell_tablet&quot;:{&quot;unit&quot;:&quot;px&quot;,&quot;size&quot;:&quot;&quot;,&quot;sizes&quot;:[]},&quot;premium_gallery_image_cell_mobile&quot;:{&quot;unit&quot;:&quot;px&quot;,&quot;size&quot;:&quot;&quot;,&quot;sizes&quot;:[]},&quot;premium_gallery_image_vcell&quot;:{&quot;unit&quot;:&quot;px&quot;,&quot;size&quot;:4,&quot;sizes&quot;:[]},&quot;premium_gallery_image_vcell_tablet&quot;:{&quot;unit&quot;:&quot;px&quot;,&quot;size&quot;:&quot;&quot;,&quot;sizes&quot;:[]},&quot;premium_gallery_image_vcell_mobile&quot;:{&quot;unit&quot;:&quot;px&quot;,&quot;size&quot;:&quot;&quot;,&quot;sizes&quot;:[]},&quot;premium_gallery_video&quot;:&quot;&quot;,&quot;premium_gallery_video_type&quot;:null,&quot;premium_gallery_video_url&quot;:null,&quot;premium_gallery_video_self&quot;:null,&quot;premium_gallery_video_self_url&quot;:null,&quot;premium_gallery_video_controls&quot;:null,&quot;premium_gallery_video_mute&quot;:null,&quot;premium_gallery_video_loop&quot;:null,&quot;download_button&quot;:null,&quot;privacy_mode&quot;:null,&quot;premmium_gallery_img_info&quot;:&quot;&quot;,&quot;premium_gallery_img_desc&quot;:&quot;&quot;,&quot;premium_gallery_img_category&quot;:&quot;&quot;,&quot;premium_gallery_lightbox_whole&quot;:&quot;&quot;},{&quot;premium_gallery_img_name&quot;:&quot;Gesti\\u00f3 allotjaments tur\\u00edstics&quot;,&quot;premium_gallery_img&quot;:{&quot;url&quot;:&quot;https:\\\/\\\/www.fpbaixemporda.com\\\/wp-content\\\/uploads\\\/2020\\\/04\\\/Grau-Superior-Gesti\\u00f3-allotjaments-tur\\u00edstics.jpg&quot;,&quot;id&quot;:1352,&quot;size&quot;:&quot;&quot;,&quot;alt&quot;:&quot;Grau Superior - Gesti\\u00f3 allotjaments tur\\u00edstics&quot;,&quot;source&quot;:&quot;library&quot;},&quot;premium_gallery_img_link&quot;:null,&quot;premium_gallery_link_whole&quot;:&quot;yes&quot;,&quot;premium_gallery_img_link_type&quot;:&quot;link&quot;,&quot;premium_gallery_img_existing&quot;:&quot;1342&quot;,&quot;_id&quot;:&quot;c0b6644&quot;,&quot;premium_gallery_image_cell&quot;:{&quot;unit&quot;:&quot;px&quot;,&quot;size&quot;:4,&quot;sizes&quot;:[]},&quot;premium_gallery_image_cell_tablet&quot;:{&quot;unit&quot;:&quot;px&quot;,&quot;size&quot;:&quot;&quot;,&quot;sizes&quot;:[]},&quot;premium_gallery_image_cell_mobile&quot;:{&quot;unit&quot;:&quot;px&quot;,&quot;size&quot;:&quot;&quot;,&quot;sizes&quot;:[]},&quot;premium_gallery_image_vcell&quot;:{&quot;unit&quot;:&quot;px&quot;,&quot;size&quot;:4,&quot;sizes&quot;:[]},&quot;premium_gallery_image_vcell_tablet&quot;:{&quot;unit&quot;:&quot;px&quot;,&quot;size&quot;:&quot;&quot;,&quot;sizes&quot;:[]},&quot;premium_gallery_image_vcell_mobile&quot;:{&quot;unit&quot;:&quot;px&quot;,&quot;size&quot;:&quot;&quot;,&quot;sizes&quot;:[]},&quot;premium_gallery_video&quot;:&quot;&quot;,&quot;premium_gallery_video_type&quot;:null,&quot;premium_gallery_video_url&quot;:null,&quot;premium_gallery_video_self&quot;:null,&quot;premium_gallery_video_self_url&quot;:null,&quot;premium_gallery_video_controls&quot;:null,&quot;premium_gallery_video_mute&quot;:null,&quot;premium_gallery_video_loop&quot;:null,&quot;download_button&quot;:null,&quot;privacy_mode&quot;:null,&quot;premmium_gallery_img_info&quot;:&quot;&quot;,&quot;premium_gallery_img_desc&quot;:&quot;&quot;,&quot;premium_gallery_img_category&quot;:&quot;&quot;,&quot;premium_gallery_lightbox_whole&quot;:&quot;&quot;},{&quot;premium_gallery_img_name&quot;:&quot;Processos i qualitat en ind\\u00fastries aliment\\u00e0ries&quot;,&quot;premium_gallery_img&quot;:{&quot;url&quot;:&quot;https:\\\/\\\/www.fpbaixemporda.com\\\/wp-content\\\/uploads\\\/2023\\\/01\\\/Grau-Superior-Processos-i-qualitat-en-industries-alimentaries.jpg&quot;,&quot;id&quot;:3998,&quot;size&quot;:&quot;&quot;,&quot;alt&quot;:&quot;Grau Superior - Processos i qualitat en ind\\u00fastries aliment\\u00e0ries&quot;,&quot;source&quot;:&quot;library&quot;},&quot;premium_gallery_img_link&quot;:null,&quot;premium_gallery_link_whole&quot;:&quot;yes&quot;,&quot;premium_gallery_img_link_type&quot;:&quot;link&quot;,&quot;premium_gallery_img_existing&quot;:&quot;3995&quot;,&quot;_id&quot;:&quot;e2b990f&quot;,&quot;premium_gallery_image_cell&quot;:{&quot;unit&quot;:&quot;px&quot;,&quot;size&quot;:4,&quot;sizes&quot;:[]},&quot;premium_gallery_image_cell_tablet&quot;:{&quot;unit&quot;:&quot;px&quot;,&quot;size&quot;:&quot;&quot;,&quot;sizes&quot;:[]},&quot;premium_gallery_image_cell_mobile&quot;:{&quot;unit&quot;:&quot;px&quot;,&quot;size&quot;:&quot;&quot;,&quot;sizes&quot;:[]},&quot;premium_gallery_image_vcell&quot;:{&quot;unit&quot;:&quot;px&quot;,&quot;size&quot;:4,&quot;sizes&quot;:[]},&quot;premium_gallery_image_vcell_tablet&quot;:{&quot;unit&quot;:&quot;px&quot;,&quot;size&quot;:&quot;&quot;,&quot;sizes&quot;:[]},&quot;premium_gallery_image_vcell_mobile&quot;:{&quot;unit&quot;:&quot;px&quot;,&quot;size&quot;:&quot;&quot;,&quot;sizes&quot;:[]},&quot;premium_gallery_video&quot;:&quot;&quot;,&quot;premium_gallery_video_type&quot;:null,&quot;premium_gallery_video_url&quot;:null,&quot;premium_gallery_video_self&quot;:null,&quot;premium_gallery_video_self_url&quot;:null,&quot;premium_gallery_video_controls&quot;:null,&quot;premium_gallery_video_mute&quot;:null,&quot;premium_gallery_video_loop&quot;:null,&quot;download_button&quot;:null,&quot;privacy_mode&quot;:null,&quot;premmium_gallery_img_info&quot;:&quot;&quot;,&quot;premium_gallery_img_desc&quot;:&quot;&quot;,&quot;premium_gallery_img_category&quot;:&quot;&quot;,&quot;premium_gallery_lightbox_whole&quot;:&quot;&quot;},{&quot;premium_gallery_img_name&quot;:&quot;Higiene Bucodental&quot;,&quot;premium_gallery_img&quot;:{&quot;url&quot;:&quot;https:\\\/\\\/www.fpbaixemporda.com\\\/wp-content\\\/uploads\\\/2021\\\/04\\\/Grau-Superior-Higiene-bucodental.jpg&quot;,&quot;id&quot;:2486,&quot;size&quot;:&quot;&quot;,&quot;alt&quot;:&quot;FP Baix Empord\\u00e0 | Grau Superior - Higiene bucodental&quot;,&quot;source&quot;:&quot;library&quot;},&quot;premium_gallery_img_link&quot;:null,&quot;premium_gallery_link_whole&quot;:&quot;yes&quot;,&quot;premium_gallery_img_link_type&quot;:&quot;link&quot;,&quot;premium_gallery_img_existing&quot;:&quot;2461&quot;,&quot;_id&quot;:&quot;9deeeb2&quot;,&quot;premium_gallery_image_cell&quot;:{&quot;unit&quot;:&quot;px&quot;,&quot;size&quot;:4,&quot;sizes&quot;:[]},&quot;premium_gallery_image_cell_tablet&quot;:{&quot;unit&quot;:&quot;px&quot;,&quot;size&quot;:&quot;&quot;,&quot;sizes&quot;:[]},&quot;premium_gallery_image_cell_mobile&quot;:{&quot;unit&quot;:&quot;px&quot;,&quot;size&quot;:&quot;&quot;,&quot;sizes&quot;:[]},&quot;premium_gallery_image_vcell&quot;:{&quot;unit&quot;:&quot;px&quot;,&quot;size&quot;:4,&quot;sizes&quot;:[]},&quot;premium_gallery_image_vcell_tablet&quot;:{&quot;unit&quot;:&quot;px&quot;,&quot;size&quot;:&quot;&quot;,&quot;sizes&quot;:[]},&quot;premium_gallery_image_vcell_mobile&quot;:{&quot;unit&quot;:&quot;px&quot;,&quot;size&quot;:&quot;&quot;,&quot;sizes&quot;:[]},&quot;premium_gallery_video&quot;:&quot;&quot;,&quot;premium_gallery_video_type&quot;:null,&quot;premium_gallery_video_url&quot;:null,&quot;premium_gallery_video_self&quot;:null,&quot;premium_gallery_video_self_url&quot;:null,&quot;premium_gallery_video_controls&quot;:null,&quot;premium_gallery_video_mute&quot;:null,&quot;premium_gallery_video_loop&quot;:null,&quot;download_button&quot;:null,&quot;privacy_mode&quot;:null,&quot;premmium_gallery_img_info&quot;:&quot;&quot;,&quot;premium_gallery_img_desc&quot;:&quot;&quot;,&quot;premium_gallery_img_category&quot;:&quot;&quot;,&quot;premium_gallery_lightbox_whole&quot;:&quot;&quot;},{&quot;premium_gallery_img_name&quot;:&quot;M\\u00e0rqueting i Publicitat&quot;,&quot;premium_gallery_img&quot;:{&quot;url&quot;:&quot;https:\\\/\\\/www.fpbaixemporda.com\\\/wp-content\\\/uploads\\\/2023\\\/03\\\/Grau-Superior-Marqueting-i-Publicitat.jpg&quot;,&quot;id&quot;:4373,&quot;size&quot;:&quot;&quot;,&quot;alt&quot;:&quot;Grau Superior - M\\u00e0rqueting i Publicitat&quot;,&quot;source&quot;:&quot;library&quot;},&quot;premium_gallery_img_link&quot;:null,&quot;premium_gallery_link_whole&quot;:&quot;yes&quot;,&quot;premium_gallery_img_link_type&quot;:&quot;link&quot;,&quot;premium_gallery_img_existing&quot;:&quot;4370&quot;,&quot;_id&quot;:&quot;d0ce048&quot;,&quot;premium_gallery_image_cell&quot;:{&quot;unit&quot;:&quot;px&quot;,&quot;size&quot;:4,&quot;sizes&quot;:[]},&quot;premium_gallery_image_cell_tablet&quot;:{&quot;unit&quot;:&quot;px&quot;,&quot;size&quot;:&quot;&quot;,&quot;sizes&quot;:[]},&quot;premium_gallery_image_cell_mobile&quot;:{&quot;unit&quot;:&quot;px&quot;,&quot;size&quot;:&quot;&quot;,&quot;sizes&quot;:[]},&quot;premium_gallery_image_vcell&quot;:{&quot;unit&quot;:&quot;px&quot;,&quot;size&quot;:4,&quot;sizes&quot;:[]},&quot;premium_gallery_image_vcell_tablet&quot;:{&quot;unit&quot;:&quot;px&quot;,&quot;size&quot;:&quot;&quot;,&quot;sizes&quot;:[]},&quot;premium_gallery_image_vcell_mobile&quot;:{&quot;unit&quot;:&quot;px&quot;,&quot;size&quot;:&quot;&quot;,&quot;sizes&quot;:[]},&quot;premium_gallery_video&quot;:&quot;&quot;,&quot;premium_gallery_video_type&quot;:null,&quot;premium_gallery_video_url&quot;:null,&quot;premium_gallery_video_self&quot;:null,&quot;premium_gallery_video_self_url&quot;:null,&quot;premium_gallery_video_controls&quot;:null,&quot;premium_gallery_video_mute&quot;:null,&quot;premium_gallery_video_loop&quot;:null,&quot;download_button&quot;:null,&quot;privacy_mode&quot;:null,&quot;premmium_gallery_img_info&quot;:&quot;&quot;,&quot;premium_gallery_img_desc&quot;:&quot;&quot;,&quot;premium_gallery_img_category&quot;:&quot;&quot;,&quot;premium_gallery_lightbox_whole&quot;:&quot;&quot;},{&quot;premium_gallery_img_name&quot;:&quot;Arts pl\\u00e0stiques i disseny en art floral&quot;,&quot;premium_gallery_img&quot;:{&quot;url&quot;:&quot;https:\\\/\\\/www.fpbaixemporda.com\\\/wp-content\\\/uploads\\\/2025\\\/05\\\/Grau-Superior-Arts-plastiques-i-disseny-en-art-floral.jpg&quot;,&quot;id&quot;:5202,&quot;size&quot;:&quot;&quot;,&quot;alt&quot;:&quot;Grau Superior - Arts pl\\u00e0stiques i disseny en art floral&quot;,&quot;source&quot;:&quot;library&quot;},&quot;premium_gallery_img_link&quot;:null,&quot;premium_gallery_link_whole&quot;:&quot;yes&quot;,&quot;premium_gallery_img_link_type&quot;:&quot;link&quot;,&quot;premium_gallery_img_existing&quot;:&quot;5195&quot;,&quot;_id&quot;:&quot;2921807&quot;,&quot;premium_gallery_image_cell&quot;:{&quot;unit&quot;:&quot;px&quot;,&quot;size&quot;:4,&quot;sizes&quot;:[]},&quot;premium_gallery_image_cell_tablet&quot;:{&quot;unit&quot;:&quot;px&quot;,&quot;size&quot;:&quot;&quot;,&quot;sizes&quot;:[]},&quot;premium_gallery_image_cell_mobile&quot;:{&quot;unit&quot;:&quot;px&quot;,&quot;size&quot;:&quot;&quot;,&quot;sizes&quot;:[]},&quot;premium_gallery_image_vcell&quot;:{&quot;unit&quot;:&quot;px&quot;,&quot;size&quot;:4,&quot;sizes&quot;:[]},&quot;premium_gallery_image_vcell_tablet&quot;:{&quot;unit&quot;:&quot;px&quot;,&quot;size&quot;:&quot;&quot;,&quot;sizes&quot;:[]},&quot;premium_gallery_image_vcell_mobile&quot;:{&quot;unit&quot;:&quot;px&quot;,&quot;size&quot;:&quot;&quot;,&quot;sizes&quot;:[]},&quot;premium_gallery_video&quot;:&quot;&quot;,&quot;premium_gallery_video_type&quot;:null,&quot;premium_gallery_video_url&quot;:null,&quot;premium_gallery_video_self&quot;:null,&quot;premium_gallery_video_self_url&quot;:null,&quot;premium_gallery_video_controls&quot;:null,&quot;premium_gallery_video_mute&quot;:null,&quot;premium_gallery_video_loop&quot;:null,&quot;download_button&quot;:null,&quot;privacy_mode&quot;:null,&quot;premmium_gallery_img_info&quot;:&quot;&quot;,&quot;premium_gallery_img_desc&quot;:&quot;&quot;,&quot;premium_gallery_img_category&quot;:&quot;&quot;,&quot;premium_gallery_lightbox_whole&quot;:&quot;&quot;},{&quot;premium_gallery_img_name&quot;:&quot;Ensenyament i animaci\\u00f3 socioesportiva&quot;,&quot;premium_gallery_img&quot;:{&quot;url&quot;:&quot;https:\\\/\\\/www.fpbaixemporda.com\\\/wp-content\\\/uploads\\\/2026\\\/04\\\/Grau-Superior-Ensenyament-i-animacio-socioesportiva.jpg&quot;,&quot;id&quot;:5657,&quot;size&quot;:&quot;&quot;,&quot;alt&quot;:&quot;Grau Superior - Ensenyament i animaci\\u00f3 socioesportiva&quot;,&quot;source&quot;:&quot;library&quot;},&quot;premium_gallery_img_link&quot;:null,&quot;premium_gallery_link_whole&quot;:&quot;yes&quot;,&quot;premium_gallery_img_link_type&quot;:&quot;link&quot;,&quot;premium_gallery_img_existing&quot;:&quot;5645&quot;,&quot;_id&quot;:&quot;dab75ac&quot;,&quot;premium_gallery_image_cell&quot;:{&quot;unit&quot;:&quot;px&quot;,&quot;size&quot;:4,&quot;sizes&quot;:[]},&quot;premium_gallery_image_cell_tablet&quot;:{&quot;unit&quot;:&quot;px&quot;,&quot;size&quot;:&quot;&quot;,&quot;sizes&quot;:[]},&quot;premium_gallery_image_cell_mobile&quot;:{&quot;unit&quot;:&quot;px&quot;,&quot;size&quot;:&quot;&quot;,&quot;sizes&quot;:[]},&quot;premium_gallery_image_vcell&quot;:{&quot;unit&quot;:&quot;px&quot;,&quot;size&quot;:4,&quot;sizes&quot;:[]},&quot;premium_gallery_image_vcell_tablet&quot;:{&quot;unit&quot;:&quot;px&quot;,&quot;size&quot;:&quot;&quot;,&quot;sizes&quot;:[]},&quot;premium_gallery_image_vcell_mobile&quot;:{&quot;unit&quot;:&quot;px&quot;,&quot;size&quot;:&quot;&quot;,&quot;sizes&quot;:[]},&quot;premium_gallery_video&quot;:&quot;&quot;,&quot;premium_gallery_video_type&quot;:null,&quot;premium_gallery_video_url&quot;:null,&quot;premium_gallery_video_self&quot;:null,&quot;premium_gallery_video_self_url&quot;:null,&quot;premium_gallery_video_controls&quot;:null,&quot;premium_gallery_video_mute&quot;:null,&quot;premium_gallery_video_loop&quot;:null,&quot;download_button&quot;:null,&quot;privacy_mode&quot;:null,&quot;premmium_gallery_img_info&quot;:&quot;&quot;,&quot;premium_gallery_img_desc&quot;:&quot;&quot;,&quot;premium_gallery_img_category&quot;:&quot;&quot;,&quot;premium_gallery_lightbox_whole&quot;:&quot;&quot;}]}\" data-widget_type=\"premium-img-gallery.default\">\n\t\t\t\t\t\n\t<div class=\"premium-img-gallery-no-lightbox elementor-invisible premium-img-gallery premium-img-gallery-fitRows scale premium-gallery-icon-show\" id=\"premium-img-gallery-c30cbdd\">\n\t\t\n\t\t<div class=\"premium-gallery-container\" data-settings=\"{&quot;img_size&quot;:&quot;fitRows&quot;,&quot;filter&quot;:&quot;&quot;,&quot;theme&quot;:null,&quot;active_cat&quot;:&quot;*&quot;,&quot;ltr_mode&quot;:true,&quot;shuffle&quot;:false,&quot;sort_by&quot;:&quot;random&quot;,&quot;skin&quot;:&quot;default&quot;}\">\n\n\t\t\t\t\t\t\t<div class=\"premium-gallery-item elementor-repeater-item-d5ad85e \">\n\t\t\t\t<div class=\"pa-gallery-img default\" onclick=\"\">\n\t\t\t\t\t<div class=\"pa-gallery-img-container\">\n\t\t\t\t\t\t\t\t<img fetchpriority=\"high\" decoding=\"async\" width=\"660\" height=\"440\" src=\"https:\/\/www.fpbaixemporda.com\/wp-content\/uploads\/2020\/03\/Grau-Superior-Administraci\u00f3-i-finances.jpg\" class=\"attachment-full size-full wp-image-926\" alt=\"FP Baix Empord\u00e0 | Grau Superior - Administraci\u00f3 i finances\" srcset=\"https:\/\/www.fpbaixemporda.com\/wp-content\/uploads\/2020\/03\/Grau-Superior-Administraci\u00f3-i-finances.jpg 660w, https:\/\/www.fpbaixemporda.com\/wp-content\/uploads\/2020\/03\/Grau-Superior-Administraci\u00f3-i-finances-300x200.jpg 300w\" sizes=\"(max-width: 660px) 100vw, 660px\" \/>\t\t\t\t\t\t\t<\/div>\n\t\t\t\t\t\t\t\t\t\t\t\t<div class=\"pa-gallery-icons-wrapper\">\n\t\t\t\t\t\t\t\t<div class=\"pa-gallery-icons-inner-container\">\n\t\t\t\t\t\t\t\t\t\t\t\t\t\t\t\t\t<\/div>\n\t\t\t\t\t\t\t<\/div>\n\t\t\t\t\t\t\t\t\t\t<div class=\"premium-gallery-caption\">\n\n\t\t\t\t\t\t\t\t\t<span class=\"premium-gallery-img-name\">Administraci\u00f3 i finances<\/span>\n\t\t\t\t\t\n\t\t\t<\/div>\n\t\t\t\t\t\t\t\t\t\t<a class=\"pa-gallery-whole-link\" href=\"https:\/\/www.fpbaixemporda.com\/es\/cf-grau-superior\/administracio-i-finances\/\">\n\t\t\t\t\t\t\t\t<span>\n\t\t\t\t\t\t\t\t\tAdministraci\u00f3 i finances\t\t\t\t\t\t\t\t<\/span>\n\t\t\t\t\t\t\t<\/a>\n\t\t\t\t\t\t\t\t\t\t\t<\/div>\n\t\t\t<\/div>\n\t\t\t\t\t\t\t<div class=\"premium-gallery-item elementor-repeater-item-95e525b \">\n\t\t\t\t<div class=\"pa-gallery-img default\" onclick=\"\">\n\t\t\t\t\t<div class=\"pa-gallery-img-container\">\n\t\t\t\t\t\t\t\t<img decoding=\"async\" width=\"660\" height=\"440\" src=\"https:\/\/www.fpbaixemporda.com\/wp-content\/uploads\/2020\/03\/Grau-Superior-Desenvolupament-aplicacions-multiplataforma.jpg\" class=\"attachment-full size-full wp-image-928\" alt=\"FP Baix Empord\u00e0 | Grau Superior - Desenvolupament aplicacions multiplataforma\" srcset=\"https:\/\/www.fpbaixemporda.com\/wp-content\/uploads\/2020\/03\/Grau-Superior-Desenvolupament-aplicacions-multiplataforma.jpg 660w, https:\/\/www.fpbaixemporda.com\/wp-content\/uploads\/2020\/03\/Grau-Superior-Desenvolupament-aplicacions-multiplataforma-300x200.jpg 300w\" sizes=\"(max-width: 660px) 100vw, 660px\" \/>\t\t\t\t\t\t\t<\/div>\n\t\t\t\t\t\t\t\t\t\t\t\t<div class=\"pa-gallery-icons-wrapper\">\n\t\t\t\t\t\t\t\t<div class=\"pa-gallery-icons-inner-container\">\n\t\t\t\t\t\t\t\t\t\t\t\t\t\t\t\t\t<\/div>\n\t\t\t\t\t\t\t<\/div>\n\t\t\t\t\t\t\t\t\t\t<div class=\"premium-gallery-caption\">\n\n\t\t\t\t\t\t\t\t\t<span class=\"premium-gallery-img-name\">Desenvolupament aplicacions multiplataforma i aplicacions web<\/span>\n\t\t\t\t\t\n\t\t\t<\/div>\n\t\t\t\t\t\t\t\t\t\t<a class=\"pa-gallery-whole-link\" href=\"https:\/\/www.fpbaixemporda.com\/es\/cf-grau-superior\/desenvolupament-aplicacions-multiplataforma\/\">\n\t\t\t\t\t\t\t\t<span>\n\t\t\t\t\t\t\t\t\tDesenvolupament aplicacions multiplataforma i aplicacions web\t\t\t\t\t\t\t\t<\/span>\n\t\t\t\t\t\t\t<\/a>\n\t\t\t\t\t\t\t\t\t\t\t<\/div>\n\t\t\t<\/div>\n\t\t\t\t\t\t\t<div class=\"premium-gallery-item elementor-repeater-item-38227f0 \">\n\t\t\t\t<div class=\"pa-gallery-img default\" onclick=\"\">\n\t\t\t\t\t<div class=\"pa-gallery-img-container\">\n\t\t\t\t\t\t\t\t<img decoding=\"async\" width=\"660\" height=\"440\" src=\"https:\/\/www.fpbaixemporda.com\/wp-content\/uploads\/2020\/03\/Grau-Superior-Direcci\u00f3-de-cuina.jpg\" class=\"attachment-full size-full wp-image-930\" alt=\"FP Baix Empord\u00e0 | Grau Superior - Direcci\u00f3 de cuina\" srcset=\"https:\/\/www.fpbaixemporda.com\/wp-content\/uploads\/2020\/03\/Grau-Superior-Direcci\u00f3-de-cuina.jpg 660w, https:\/\/www.fpbaixemporda.com\/wp-content\/uploads\/2020\/03\/Grau-Superior-Direcci\u00f3-de-cuina-300x200.jpg 300w\" sizes=\"(max-width: 660px) 100vw, 660px\" \/>\t\t\t\t\t\t\t<\/div>\n\t\t\t\t\t\t\t\t\t\t\t\t<div class=\"pa-gallery-icons-wrapper\">\n\t\t\t\t\t\t\t\t<div class=\"pa-gallery-icons-inner-container\">\n\t\t\t\t\t\t\t\t\t\t\t\t\t\t\t\t\t<\/div>\n\t\t\t\t\t\t\t<\/div>\n\t\t\t\t\t\t\t\t\t\t<div class=\"premium-gallery-caption\">\n\n\t\t\t\t\t\t\t\t\t<span class=\"premium-gallery-img-name\">Direcci\u00f3 de cuina<\/span>\n\t\t\t\t\t\n\t\t\t<\/div>\n\t\t\t\t\t\t\t\t\t\t<a class=\"pa-gallery-whole-link\" href=\"https:\/\/www.fpbaixemporda.com\/es\/cf-grau-superior\/direccio-de-cuina\/\">\n\t\t\t\t\t\t\t\t<span>\n\t\t\t\t\t\t\t\t\tDirecci\u00f3 de cuina\t\t\t\t\t\t\t\t<\/span>\n\t\t\t\t\t\t\t<\/a>\n\t\t\t\t\t\t\t\t\t\t\t<\/div>\n\t\t\t<\/div>\n\t\t\t\t\t\t\t<div class=\"premium-gallery-item elementor-repeater-item-14f6ba2 \">\n\t\t\t\t<div class=\"pa-gallery-img default\" onclick=\"\">\n\t\t\t\t\t<div class=\"pa-gallery-img-container\">\n\t\t\t\t\t\t\t\t<img loading=\"lazy\" decoding=\"async\" width=\"660\" height=\"440\" src=\"https:\/\/www.fpbaixemporda.com\/wp-content\/uploads\/2020\/03\/Grau-Superior-Educaci\u00f3-infantil.jpg\" class=\"attachment-full size-full wp-image-933\" alt=\"\" srcset=\"https:\/\/www.fpbaixemporda.com\/wp-content\/uploads\/2020\/03\/Grau-Superior-Educaci\u00f3-infantil.jpg 660w, https:\/\/www.fpbaixemporda.com\/wp-content\/uploads\/2020\/03\/Grau-Superior-Educaci\u00f3-infantil-300x200.jpg 300w\" sizes=\"(max-width: 660px) 100vw, 660px\" \/>\t\t\t\t\t\t\t<\/div>\n\t\t\t\t\t\t\t\t\t\t\t\t<div class=\"pa-gallery-icons-wrapper\">\n\t\t\t\t\t\t\t\t<div class=\"pa-gallery-icons-inner-container\">\n\t\t\t\t\t\t\t\t\t\t\t\t\t\t\t\t\t<\/div>\n\t\t\t\t\t\t\t<\/div>\n\t\t\t\t\t\t\t\t\t\t<div class=\"premium-gallery-caption\">\n\n\t\t\t\t\t\t\t\t\t<span class=\"premium-gallery-img-name\">Educaci\u00f3 infantil<\/span>\n\t\t\t\t\t\n\t\t\t<\/div>\n\t\t\t\t\t\t\t\t\t\t<a class=\"pa-gallery-whole-link\" href=\"https:\/\/www.fpbaixemporda.com\/es\/cf-grau-superior\/educacio-infantil\/\">\n\t\t\t\t\t\t\t\t<span>\n\t\t\t\t\t\t\t\t\tEducaci\u00f3 infantil\t\t\t\t\t\t\t\t<\/span>\n\t\t\t\t\t\t\t<\/a>\n\t\t\t\t\t\t\t\t\t\t\t<\/div>\n\t\t\t<\/div>\n\t\t\t\t\t\t\t<div class=\"premium-gallery-item elementor-repeater-item-6839ac0 \">\n\t\t\t\t<div class=\"pa-gallery-img default\" onclick=\"\">\n\t\t\t\t\t<div class=\"pa-gallery-img-container\">\n\t\t\t\t\t\t\t\t<img loading=\"lazy\" decoding=\"async\" width=\"660\" height=\"440\" src=\"https:\/\/www.fpbaixemporda.com\/wp-content\/uploads\/2020\/03\/Grau-Superior-Integraci\u00f3-social.jpg\" class=\"attachment-full size-full wp-image-937\" alt=\"FP Baix Empord\u00e0 | Grau Superior - Integraci\u00f3 social\" srcset=\"https:\/\/www.fpbaixemporda.com\/wp-content\/uploads\/2020\/03\/Grau-Superior-Integraci\u00f3-social.jpg 660w, https:\/\/www.fpbaixemporda.com\/wp-content\/uploads\/2020\/03\/Grau-Superior-Integraci\u00f3-social-300x200.jpg 300w\" sizes=\"(max-width: 660px) 100vw, 660px\" \/>\t\t\t\t\t\t\t<\/div>\n\t\t\t\t\t\t\t\t\t\t\t\t<div class=\"pa-gallery-icons-wrapper\">\n\t\t\t\t\t\t\t\t<div class=\"pa-gallery-icons-inner-container\">\n\t\t\t\t\t\t\t\t\t\t\t\t\t\t\t\t\t<\/div>\n\t\t\t\t\t\t\t<\/div>\n\t\t\t\t\t\t\t\t\t\t<div class=\"premium-gallery-caption\">\n\n\t\t\t\t\t\t\t\t\t<span class=\"premium-gallery-img-name\">Integraci\u00f3 social<\/span>\n\t\t\t\t\t\n\t\t\t<\/div>\n\t\t\t\t\t\t\t\t\t\t<a class=\"pa-gallery-whole-link\" href=\"https:\/\/www.fpbaixemporda.com\/es\/cf-grau-superior\/integracio-social\/\">\n\t\t\t\t\t\t\t\t<span>\n\t\t\t\t\t\t\t\t\tIntegraci\u00f3 social\t\t\t\t\t\t\t\t<\/span>\n\t\t\t\t\t\t\t<\/a>\n\t\t\t\t\t\t\t\t\t\t\t<\/div>\n\t\t\t<\/div>\n\t\t\t\t\t\t\t<div class=\"premium-gallery-item elementor-repeater-item-c6220ab \">\n\t\t\t\t<div class=\"pa-gallery-img default\" onclick=\"\">\n\t\t\t\t\t<div class=\"pa-gallery-img-container\">\n\t\t\t\t\t\t\t\t<img loading=\"lazy\" decoding=\"async\" width=\"660\" height=\"440\" src=\"https:\/\/www.fpbaixemporda.com\/wp-content\/uploads\/2020\/03\/Grau-Superior-Sistemes-el\u00e8ctrics-i-automatitzats.jpg\" class=\"attachment-full size-full wp-image-940\" alt=\"FP Baix Empord\u00e0 | Grau Superior - Sistemes electrot\u00e8cnics i automatitzats\" srcset=\"https:\/\/www.fpbaixemporda.com\/wp-content\/uploads\/2020\/03\/Grau-Superior-Sistemes-el\u00e8ctrics-i-automatitzats.jpg 660w, https:\/\/www.fpbaixemporda.com\/wp-content\/uploads\/2020\/03\/Grau-Superior-Sistemes-el\u00e8ctrics-i-automatitzats-300x200.jpg 300w\" sizes=\"(max-width: 660px) 100vw, 660px\" \/>\t\t\t\t\t\t\t<\/div>\n\t\t\t\t\t\t\t\t\t\t\t\t<div class=\"pa-gallery-icons-wrapper\">\n\t\t\t\t\t\t\t\t<div class=\"pa-gallery-icons-inner-container\">\n\t\t\t\t\t\t\t\t\t\t\t\t\t\t\t\t\t<\/div>\n\t\t\t\t\t\t\t<\/div>\n\t\t\t\t\t\t\t\t\t\t<div class=\"premium-gallery-caption\">\n\n\t\t\t\t\t\t\t\t\t<span class=\"premium-gallery-img-name\">Sistemes electrot\u00e8cnics i automatitzats<\/span>\n\t\t\t\t\t\n\t\t\t<\/div>\n\t\t\t\t\t\t\t\t\t\t<a class=\"pa-gallery-whole-link\" href=\"https:\/\/www.fpbaixemporda.com\/es\/cf-grau-superior\/sistemes-electrotecnics-i-automatitzats\/\">\n\t\t\t\t\t\t\t\t<span>\n\t\t\t\t\t\t\t\t\tSistemes electrot\u00e8cnics i automatitzats\t\t\t\t\t\t\t\t<\/span>\n\t\t\t\t\t\t\t<\/a>\n\t\t\t\t\t\t\t\t\t\t\t<\/div>\n\t\t\t<\/div>\n\t\t\t\t\t\t\t<div class=\"premium-gallery-item elementor-repeater-item-c0b6644 \">\n\t\t\t\t<div class=\"pa-gallery-img default\" onclick=\"\">\n\t\t\t\t\t<div class=\"pa-gallery-img-container\">\n\t\t\t\t\t\t\t\t<img loading=\"lazy\" decoding=\"async\" width=\"660\" height=\"440\" src=\"https:\/\/www.fpbaixemporda.com\/wp-content\/uploads\/2020\/04\/Grau-Superior-Gesti\u00f3-allotjaments-tur\u00edstics.jpg\" class=\"attachment-full size-full wp-image-1352\" alt=\"Grau Superior - Gesti\u00f3 allotjaments tur\u00edstics\" srcset=\"https:\/\/www.fpbaixemporda.com\/wp-content\/uploads\/2020\/04\/Grau-Superior-Gesti\u00f3-allotjaments-tur\u00edstics.jpg 660w, https:\/\/www.fpbaixemporda.com\/wp-content\/uploads\/2020\/04\/Grau-Superior-Gesti\u00f3-allotjaments-tur\u00edstics-300x200.jpg 300w\" sizes=\"(max-width: 660px) 100vw, 660px\" \/>\t\t\t\t\t\t\t<\/div>\n\t\t\t\t\t\t\t\t\t\t\t\t<div class=\"pa-gallery-icons-wrapper\">\n\t\t\t\t\t\t\t\t<div class=\"pa-gallery-icons-inner-container\">\n\t\t\t\t\t\t\t\t\t\t\t\t\t\t\t\t\t<\/div>\n\t\t\t\t\t\t\t<\/div>\n\t\t\t\t\t\t\t\t\t\t<div class=\"premium-gallery-caption\">\n\n\t\t\t\t\t\t\t\t\t<span class=\"premium-gallery-img-name\">Gesti\u00f3 allotjaments tur\u00edstics<\/span>\n\t\t\t\t\t\n\t\t\t<\/div>\n\t\t\t\t\t\t\t\t\t\t<a class=\"pa-gallery-whole-link\" href=\"https:\/\/www.fpbaixemporda.com\/es\/cf-grau-superior\/gestio-allotjaments-turistics\/\">\n\t\t\t\t\t\t\t\t<span>\n\t\t\t\t\t\t\t\t\tGesti\u00f3 allotjaments tur\u00edstics\t\t\t\t\t\t\t\t<\/span>\n\t\t\t\t\t\t\t<\/a>\n\t\t\t\t\t\t\t\t\t\t\t<\/div>\n\t\t\t<\/div>\n\t\t\t\t\t\t\t<div class=\"premium-gallery-item elementor-repeater-item-e2b990f \">\n\t\t\t\t<div class=\"pa-gallery-img default\" onclick=\"\">\n\t\t\t\t\t<div class=\"pa-gallery-img-container\">\n\t\t\t\t\t\t\t\t<img loading=\"lazy\" decoding=\"async\" width=\"660\" height=\"440\" src=\"https:\/\/www.fpbaixemporda.com\/wp-content\/uploads\/2023\/01\/Grau-Superior-Processos-i-qualitat-en-industries-alimentaries.jpg\" class=\"attachment-full size-full wp-image-3998\" alt=\"Grau Superior - Processos i qualitat en ind\u00fastries aliment\u00e0ries\" srcset=\"https:\/\/www.fpbaixemporda.com\/wp-content\/uploads\/2023\/01\/Grau-Superior-Processos-i-qualitat-en-industries-alimentaries.jpg 660w, https:\/\/www.fpbaixemporda.com\/wp-content\/uploads\/2023\/01\/Grau-Superior-Processos-i-qualitat-en-industries-alimentaries-300x200.jpg 300w\" sizes=\"(max-width: 660px) 100vw, 660px\" \/>\t\t\t\t\t\t\t<\/div>\n\t\t\t\t\t\t\t\t\t\t\t\t<div class=\"pa-gallery-icons-wrapper\">\n\t\t\t\t\t\t\t\t<div class=\"pa-gallery-icons-inner-container\">\n\t\t\t\t\t\t\t\t\t\t\t\t\t\t\t\t\t<\/div>\n\t\t\t\t\t\t\t<\/div>\n\t\t\t\t\t\t\t\t\t\t<div class=\"premium-gallery-caption\">\n\n\t\t\t\t\t\t\t\t\t<span class=\"premium-gallery-img-name\">Processos i qualitat en ind\u00fastries aliment\u00e0ries<\/span>\n\t\t\t\t\t\n\t\t\t<\/div>\n\t\t\t\t\t\t\t\t\t\t<a class=\"pa-gallery-whole-link\" href=\"https:\/\/www.fpbaixemporda.com\/es\/cf-grau-superior\/processos-i-qualitat-en-industries-alimentaries\/\">\n\t\t\t\t\t\t\t\t<span>\n\t\t\t\t\t\t\t\t\tProcessos i qualitat en ind\u00fastries aliment\u00e0ries\t\t\t\t\t\t\t\t<\/span>\n\t\t\t\t\t\t\t<\/a>\n\t\t\t\t\t\t\t\t\t\t\t<\/div>\n\t\t\t<\/div>\n\t\t\t\t\t\t\t<div class=\"premium-gallery-item elementor-repeater-item-9deeeb2 \">\n\t\t\t\t<div class=\"pa-gallery-img default\" onclick=\"\">\n\t\t\t\t\t<div class=\"pa-gallery-img-container\">\n\t\t\t\t\t\t\t\t<img loading=\"lazy\" decoding=\"async\" width=\"660\" height=\"440\" src=\"https:\/\/www.fpbaixemporda.com\/wp-content\/uploads\/2021\/04\/Grau-Superior-Higiene-bucodental.jpg\" class=\"attachment-full size-full wp-image-2486\" alt=\"FP Baix Empord\u00e0 | Grau Superior - Higiene bucodental\" srcset=\"https:\/\/www.fpbaixemporda.com\/wp-content\/uploads\/2021\/04\/Grau-Superior-Higiene-bucodental.jpg 660w, https:\/\/www.fpbaixemporda.com\/wp-content\/uploads\/2021\/04\/Grau-Superior-Higiene-bucodental-300x200.jpg 300w\" sizes=\"(max-width: 660px) 100vw, 660px\" \/>\t\t\t\t\t\t\t<\/div>\n\t\t\t\t\t\t\t\t\t\t\t\t<div class=\"pa-gallery-icons-wrapper\">\n\t\t\t\t\t\t\t\t<div class=\"pa-gallery-icons-inner-container\">\n\t\t\t\t\t\t\t\t\t\t\t\t\t\t\t\t\t<\/div>\n\t\t\t\t\t\t\t<\/div>\n\t\t\t\t\t\t\t\t\t\t<div class=\"premium-gallery-caption\">\n\n\t\t\t\t\t\t\t\t\t<span class=\"premium-gallery-img-name\">Higiene Bucodental<\/span>\n\t\t\t\t\t\n\t\t\t<\/div>\n\t\t\t\t\t\t\t\t\t\t<a class=\"pa-gallery-whole-link\" href=\"https:\/\/www.fpbaixemporda.com\/es\/cf-grau-superior\/higiene-bucodental\/\">\n\t\t\t\t\t\t\t\t<span>\n\t\t\t\t\t\t\t\t\tHigiene Bucodental\t\t\t\t\t\t\t\t<\/span>\n\t\t\t\t\t\t\t<\/a>\n\t\t\t\t\t\t\t\t\t\t\t<\/div>\n\t\t\t<\/div>\n\t\t\t\t\t\t\t<div class=\"premium-gallery-item elementor-repeater-item-d0ce048 \">\n\t\t\t\t<div class=\"pa-gallery-img default\" onclick=\"\">\n\t\t\t\t\t<div class=\"pa-gallery-img-container\">\n\t\t\t\t\t\t\t\t<img loading=\"lazy\" decoding=\"async\" width=\"660\" height=\"440\" src=\"https:\/\/www.fpbaixemporda.com\/wp-content\/uploads\/2023\/03\/Grau-Superior-Marqueting-i-Publicitat.jpg\" class=\"attachment-full size-full wp-image-4373\" alt=\"Grau Superior - M\u00e0rqueting i Publicitat\" srcset=\"https:\/\/www.fpbaixemporda.com\/wp-content\/uploads\/2023\/03\/Grau-Superior-Marqueting-i-Publicitat.jpg 660w, https:\/\/www.fpbaixemporda.com\/wp-content\/uploads\/2023\/03\/Grau-Superior-Marqueting-i-Publicitat-300x200.jpg 300w\" sizes=\"(max-width: 660px) 100vw, 660px\" \/>\t\t\t\t\t\t\t<\/div>\n\t\t\t\t\t\t\t\t\t\t\t\t<div class=\"pa-gallery-icons-wrapper\">\n\t\t\t\t\t\t\t\t<div class=\"pa-gallery-icons-inner-container\">\n\t\t\t\t\t\t\t\t\t\t\t\t\t\t\t\t\t<\/div>\n\t\t\t\t\t\t\t<\/div>\n\t\t\t\t\t\t\t\t\t\t<div class=\"premium-gallery-caption\">\n\n\t\t\t\t\t\t\t\t\t<span class=\"premium-gallery-img-name\">M\u00e0rqueting i Publicitat<\/span>\n\t\t\t\t\t\n\t\t\t<\/div>\n\t\t\t\t\t\t\t\t\t\t<a class=\"pa-gallery-whole-link\" href=\"https:\/\/www.fpbaixemporda.com\/es\/cf-grau-superior\/marqueting-i-publicitat\/\">\n\t\t\t\t\t\t\t\t<span>\n\t\t\t\t\t\t\t\t\tM\u00e0rqueting i Publicitat\t\t\t\t\t\t\t\t<\/span>\n\t\t\t\t\t\t\t<\/a>\n\t\t\t\t\t\t\t\t\t\t\t<\/div>\n\t\t\t<\/div>\n\t\t\t\t\t\t\t<div class=\"premium-gallery-item elementor-repeater-item-2921807 \">\n\t\t\t\t<div class=\"pa-gallery-img default\" onclick=\"\">\n\t\t\t\t\t<div class=\"pa-gallery-img-container\">\n\t\t\t\t\t\t\t\t<img loading=\"lazy\" decoding=\"async\" width=\"660\" height=\"440\" src=\"https:\/\/www.fpbaixemporda.com\/wp-content\/uploads\/2025\/05\/Grau-Superior-Arts-plastiques-i-disseny-en-art-floral.jpg\" class=\"attachment-full size-full wp-image-5202\" alt=\"Grau Superior - Arts pl\u00e0stiques i disseny en art floral\" srcset=\"https:\/\/www.fpbaixemporda.com\/wp-content\/uploads\/2025\/05\/Grau-Superior-Arts-plastiques-i-disseny-en-art-floral.jpg 660w, https:\/\/www.fpbaixemporda.com\/wp-content\/uploads\/2025\/05\/Grau-Superior-Arts-plastiques-i-disseny-en-art-floral-300x200.jpg 300w\" sizes=\"(max-width: 660px) 100vw, 660px\" \/>\t\t\t\t\t\t\t<\/div>\n\t\t\t\t\t\t\t\t\t\t\t\t<div class=\"pa-gallery-icons-wrapper\">\n\t\t\t\t\t\t\t\t<div class=\"pa-gallery-icons-inner-container\">\n\t\t\t\t\t\t\t\t\t\t\t\t\t\t\t\t\t<\/div>\n\t\t\t\t\t\t\t<\/div>\n\t\t\t\t\t\t\t\t\t\t<div class=\"premium-gallery-caption\">\n\n\t\t\t\t\t\t\t\t\t<span class=\"premium-gallery-img-name\">Arts pl\u00e0stiques i disseny en art floral<\/span>\n\t\t\t\t\t\n\t\t\t<\/div>\n\t\t\t\t\t\t\t\t\t\t<a class=\"pa-gallery-whole-link\" href=\"https:\/\/www.fpbaixemporda.com\/es\/cf-grau-superior\/arts-plastiques-i-disseny-en-art-floral\/\">\n\t\t\t\t\t\t\t\t<span>\n\t\t\t\t\t\t\t\t\tArts pl\u00e0stiques i disseny en art floral\t\t\t\t\t\t\t\t<\/span>\n\t\t\t\t\t\t\t<\/a>\n\t\t\t\t\t\t\t\t\t\t\t<\/div>\n\t\t\t<\/div>\n\t\t\t\t\t\t\t<div class=\"premium-gallery-item elementor-repeater-item-dab75ac \">\n\t\t\t\t<div class=\"pa-gallery-img default\" onclick=\"\">\n\t\t\t\t\t<div class=\"pa-gallery-img-container\">\n\t\t\t\t\t\t\t\t<img loading=\"lazy\" decoding=\"async\" width=\"660\" height=\"440\" src=\"https:\/\/www.fpbaixemporda.com\/wp-content\/uploads\/2026\/04\/Grau-Superior-Ensenyament-i-animacio-socioesportiva.jpg\" class=\"attachment-full size-full wp-image-5657\" alt=\"\" srcset=\"https:\/\/www.fpbaixemporda.com\/wp-content\/uploads\/2026\/04\/Grau-Superior-Ensenyament-i-animacio-socioesportiva.jpg 660w, https:\/\/www.fpbaixemporda.com\/wp-content\/uploads\/2026\/04\/Grau-Superior-Ensenyament-i-animacio-socioesportiva-300x200.jpg 300w, https:\/\/www.fpbaixemporda.com\/wp-content\/uploads\/2026\/04\/Grau-Superior-Ensenyament-i-animacio-socioesportiva-18x12.jpg 18w\" sizes=\"(max-width: 660px) 100vw, 660px\" \/>\t\t\t\t\t\t\t<\/div>\n\t\t\t\t\t\t\t\t\t\t\t\t<div class=\"pa-gallery-icons-wrapper\">\n\t\t\t\t\t\t\t\t<div class=\"pa-gallery-icons-inner-container\">\n\t\t\t\t\t\t\t\t\t\t\t\t\t\t\t\t\t<\/div>\n\t\t\t\t\t\t\t<\/div>\n\t\t\t\t\t\t\t\t\t\t<div class=\"premium-gallery-caption\">\n\n\t\t\t\t\t\t\t\t\t<span class=\"premium-gallery-img-name\">Ensenyament i animaci\u00f3 socioesportiva<\/span>\n\t\t\t\t\t\n\t\t\t<\/div>\n\t\t\t\t\t\t\t\t\t\t<a class=\"pa-gallery-whole-link\" href=\"https:\/\/www.fpbaixemporda.com\/es\/cf-grau-superior\/ensenyament-i-animacio-socioesportiva\/\">\n\t\t\t\t\t\t\t\t<span>\n\t\t\t\t\t\t\t\t\tEnsenyament i animaci\u00f3 socioesportiva\t\t\t\t\t\t\t\t<\/span>\n\t\t\t\t\t\t\t<\/a>\n\t\t\t\t\t\t\t\t\t\t\t<\/div>\n\t\t\t<\/div>\n\t\t\t\n\t\t\t\t\t<\/div>\n\n\t\t\n\t<\/div>\n\n\t\t\n\t\t\n\t\t\t\t\t\t<\/div>\n\t\t\t\t\t<\/div>\n\t\t<\/div>\n\t\t\t\t\t<\/div>\n\t\t<\/section>\n\t\t\t\t<\/div>\n\t\t","protected":false},"excerpt":{"rendered":"<p>Administraci\u00f3 i finances Administraci\u00f3 i finances Desenvolupament aplicacions multiplataforma i aplicacions web Desenvolupament aplicacions multiplataforma i aplicacions web Direcci\u00f3 de cuina Direcci\u00f3 de cuina Educaci\u00f3 infantil Educaci\u00f3 infantil Integraci\u00f3 social Integraci\u00f3 social Sistemes electrot\u00e8cnics i automatitzats Sistemes electrot\u00e8cnics i automatitzats Gesti\u00f3 allotjaments tur\u00edstics Gesti\u00f3 allotjaments tur\u00edstics Processos i qualitat en ind\u00fastries aliment\u00e0ries Processos i qualitat<br \/><a class=\"moretag\" href=\"https:\/\/www.fpbaixemporda.com\/es\/cf-grau-superior\/\">+ Read More<\/a><\/p>","protected":false},"author":1,"featured_media":0,"parent":0,"menu_order":0,"comment_status":"closed","ping_status":"closed","template":"templates\/page-fullwidth_template.php","meta":{"footnotes":""},"class_list":["post-189","page","type-page","status-publish","hentry"],"yoast_head":"<!-- This site is optimized with the Yoast SEO plugin v27.5 - https:\/\/yoast.com\/product\/yoast-seo-wordpress\/ -->\n<title>CF Grau superior - FP Baix Empord\u00e0<\/title>\n<meta name=\"robots\" content=\"index, follow, max-snippet:-1, max-image-preview:large, max-video-preview:-1\" \/>\n<link rel=\"canonical\" href=\"https:\/\/www.fpbaixemporda.com\/es\/cf-grau-superior\/\" \/>\n<meta property=\"og:locale\" content=\"es_ES\" \/>\n<meta property=\"og:type\" content=\"article\" \/>\n<meta property=\"og:title\" content=\"CF Grau superior - FP Baix Empord\u00e0\" \/>\n<meta property=\"og:description\" content=\"Administraci\u00f3 i finances Administraci\u00f3 i finances Desenvolupament aplicacions multiplataforma i aplicacions web Desenvolupament aplicacions multiplataforma i aplicacions web Direcci\u00f3 de cuina Direcci\u00f3 de cuina Educaci\u00f3 infantil Educaci\u00f3 infantil Integraci\u00f3 social Integraci\u00f3 social Sistemes electrot\u00e8cnics i automatitzats Sistemes electrot\u00e8cnics i automatitzats Gesti\u00f3 allotjaments tur\u00edstics Gesti\u00f3 allotjaments tur\u00edstics Processos i qualitat en ind\u00fastries aliment\u00e0ries Processos i qualitat+ Read More\" \/>\n<meta property=\"og:url\" content=\"https:\/\/www.fpbaixemporda.com\/es\/cf-grau-superior\/\" \/>\n<meta property=\"og:site_name\" content=\"FP Baix Empord\u00e0\" \/>\n<meta property=\"article:publisher\" content=\"https:\/\/www.facebook.com\/fpbaixemporda\" \/>\n<meta property=\"article:modified_time\" content=\"2026-04-11T09:11:13+00:00\" \/>\n<meta property=\"og:image\" content=\"https:\/\/www.fpbaixemporda.com\/wp-content\/uploads\/2020\/03\/Grau-Superior-Desenvolupament-aplicacions-multiplataforma.jpg\" \/>\n<meta name=\"twitter:card\" content=\"summary_large_image\" \/>\n<meta name=\"twitter:label1\" content=\"Tiempo de lectura\" \/>\n\t<meta name=\"twitter:data1\" content=\"3 minutos\" \/>\n<script type=\"application\/ld+json\" class=\"yoast-schema-graph\">{\"@context\":\"https:\\\/\\\/schema.org\",\"@graph\":[{\"@type\":\"WebPage\",\"@id\":\"https:\\\/\\\/www.fpbaixemporda.com\\\/cf-grau-superior\\\/\",\"url\":\"https:\\\/\\\/www.fpbaixemporda.com\\\/cf-grau-superior\\\/\",\"name\":\"CF Grau superior - FP Baix Empord\u00e0\",\"isPartOf\":{\"@id\":\"https:\\\/\\\/www.fpbaixemporda.com\\\/#website\"},\"primaryImageOfPage\":{\"@id\":\"https:\\\/\\\/www.fpbaixemporda.com\\\/cf-grau-superior\\\/#primaryimage\"},\"image\":{\"@id\":\"https:\\\/\\\/www.fpbaixemporda.com\\\/cf-grau-superior\\\/#primaryimage\"},\"thumbnailUrl\":\"https:\\\/\\\/www.fpbaixemporda.com\\\/wp-content\\\/uploads\\\/2020\\\/03\\\/Grau-Superior-Desenvolupament-aplicacions-multiplataforma.jpg\",\"datePublished\":\"2020-02-13T12:50:20+00:00\",\"dateModified\":\"2026-04-11T09:11:13+00:00\",\"breadcrumb\":{\"@id\":\"https:\\\/\\\/www.fpbaixemporda.com\\\/cf-grau-superior\\\/#breadcrumb\"},\"inLanguage\":\"es\",\"potentialAction\":[{\"@type\":\"ReadAction\",\"target\":[\"https:\\\/\\\/www.fpbaixemporda.com\\\/cf-grau-superior\\\/\"]}]},{\"@type\":\"ImageObject\",\"inLanguage\":\"es\",\"@id\":\"https:\\\/\\\/www.fpbaixemporda.com\\\/cf-grau-superior\\\/#primaryimage\",\"url\":\"https:\\\/\\\/www.fpbaixemporda.com\\\/wp-content\\\/uploads\\\/2020\\\/03\\\/Grau-Superior-Desenvolupament-aplicacions-multiplataforma.jpg\",\"contentUrl\":\"https:\\\/\\\/www.fpbaixemporda.com\\\/wp-content\\\/uploads\\\/2020\\\/03\\\/Grau-Superior-Desenvolupament-aplicacions-multiplataforma.jpg\"},{\"@type\":\"BreadcrumbList\",\"@id\":\"https:\\\/\\\/www.fpbaixemporda.com\\\/cf-grau-superior\\\/#breadcrumb\",\"itemListElement\":[{\"@type\":\"ListItem\",\"position\":1,\"name\":\"Home\",\"item\":\"https:\\\/\\\/www.fpbaixemporda.com\\\/\"},{\"@type\":\"ListItem\",\"position\":2,\"name\":\"CF Grau superior\"}]},{\"@type\":\"WebSite\",\"@id\":\"https:\\\/\\\/www.fpbaixemporda.com\\\/#website\",\"url\":\"https:\\\/\\\/www.fpbaixemporda.com\\\/\",\"name\":\"FP Baix Empord\u00e0\",\"description\":\"El teu futur en bones mans\",\"publisher\":{\"@id\":\"https:\\\/\\\/www.fpbaixemporda.com\\\/#organization\"},\"potentialAction\":[{\"@type\":\"SearchAction\",\"target\":{\"@type\":\"EntryPoint\",\"urlTemplate\":\"https:\\\/\\\/www.fpbaixemporda.com\\\/?s={search_term_string}\"},\"query-input\":{\"@type\":\"PropertyValueSpecification\",\"valueRequired\":true,\"valueName\":\"search_term_string\"}}],\"inLanguage\":\"es\"},{\"@type\":\"Organization\",\"@id\":\"https:\\\/\\\/www.fpbaixemporda.com\\\/#organization\",\"name\":\"FP Baix Empord\u00e0\",\"url\":\"https:\\\/\\\/www.fpbaixemporda.com\\\/\",\"logo\":{\"@type\":\"ImageObject\",\"inLanguage\":\"es\",\"@id\":\"https:\\\/\\\/www.fpbaixemporda.com\\\/#\\\/schema\\\/logo\\\/image\\\/\",\"url\":\"https:\\\/\\\/www.fpbaixemporda.com\\\/wp-content\\\/uploads\\\/2020\\\/02\\\/FP-Baix-Empord\u00e0-Logo.png\",\"contentUrl\":\"https:\\\/\\\/www.fpbaixemporda.com\\\/wp-content\\\/uploads\\\/2020\\\/02\\\/FP-Baix-Empord\u00e0-Logo.png\",\"width\":180,\"height\":117,\"caption\":\"FP Baix Empord\u00e0\"},\"image\":{\"@id\":\"https:\\\/\\\/www.fpbaixemporda.com\\\/#\\\/schema\\\/logo\\\/image\\\/\"},\"sameAs\":[\"https:\\\/\\\/www.facebook.com\\\/fpbaixemporda\",\"https:\\\/\\\/www.instagram.com\\\/fp_baixemporda\\\/\"]}]}<\/script>\n<!-- \/ Yoast SEO plugin. -->","yoast_head_json":{"title":"CF Grado superior - FP Baix Empord\u00e0","robots":{"index":"index","follow":"follow","max-snippet":"max-snippet:-1","max-image-preview":"max-image-preview:large","max-video-preview":"max-video-preview:-1"},"canonical":"https:\/\/www.fpbaixemporda.com\/es\/cf-grau-superior\/","og_locale":"es_ES","og_type":"article","og_title":"CF Grau superior - FP Baix Empord\u00e0","og_description":"Administraci\u00f3 i finances Administraci\u00f3 i finances Desenvolupament aplicacions multiplataforma i aplicacions web Desenvolupament aplicacions multiplataforma i aplicacions web Direcci\u00f3 de cuina Direcci\u00f3 de cuina Educaci\u00f3 infantil Educaci\u00f3 infantil Integraci\u00f3 social Integraci\u00f3 social Sistemes electrot\u00e8cnics i automatitzats Sistemes electrot\u00e8cnics i automatitzats Gesti\u00f3 allotjaments tur\u00edstics Gesti\u00f3 allotjaments tur\u00edstics Processos i qualitat en ind\u00fastries aliment\u00e0ries Processos i qualitat+ Read More","og_url":"https:\/\/www.fpbaixemporda.com\/es\/cf-grau-superior\/","og_site_name":"FP Baix Empord\u00e0","article_publisher":"https:\/\/www.facebook.com\/fpbaixemporda","article_modified_time":"2026-04-11T09:11:13+00:00","og_image":[{"url":"https:\/\/www.fpbaixemporda.com\/wp-content\/uploads\/2020\/03\/Grau-Superior-Desenvolupament-aplicacions-multiplataforma.jpg","type":"","width":"","height":""}],"twitter_card":"summary_large_image","twitter_misc":{"Tiempo de lectura":"3 minutos"},"schema":{"@context":"https:\/\/schema.org","@graph":[{"@type":"WebPage","@id":"https:\/\/www.fpbaixemporda.com\/cf-grau-superior\/","url":"https:\/\/www.fpbaixemporda.com\/cf-grau-superior\/","name":"CF Grado superior - FP Baix Empord\u00e0","isPartOf":{"@id":"https:\/\/www.fpbaixemporda.com\/#website"},"primaryImageOfPage":{"@id":"https:\/\/www.fpbaixemporda.com\/cf-grau-superior\/#primaryimage"},"image":{"@id":"https:\/\/www.fpbaixemporda.com\/cf-grau-superior\/#primaryimage"},"thumbnailUrl":"https:\/\/www.fpbaixemporda.com\/wp-content\/uploads\/2020\/03\/Grau-Superior-Desenvolupament-aplicacions-multiplataforma.jpg","datePublished":"2020-02-13T12:50:20+00:00","dateModified":"2026-04-11T09:11:13+00:00","breadcrumb":{"@id":"https:\/\/www.fpbaixemporda.com\/cf-grau-superior\/#breadcrumb"},"inLanguage":"es","potentialAction":[{"@type":"ReadAction","target":["https:\/\/www.fpbaixemporda.com\/cf-grau-superior\/"]}]},{"@type":"ImageObject","inLanguage":"es","@id":"https:\/\/www.fpbaixemporda.com\/cf-grau-superior\/#primaryimage","url":"https:\/\/www.fpbaixemporda.com\/wp-content\/uploads\/2020\/03\/Grau-Superior-Desenvolupament-aplicacions-multiplataforma.jpg","contentUrl":"https:\/\/www.fpbaixemporda.com\/wp-content\/uploads\/2020\/03\/Grau-Superior-Desenvolupament-aplicacions-multiplataforma.jpg"},{"@type":"BreadcrumbList","@id":"https:\/\/www.fpbaixemporda.com\/cf-grau-superior\/#breadcrumb","itemListElement":[{"@type":"ListItem","position":1,"name":"Home","item":"https:\/\/www.fpbaixemporda.com\/"},{"@type":"ListItem","position":2,"name":"CF Grau superior"}]},{"@type":"WebSite","@id":"https:\/\/www.fpbaixemporda.com\/#website","url":"https:\/\/www.fpbaixemporda.com\/","name":"FP Baix Empord\u00e0","description":"El teu futur en bones mans","publisher":{"@id":"https:\/\/www.fpbaixemporda.com\/#organization"},"potentialAction":[{"@type":"SearchAction","target":{"@type":"EntryPoint","urlTemplate":"https:\/\/www.fpbaixemporda.com\/?s={search_term_string}"},"query-input":{"@type":"PropertyValueSpecification","valueRequired":true,"valueName":"search_term_string"}}],"inLanguage":"es"},{"@type":"Organization","@id":"https:\/\/www.fpbaixemporda.com\/#organization","name":"FP Baix Empord\u00e0","url":"https:\/\/www.fpbaixemporda.com\/","logo":{"@type":"ImageObject","inLanguage":"es","@id":"https:\/\/www.fpbaixemporda.com\/#\/schema\/logo\/image\/","url":"https:\/\/www.fpbaixemporda.com\/wp-content\/uploads\/2020\/02\/FP-Baix-Empord\u00e0-Logo.png","contentUrl":"https:\/\/www.fpbaixemporda.com\/wp-content\/uploads\/2020\/02\/FP-Baix-Empord\u00e0-Logo.png","width":180,"height":117,"caption":"FP Baix Empord\u00e0"},"image":{"@id":"https:\/\/www.fpbaixemporda.com\/#\/schema\/logo\/image\/"},"sameAs":["https:\/\/www.facebook.com\/fpbaixemporda","https:\/\/www.instagram.com\/fp_baixemporda\/"]}]}},"_links":{"self":[{"href":"https:\/\/www.fpbaixemporda.com\/es\/wp-json\/wp\/v2\/pages\/189","targetHints":{"allow":["GET"]}}],"collection":[{"href":"https:\/\/www.fpbaixemporda.com\/es\/wp-json\/wp\/v2\/pages"}],"about":[{"href":"https:\/\/www.fpbaixemporda.com\/es\/wp-json\/wp\/v2\/types\/page"}],"author":[{"embeddable":true,"href":"https:\/\/www.fpbaixemporda.com\/es\/wp-json\/wp\/v2\/users\/1"}],"replies":[{"embeddable":true,"href":"https:\/\/www.fpbaixemporda.com\/es\/wp-json\/wp\/v2\/comments?post=189"}],"version-history":[{"count":0,"href":"https:\/\/www.fpbaixemporda.com\/es\/wp-json\/wp\/v2\/pages\/189\/revisions"}],"wp:attachment":[{"href":"https:\/\/www.fpbaixemporda.com\/es\/wp-json\/wp\/v2\/media?parent=189"}],"curies":[{"name":"wp","href":"https:\/\/api.w.org\/{rel}","templated":true}]}}