{"id":193,"date":"2020-02-13T13:51:16","date_gmt":"2020-02-13T12:51:16","guid":{"rendered":"https:\/\/www.fpbaixemporda.com\/?page_id=193"},"modified":"2025-10-21T17:58:13","modified_gmt":"2025-10-21T15:58:13","slug":"gestio-administrativa-ambit-juridic","status":"publish","type":"page","link":"https:\/\/www.fpbaixemporda.com\/es\/cf-grau-mitja\/gestio-administrativa-ambit-juridic\/","title":{"rendered":"Gesti\u00f3n administrativa \u00e1mbito jur\u00eddico"},"content":{"rendered":"<h3>Descripci\u00f3n<\/h3>\n<p style=\"text-align: justify;\">Estos estudios capacitan para desempe\u00f1ar tareas de apoyo administrativo en el \u00e1mbito laboral, contable, comercial, financiero y fiscal y tareas de apoyo a clientes o personas usuarias, en empresas p\u00fablicas o privadas. La orientaci\u00f3n hacia el \u00e1mbito jur\u00eddico capacita para la realizaci\u00f3n de las actividades de soporte administrativo en el \u00e1mbito jur\u00eddico privado, y las actividades de tramitaci\u00f3n procesal y administrativa y de auxilio judicial de la Administraci\u00f3n de justicia de Catalu\u00f1a.<\/p>\n<p style=\"text-align: justify;\" class=\"translation-block\">Tienen una duraci\u00f3n de <strong>2.000 horas<\/strong> (1.584 lectivas en un centro educativo y 416 pr\u00e1cticas en un centro de trabajo) distribuidas en <strong>dos cursos<\/strong> acad\u00e9micos.<\/p>\n<h3>Contenidos<\/h3>\n<ul>\n<li>Comunicaci\u00f3n Empresarial y Atenci\u00f3n al Cliente.<\/li>\n<li>Operaciones Administrativas de Compraventa.<\/li>\n<li>Operaciones Administrativas de Recursos Humanos.<\/li>\n<li>Operaciones Auxiliares de Gesti\u00f3n de Tesorer\u00eda.<\/li>\n<li>T\u00e9cnica Contable.<\/li>\n<li>Tratamiento de la Documentaci\u00f3n Contable.<\/li>\n<li>Tratamiento inform\u00e1tico de la informaci\u00f3n.<\/li>\n<li>Operaciones Administrativas de Apoyo.<\/li>\n<li>Ingl\u00e9s<\/li>\n<li>Empresa y Administraci\u00f3n.<\/li>\n<li>Empresa en el Aula.<\/li>\n<li>Organizaci\u00f3n y Estructura del \u00c1mbito Jur\u00eddico y Judicial.<\/li>\n<li>Tramitaci\u00f3n Procesal y Auxilio Judicial.<\/li>\n<li>Formaci\u00f3n y orientaci\u00f3n laboral.<\/li>\n<li>Formaci\u00f3n en Centros de Trabajo<\/li>\n<\/ul>\n<h3>C\u00f3mo acceder<\/h3>\n<p style=\"text-align: justify;\">Tienen\u00a0<strong>acceso directo<\/strong>\u00a0al ciclo las personas que cumplen alguno de los siguientes requisitos:<\/p>\n<ul>\n<li style=\"text-align: justify;\">Tener el t\u00edtulo de graduado en educaci\u00f3n secundaria obligatoria.<\/li>\n<li style=\"text-align: justify;\">Haber superado el curso espec\u00edfico para el acceso a ciclos de grado medio.<\/li>\n<li style=\"text-align: justify;\">Tener el t\u00edtulo de t\u00e9cnico o t\u00e9cnico auxiliar.<\/li>\n<li style=\"text-align: justify;\">Haber superado el segundo curso del bachillerato unificado y polivalente (BUP).<\/li>\n<li style=\"text-align: justify;\">Tener otros estudios equivalentes a efectos acad\u00e9micos.<\/li>\n<li style=\"text-align: justify;\">Haber superado la prueba de acceso a la universidad para mayores de 25 a\u00f1os.<\/li>\n<li style=\"text-align: justify;\">Haber superado los m\u00f3dulos obligatorios de un programa de calificaci\u00f3n profesional inicial (PCPI).<\/li>\n<li style=\"text-align: justify;\">Tener un t\u00edtulo para acceder a un ciclo formativo de grado superior.<\/li>\n<\/ul>\n<p style=\"text-align: justify;\">Las personas que no cumplen ninguno de los requisitos mencionados deben superar una prueba de acceso. Para presentarse es necesario tener como m\u00ednimo 17 a\u00f1os en el a\u00f1o en que se hace la prueba.<\/p>\n<h3>Salidas profesionales<\/h3>\n<h4>Salidas acad\u00e9micas<\/h4>\n<p style=\"text-align: justify;\">Con estos estudios se obtiene el t\u00edtulo de\u00a0<strong>t\u00e9cnico o t\u00e9cnica<\/strong>, que permite acceder:<\/p>\n<ul>\n<li>Al bachillerato.<\/li>\n<li>A un ciclo de grado superior de formaci\u00f3n profesional.<\/li>\n<\/ul>\n<h4>Salidas laborales<\/h4>\n<p style=\"text-align: justify;\">La superaci\u00f3n de este ciclo formativo permite acceder al\u00a0<strong>mundo laboral<\/strong>\u00a0como:<\/p>\n<ul>\n<li style=\"text-align: justify;\">Auxiliar administrativo o auxiliar administrativa.<\/li>\n<li style=\"text-align: justify;\">Ayudante de oficina.<\/li>\n<li style=\"text-align: justify;\">Auxiliar administrativo o auxiliar administrativa de cobros y pagos.<\/li>\n<li style=\"text-align: justify;\">Administrativo o administrativa comercial.<\/li>\n<li style=\"text-align: justify;\">Auxiliar administrativo o auxiliar administrativa de gesti\u00f3n de personal.<\/li>\n<li style=\"text-align: justify;\">Auxiliar administrativo o auxiliar administrativa de las administraciones p\u00fablicas.<\/li>\n<li style=\"text-align: justify;\">Recepcionista.<\/li>\n<li style=\"text-align: justify;\">Empleado o empleada de atenci\u00f3n al p\u00fablico.<\/li>\n<li style=\"text-align: justify;\">Empleado o empleada de tesorer\u00eda.<\/li>\n<li style=\"text-align: justify;\">Empleado o empleada en medios de pago.<\/li>\n<li style=\"text-align: justify;\">Auxiliar administrativo o auxiliar administrativa del sector jur\u00eddico privado.<\/li>\n<li style=\"text-align: justify;\">Auxilio judicial.<\/li>\n<li style=\"text-align: justify;\">Tramitador o tramitadora procesal y administrativo o administrativa.<\/li>\n<\/ul>\n<h3>Puedes estudiar este ciclo en\u2026<\/h3>\n\t\t<div data-elementor-type=\"page\" data-elementor-id=\"2831\" class=\"elementor elementor-2831\" data-elementor-post-type=\"elementor_library\">\n\t\t\t\t\t\t<section class=\"elementor-section elementor-top-section elementor-element elementor-element-414c858 elementor-section-full_width elementor-section-height-default elementor-section-height-default\" data-id=\"414c858\" data-element_type=\"section\" data-e-type=\"section\">\n\t\t\t\t\t\t<div class=\"elementor-container elementor-column-gap-no\">\n\t\t\t\t\t<div class=\"elementor-column elementor-col-100 elementor-top-column elementor-element elementor-element-c219854\" data-id=\"c219854\" data-element_type=\"column\" data-e-type=\"column\">\n\t\t\t<div class=\"elementor-widget-wrap elementor-element-populated\">\n\t\t\t\t\t\t<section class=\"elementor-section elementor-inner-section elementor-element elementor-element-3ef6f68 elementor-section-full_width elementor-section-height-default elementor-section-height-default\" data-id=\"3ef6f68\" data-element_type=\"section\" data-e-type=\"section\">\n\t\t\t\t\t\t<div class=\"elementor-container elementor-column-gap-narrow\">\n\t\t\t\t\t<div class=\"elementor-column elementor-col-16 elementor-inner-column elementor-element elementor-element-5d25063\" data-id=\"5d25063\" data-element_type=\"column\" data-e-type=\"column\">\n\t\t\t<div class=\"elementor-widget-wrap elementor-element-populated\">\n\t\t\t\t\t\t<div class=\"elementor-element elementor-element-60940e7 elementor-widget elementor-widget-image\" data-id=\"60940e7\" data-element_type=\"widget\" data-e-type=\"widget\" data-widget_type=\"image.default\">\n\t\t\t\t\t\t\t\t\t\t\t\t\t\t\t\t<a href=\"https:\/\/www.fpbaixemporda.com\/es\/ins-baix-emporda\/\">\n\t\t\t\t\t\t\t<img fetchpriority=\"high\" decoding=\"async\" width=\"600\" height=\"370\" src=\"https:\/\/www.fpbaixemporda.com\/wp-content\/uploads\/2026\/04\/IES-Baix-Emporda.jpg\" class=\"attachment-full size-full wp-image-5756\" alt=\"INS Baix Empord\u00e0 | FP Baix Empord\u00e0\" srcset=\"https:\/\/www.fpbaixemporda.com\/wp-content\/uploads\/2026\/04\/IES-Baix-Emporda.jpg 600w, https:\/\/www.fpbaixemporda.com\/wp-content\/uploads\/2026\/04\/IES-Baix-Emporda-300x185.jpg 300w, https:\/\/www.fpbaixemporda.com\/wp-content\/uploads\/2026\/04\/IES-Baix-Emporda-18x12.jpg 18w\" sizes=\"(max-width: 600px) 100vw, 600px\" \/>\t\t\t\t\t\t\t\t<\/a>\n\t\t\t\t\t\t\t\t\t\t\t\t\t\t\t<\/div>\n\t\t\t\t\t<\/div>\n\t\t<\/div>\n\t\t\t\t<div class=\"elementor-column elementor-col-16 elementor-inner-column elementor-element elementor-element-ed05399\" data-id=\"ed05399\" data-element_type=\"column\" data-e-type=\"column\">\n\t\t\t<div class=\"elementor-widget-wrap elementor-element-populated\">\n\t\t\t\t\t\t<div class=\"elementor-element elementor-element-79bfc3a elementor-widget elementor-widget-image\" data-id=\"79bfc3a\" data-element_type=\"widget\" data-e-type=\"widget\" data-widget_type=\"image.default\">\n\t\t\t\t\t\t\t\t\t\t\t\t\t\t\t<img decoding=\"async\" width=\"600\" height=\"370\" src=\"https:\/\/www.fpbaixemporda.com\/wp-content\/uploads\/2020\/02\/IES-La-Bisbal.jpg\" class=\"attachment-full size-full wp-image-615\" alt=\"INS La Bisbal | FP Baix Empord\u00e0\" srcset=\"https:\/\/www.fpbaixemporda.com\/wp-content\/uploads\/2020\/02\/IES-La-Bisbal.jpg 600w, https:\/\/www.fpbaixemporda.com\/wp-content\/uploads\/2020\/02\/IES-La-Bisbal-300x185.jpg 300w\" sizes=\"(max-width: 600px) 100vw, 600px\" \/>\t\t\t\t\t\t\t\t\t\t\t\t\t\t\t<\/div>\n\t\t\t\t\t<\/div>\n\t\t<\/div>\n\t\t\t\t<div class=\"elementor-column elementor-col-16 elementor-inner-column elementor-element elementor-element-d49da4d\" data-id=\"d49da4d\" data-element_type=\"column\" data-e-type=\"column\">\n\t\t\t<div class=\"elementor-widget-wrap elementor-element-populated\">\n\t\t\t\t\t\t<div class=\"elementor-element elementor-element-e07f0f8 elementor-widget elementor-widget-image\" data-id=\"e07f0f8\" data-element_type=\"widget\" data-e-type=\"widget\" data-widget_type=\"image.default\">\n\t\t\t\t\t\t\t\t\t\t\t\t\t\t\t<img decoding=\"async\" width=\"600\" height=\"370\" src=\"https:\/\/www.fpbaixemporda.com\/wp-content\/uploads\/2020\/02\/IES-Montgr\u00ed.jpg\" class=\"attachment-full size-full wp-image-623\" alt=\"INS Montgr\u00ed | FP Baix Empord\u00e0\" srcset=\"https:\/\/www.fpbaixemporda.com\/wp-content\/uploads\/2020\/02\/IES-Montgr\u00ed.jpg 600w, https:\/\/www.fpbaixemporda.com\/wp-content\/uploads\/2020\/02\/IES-Montgr\u00ed-300x185.jpg 300w\" sizes=\"(max-width: 600px) 100vw, 600px\" \/>\t\t\t\t\t\t\t\t\t\t\t\t\t\t\t<\/div>\n\t\t\t\t\t<\/div>\n\t\t<\/div>\n\t\t\t\t<div class=\"elementor-column elementor-col-16 elementor-inner-column elementor-element elementor-element-9e75b44\" data-id=\"9e75b44\" data-element_type=\"column\" data-e-type=\"column\">\n\t\t\t<div class=\"elementor-widget-wrap elementor-element-populated\">\n\t\t\t\t\t\t<div class=\"elementor-element elementor-element-b542160 elementor-widget elementor-widget-image\" data-id=\"b542160\" data-element_type=\"widget\" data-e-type=\"widget\" data-widget_type=\"image.default\">\n\t\t\t\t\t\t\t\t\t\t\t\t\t\t\t<img loading=\"lazy\" decoding=\"async\" width=\"600\" height=\"370\" src=\"https:\/\/www.fpbaixemporda.com\/wp-content\/uploads\/2020\/02\/IES-Palam\u00f3s.jpg\" class=\"attachment-full size-full wp-image-626\" alt=\"INS Palam\u00f3s | FP Baix Empord\u00e0\" srcset=\"https:\/\/www.fpbaixemporda.com\/wp-content\/uploads\/2020\/02\/IES-Palam\u00f3s.jpg 600w, https:\/\/www.fpbaixemporda.com\/wp-content\/uploads\/2020\/02\/IES-Palam\u00f3s-300x185.jpg 300w\" sizes=\"(max-width: 600px) 100vw, 600px\" \/>\t\t\t\t\t\t\t\t\t\t\t\t\t\t\t<\/div>\n\t\t\t\t\t<\/div>\n\t\t<\/div>\n\t\t\t\t<div class=\"elementor-column elementor-col-16 elementor-inner-column elementor-element elementor-element-40dcf75\" data-id=\"40dcf75\" data-element_type=\"column\" data-e-type=\"column\">\n\t\t\t<div class=\"elementor-widget-wrap elementor-element-populated\">\n\t\t\t\t\t\t<div class=\"elementor-element elementor-element-83ec094 elementor-widget elementor-widget-image\" data-id=\"83ec094\" data-element_type=\"widget\" data-e-type=\"widget\" data-widget_type=\"image.default\">\n\t\t\t\t\t\t\t\t\t\t\t\t\t\t\t<img loading=\"lazy\" decoding=\"async\" width=\"600\" height=\"370\" src=\"https:\/\/www.fpbaixemporda.com\/wp-content\/uploads\/2020\/02\/IES-Sant-Feliu.jpg\" class=\"attachment-full size-full wp-image-629\" alt=\"IES Sant Feliu | FP Baix Empord\u00e0\" srcset=\"https:\/\/www.fpbaixemporda.com\/wp-content\/uploads\/2020\/02\/IES-Sant-Feliu.jpg 600w, https:\/\/www.fpbaixemporda.com\/wp-content\/uploads\/2020\/02\/IES-Sant-Feliu-300x185.jpg 300w\" sizes=\"(max-width: 600px) 100vw, 600px\" \/>\t\t\t\t\t\t\t\t\t\t\t\t\t\t\t<\/div>\n\t\t\t\t\t<\/div>\n\t\t<\/div>\n\t\t\t\t<div class=\"elementor-column elementor-col-16 elementor-inner-column elementor-element elementor-element-04e966f\" data-id=\"04e966f\" data-element_type=\"column\" data-e-type=\"column\">\n\t\t\t<div class=\"elementor-widget-wrap elementor-element-populated\">\n\t\t\t\t\t\t<div class=\"elementor-element elementor-element-8ea2fb6 elementor-widget elementor-widget-image\" data-id=\"8ea2fb6\" data-element_type=\"widget\" data-e-type=\"widget\" data-widget_type=\"image.default\">\n\t\t\t\t\t\t\t\t\t\t\t\t\t\t\t<img loading=\"lazy\" decoding=\"async\" width=\"600\" height=\"370\" src=\"https:\/\/www.fpbaixemporda.com\/wp-content\/uploads\/2023\/01\/Escola-Agraria-Monells.jpg\" class=\"attachment-full size-full wp-image-3962\" alt=\"Escuela Agraria Empord\u00e0 | FP Baix Empord\u00e0\" srcset=\"https:\/\/www.fpbaixemporda.com\/wp-content\/uploads\/2023\/01\/Escola-Agraria-Monells.jpg 600w, https:\/\/www.fpbaixemporda.com\/wp-content\/uploads\/2023\/01\/Escola-Agraria-Monells-300x185.jpg 300w\" sizes=\"(max-width: 600px) 100vw, 600px\" \/>\t\t\t\t\t\t\t\t\t\t\t\t\t\t\t<\/div>\n\t\t\t\t\t<\/div>\n\t\t<\/div>\n\t\t\t\t\t<\/div>\n\t\t<\/section>\n\t\t\t\t\t<\/div>\n\t\t<\/div>\n\t\t\t\t\t<\/div>\n\t\t<\/section>\n\t\t\t\t<\/div>","protected":false},"excerpt":{"rendered":"<p>Descripci\u00f3 Aquests estudis capaciten per exercir tasques de suport administratiu en l&#8217;\u00e0mbit laboral, comptable, comercial, financer i fiscal i tasques de suport a clients o\u00a0 persones usu\u00e0ries, en empreses p\u00fabliques o privades. L&#8217;orientaci\u00f3 cap a l&#8217;\u00e0mbit jur\u00eddic capacita per a la realitzaci\u00f3 de les activitats de suport administratiu en l&#8217;\u00e0mbit jur\u00eddic privat, i les activitats<br \/><a class=\"moretag\" href=\"https:\/\/www.fpbaixemporda.com\/es\/cf-grau-mitja\/gestio-administrativa-ambit-juridic\/\">+ Read More<\/a><\/p>","protected":false},"author":1,"featured_media":530,"parent":187,"menu_order":0,"comment_status":"closed","ping_status":"closed","template":"templates\/page-fullwidth_template.php","meta":{"footnotes":""},"class_list":["post-193","page","type-page","status-publish","has-post-thumbnail","hentry"],"yoast_head":"<!-- This site is optimized with the Yoast SEO plugin v27.5 - https:\/\/yoast.com\/product\/yoast-seo-wordpress\/ -->\n<title>Gesti\u00f3 administrativa \u00e0mbit jur\u00eddic - FP Baix Empord\u00e0<\/title>\n<meta name=\"robots\" content=\"index, follow, max-snippet:-1, max-image-preview:large, max-video-preview:-1\" \/>\n<link rel=\"canonical\" href=\"https:\/\/www.fpbaixemporda.com\/es\/cf-grau-mitja\/gestio-administrativa-ambit-juridic\/\" \/>\n<meta property=\"og:locale\" content=\"es_ES\" \/>\n<meta property=\"og:type\" content=\"article\" \/>\n<meta property=\"og:title\" content=\"Gesti\u00f3 administrativa \u00e0mbit jur\u00eddic - FP Baix Empord\u00e0\" \/>\n<meta property=\"og:description\" content=\"Descripci\u00f3 Aquests estudis capaciten per exercir tasques de suport administratiu en l&#8217;\u00e0mbit laboral, comptable, comercial, financer i fiscal i tasques de suport a clients o\u00a0 persones usu\u00e0ries, en empreses p\u00fabliques o privades. L&#8217;orientaci\u00f3 cap a l&#8217;\u00e0mbit jur\u00eddic capacita per a la realitzaci\u00f3 de les activitats de suport administratiu en l&#8217;\u00e0mbit jur\u00eddic privat, i les activitats+ Read More\" \/>\n<meta property=\"og:url\" content=\"https:\/\/www.fpbaixemporda.com\/es\/cf-grau-mitja\/gestio-administrativa-ambit-juridic\/\" \/>\n<meta property=\"og:site_name\" content=\"FP Baix Empord\u00e0\" \/>\n<meta property=\"article:publisher\" content=\"https:\/\/www.facebook.com\/fpbaixemporda\" \/>\n<meta property=\"article:modified_time\" content=\"2025-10-21T15:58:13+00:00\" \/>\n<meta property=\"og:image\" content=\"https:\/\/www.fpbaixemporda.com\/wp-content\/uploads\/2020\/02\/Administratiu-\u00e0mbit-juridic-FP-Baix-Empord\u00e0.jpg\" \/>\n\t<meta property=\"og:image:width\" content=\"1400\" \/>\n\t<meta property=\"og:image:height\" content=\"320\" \/>\n\t<meta property=\"og:image:type\" content=\"image\/jpeg\" \/>\n<meta name=\"twitter:card\" content=\"summary_large_image\" \/>\n<meta name=\"twitter:label1\" content=\"Tiempo de lectura\" \/>\n\t<meta name=\"twitter:data1\" content=\"5 minutos\" \/>\n<script type=\"application\/ld+json\" class=\"yoast-schema-graph\">{\"@context\":\"https:\\\/\\\/schema.org\",\"@graph\":[{\"@type\":\"WebPage\",\"@id\":\"https:\\\/\\\/www.fpbaixemporda.com\\\/cf-grau-mitja\\\/gestio-administrativa-ambit-juridic\\\/\",\"url\":\"https:\\\/\\\/www.fpbaixemporda.com\\\/cf-grau-mitja\\\/gestio-administrativa-ambit-juridic\\\/\",\"name\":\"Gesti\u00f3 administrativa \u00e0mbit jur\u00eddic - FP Baix Empord\u00e0\",\"isPartOf\":{\"@id\":\"https:\\\/\\\/www.fpbaixemporda.com\\\/#website\"},\"primaryImageOfPage\":{\"@id\":\"https:\\\/\\\/www.fpbaixemporda.com\\\/cf-grau-mitja\\\/gestio-administrativa-ambit-juridic\\\/#primaryimage\"},\"image\":{\"@id\":\"https:\\\/\\\/www.fpbaixemporda.com\\\/cf-grau-mitja\\\/gestio-administrativa-ambit-juridic\\\/#primaryimage\"},\"thumbnailUrl\":\"https:\\\/\\\/www.fpbaixemporda.com\\\/wp-content\\\/uploads\\\/2020\\\/02\\\/Administratiu-\u00e0mbit-juridic-FP-Baix-Empord\u00e0.jpg\",\"datePublished\":\"2020-02-13T12:51:16+00:00\",\"dateModified\":\"2025-10-21T15:58:13+00:00\",\"breadcrumb\":{\"@id\":\"https:\\\/\\\/www.fpbaixemporda.com\\\/cf-grau-mitja\\\/gestio-administrativa-ambit-juridic\\\/#breadcrumb\"},\"inLanguage\":\"es\",\"potentialAction\":[{\"@type\":\"ReadAction\",\"target\":[\"https:\\\/\\\/www.fpbaixemporda.com\\\/cf-grau-mitja\\\/gestio-administrativa-ambit-juridic\\\/\"]}]},{\"@type\":\"ImageObject\",\"inLanguage\":\"es\",\"@id\":\"https:\\\/\\\/www.fpbaixemporda.com\\\/cf-grau-mitja\\\/gestio-administrativa-ambit-juridic\\\/#primaryimage\",\"url\":\"https:\\\/\\\/www.fpbaixemporda.com\\\/wp-content\\\/uploads\\\/2020\\\/02\\\/Administratiu-\u00e0mbit-juridic-FP-Baix-Empord\u00e0.jpg\",\"contentUrl\":\"https:\\\/\\\/www.fpbaixemporda.com\\\/wp-content\\\/uploads\\\/2020\\\/02\\\/Administratiu-\u00e0mbit-juridic-FP-Baix-Empord\u00e0.jpg\",\"width\":1400,\"height\":320,\"caption\":\"Administratiu \u00e0mbit juridic - FP Baix Empord\u00e0\"},{\"@type\":\"BreadcrumbList\",\"@id\":\"https:\\\/\\\/www.fpbaixemporda.com\\\/cf-grau-mitja\\\/gestio-administrativa-ambit-juridic\\\/#breadcrumb\",\"itemListElement\":[{\"@type\":\"ListItem\",\"position\":1,\"name\":\"Home\",\"item\":\"https:\\\/\\\/www.fpbaixemporda.com\\\/\"},{\"@type\":\"ListItem\",\"position\":2,\"name\":\"CF Grau Mitj\u00e0\",\"item\":\"https:\\\/\\\/www.fpbaixemporda.com\\\/cf-grau-mitja\\\/\"},{\"@type\":\"ListItem\",\"position\":3,\"name\":\"Gesti\u00f3 administrativa \u00e0mbit jur\u00eddic\"}]},{\"@type\":\"WebSite\",\"@id\":\"https:\\\/\\\/www.fpbaixemporda.com\\\/#website\",\"url\":\"https:\\\/\\\/www.fpbaixemporda.com\\\/\",\"name\":\"FP Baix Empord\u00e0\",\"description\":\"El teu futur en bones mans\",\"publisher\":{\"@id\":\"https:\\\/\\\/www.fpbaixemporda.com\\\/#organization\"},\"potentialAction\":[{\"@type\":\"SearchAction\",\"target\":{\"@type\":\"EntryPoint\",\"urlTemplate\":\"https:\\\/\\\/www.fpbaixemporda.com\\\/?s={search_term_string}\"},\"query-input\":{\"@type\":\"PropertyValueSpecification\",\"valueRequired\":true,\"valueName\":\"search_term_string\"}}],\"inLanguage\":\"es\"},{\"@type\":\"Organization\",\"@id\":\"https:\\\/\\\/www.fpbaixemporda.com\\\/#organization\",\"name\":\"FP Baix Empord\u00e0\",\"url\":\"https:\\\/\\\/www.fpbaixemporda.com\\\/\",\"logo\":{\"@type\":\"ImageObject\",\"inLanguage\":\"es\",\"@id\":\"https:\\\/\\\/www.fpbaixemporda.com\\\/#\\\/schema\\\/logo\\\/image\\\/\",\"url\":\"https:\\\/\\\/www.fpbaixemporda.com\\\/wp-content\\\/uploads\\\/2020\\\/02\\\/FP-Baix-Empord\u00e0-Logo.png\",\"contentUrl\":\"https:\\\/\\\/www.fpbaixemporda.com\\\/wp-content\\\/uploads\\\/2020\\\/02\\\/FP-Baix-Empord\u00e0-Logo.png\",\"width\":180,\"height\":117,\"caption\":\"FP Baix Empord\u00e0\"},\"image\":{\"@id\":\"https:\\\/\\\/www.fpbaixemporda.com\\\/#\\\/schema\\\/logo\\\/image\\\/\"},\"sameAs\":[\"https:\\\/\\\/www.facebook.com\\\/fpbaixemporda\",\"https:\\\/\\\/www.instagram.com\\\/fp_baixemporda\\\/\"]}]}<\/script>\n<!-- \/ Yoast SEO plugin. -->","yoast_head_json":{"title":"Gesti\u00f3n administrativa \u00e1mbito jur\u00eddico - FP Baix Empord\u00e0","robots":{"index":"index","follow":"follow","max-snippet":"max-snippet:-1","max-image-preview":"max-image-preview:large","max-video-preview":"max-video-preview:-1"},"canonical":"https:\/\/www.fpbaixemporda.com\/es\/cf-grau-mitja\/gestio-administrativa-ambit-juridic\/","og_locale":"es_ES","og_type":"article","og_title":"Gesti\u00f3 administrativa \u00e0mbit jur\u00eddic - FP Baix Empord\u00e0","og_description":"Descripci\u00f3 Aquests estudis capaciten per exercir tasques de suport administratiu en l&#8217;\u00e0mbit laboral, comptable, comercial, financer i fiscal i tasques de suport a clients o\u00a0 persones usu\u00e0ries, en empreses p\u00fabliques o privades. L&#8217;orientaci\u00f3 cap a l&#8217;\u00e0mbit jur\u00eddic capacita per a la realitzaci\u00f3 de les activitats de suport administratiu en l&#8217;\u00e0mbit jur\u00eddic privat, i les activitats+ Read More","og_url":"https:\/\/www.fpbaixemporda.com\/es\/cf-grau-mitja\/gestio-administrativa-ambit-juridic\/","og_site_name":"FP Baix Empord\u00e0","article_publisher":"https:\/\/www.facebook.com\/fpbaixemporda","article_modified_time":"2025-10-21T15:58:13+00:00","og_image":[{"width":1400,"height":320,"url":"https:\/\/www.fpbaixemporda.com\/wp-content\/uploads\/2020\/02\/Administratiu-\u00e0mbit-juridic-FP-Baix-Empord\u00e0.jpg","type":"image\/jpeg"}],"twitter_card":"summary_large_image","twitter_misc":{"Tiempo de lectura":"5 minutos"},"schema":{"@context":"https:\/\/schema.org","@graph":[{"@type":"WebPage","@id":"https:\/\/www.fpbaixemporda.com\/cf-grau-mitja\/gestio-administrativa-ambit-juridic\/","url":"https:\/\/www.fpbaixemporda.com\/cf-grau-mitja\/gestio-administrativa-ambit-juridic\/","name":"Gesti\u00f3n administrativa \u00e1mbito jur\u00eddico - FP Baix Empord\u00e0","isPartOf":{"@id":"https:\/\/www.fpbaixemporda.com\/#website"},"primaryImageOfPage":{"@id":"https:\/\/www.fpbaixemporda.com\/cf-grau-mitja\/gestio-administrativa-ambit-juridic\/#primaryimage"},"image":{"@id":"https:\/\/www.fpbaixemporda.com\/cf-grau-mitja\/gestio-administrativa-ambit-juridic\/#primaryimage"},"thumbnailUrl":"https:\/\/www.fpbaixemporda.com\/wp-content\/uploads\/2020\/02\/Administratiu-\u00e0mbit-juridic-FP-Baix-Empord\u00e0.jpg","datePublished":"2020-02-13T12:51:16+00:00","dateModified":"2025-10-21T15:58:13+00:00","breadcrumb":{"@id":"https:\/\/www.fpbaixemporda.com\/cf-grau-mitja\/gestio-administrativa-ambit-juridic\/#breadcrumb"},"inLanguage":"es","potentialAction":[{"@type":"ReadAction","target":["https:\/\/www.fpbaixemporda.com\/cf-grau-mitja\/gestio-administrativa-ambit-juridic\/"]}]},{"@type":"ImageObject","inLanguage":"es","@id":"https:\/\/www.fpbaixemporda.com\/cf-grau-mitja\/gestio-administrativa-ambit-juridic\/#primaryimage","url":"https:\/\/www.fpbaixemporda.com\/wp-content\/uploads\/2020\/02\/Administratiu-\u00e0mbit-juridic-FP-Baix-Empord\u00e0.jpg","contentUrl":"https:\/\/www.fpbaixemporda.com\/wp-content\/uploads\/2020\/02\/Administratiu-\u00e0mbit-juridic-FP-Baix-Empord\u00e0.jpg","width":1400,"height":320,"caption":"Administratiu \u00e0mbit juridic - FP Baix Empord\u00e0"},{"@type":"BreadcrumbList","@id":"https:\/\/www.fpbaixemporda.com\/cf-grau-mitja\/gestio-administrativa-ambit-juridic\/#breadcrumb","itemListElement":[{"@type":"ListItem","position":1,"name":"Home","item":"https:\/\/www.fpbaixemporda.com\/"},{"@type":"ListItem","position":2,"name":"CF Grau Mitj\u00e0","item":"https:\/\/www.fpbaixemporda.com\/cf-grau-mitja\/"},{"@type":"ListItem","position":3,"name":"Gesti\u00f3 administrativa \u00e0mbit jur\u00eddic"}]},{"@type":"WebSite","@id":"https:\/\/www.fpbaixemporda.com\/#website","url":"https:\/\/www.fpbaixemporda.com\/","name":"FP Baix Empord\u00e0","description":"El teu futur en bones mans","publisher":{"@id":"https:\/\/www.fpbaixemporda.com\/#organization"},"potentialAction":[{"@type":"SearchAction","target":{"@type":"EntryPoint","urlTemplate":"https:\/\/www.fpbaixemporda.com\/?s={search_term_string}"},"query-input":{"@type":"PropertyValueSpecification","valueRequired":true,"valueName":"search_term_string"}}],"inLanguage":"es"},{"@type":"Organization","@id":"https:\/\/www.fpbaixemporda.com\/#organization","name":"FP Baix Empord\u00e0","url":"https:\/\/www.fpbaixemporda.com\/","logo":{"@type":"ImageObject","inLanguage":"es","@id":"https:\/\/www.fpbaixemporda.com\/#\/schema\/logo\/image\/","url":"https:\/\/www.fpbaixemporda.com\/wp-content\/uploads\/2020\/02\/FP-Baix-Empord\u00e0-Logo.png","contentUrl":"https:\/\/www.fpbaixemporda.com\/wp-content\/uploads\/2020\/02\/FP-Baix-Empord\u00e0-Logo.png","width":180,"height":117,"caption":"FP Baix Empord\u00e0"},"image":{"@id":"https:\/\/www.fpbaixemporda.com\/#\/schema\/logo\/image\/"},"sameAs":["https:\/\/www.facebook.com\/fpbaixemporda","https:\/\/www.instagram.com\/fp_baixemporda\/"]}]}},"_links":{"self":[{"href":"https:\/\/www.fpbaixemporda.com\/es\/wp-json\/wp\/v2\/pages\/193","targetHints":{"allow":["GET"]}}],"collection":[{"href":"https:\/\/www.fpbaixemporda.com\/es\/wp-json\/wp\/v2\/pages"}],"about":[{"href":"https:\/\/www.fpbaixemporda.com\/es\/wp-json\/wp\/v2\/types\/page"}],"author":[{"embeddable":true,"href":"https:\/\/www.fpbaixemporda.com\/es\/wp-json\/wp\/v2\/users\/1"}],"replies":[{"embeddable":true,"href":"https:\/\/www.fpbaixemporda.com\/es\/wp-json\/wp\/v2\/comments?post=193"}],"version-history":[{"count":0,"href":"https:\/\/www.fpbaixemporda.com\/es\/wp-json\/wp\/v2\/pages\/193\/revisions"}],"up":[{"embeddable":true,"href":"https:\/\/www.fpbaixemporda.com\/es\/wp-json\/wp\/v2\/pages\/187"}],"wp:featuredmedia":[{"embeddable":true,"href":"https:\/\/www.fpbaixemporda.com\/es\/wp-json\/wp\/v2\/media\/530"}],"wp:attachment":[{"href":"https:\/\/www.fpbaixemporda.com\/es\/wp-json\/wp\/v2\/media?parent=193"}],"curies":[{"name":"wp","href":"https:\/\/api.w.org\/{rel}","templated":true}]}}