{"id":201,"date":"2020-02-13T17:38:06","date_gmt":"2020-02-13T16:38:06","guid":{"rendered":"https:\/\/www.fpbaixemporda.com\/?page_id=201"},"modified":"2025-10-21T17:44:34","modified_gmt":"2025-10-21T15:44:34","slug":"atencio-a-persones-en-situacio-de-dependencia","status":"publish","type":"page","link":"https:\/\/www.fpbaixemporda.com\/es\/cf-grau-mitja\/atencio-a-persones-en-situacio-de-dependencia\/","title":{"rendered":"Atenci\u00f3n a personas en situaci\u00f3n de dependencia"},"content":{"rendered":"<h2 style=\"text-align: center;\"><a href=\"https:\/\/www.fpbaixemporda.com\/es\/fp-dual\/\">Ciclo dual<\/a><\/h2>\n<h3>Descripci\u00f3n<\/h3>\n<p style=\"text-align: justify;\" class=\"translation-block\">Estos estudios <strong>capacitan para atender a las personas en situaci\u00f3n de dependencia<\/strong>, en el \u00e1mbito domiciliario e institucional, a fin de mantener y mejorar su calidad de vida, realizando actividades asistenciales, no sanitarias, psicosociales y de apoyo a la gesti\u00f3n dom\u00e9stica, y aplicando medidas y normas de prevenci\u00f3n y seguridad y deriv\u00e1ndolas a otros servicios cuando sea necesario.<\/p>\n<p style=\"text-align: justify;\" class=\"translation-block\">Tienen una duraci\u00f3n de <strong>2.000 horas<\/strong> (aproximadamente 1.485 lectivas en un centro educativo y 515 de pr\u00e1cticas en un centro de trabajo) distribuidas en <strong>dos cursos<\/strong> acad\u00e9micos.<\/p>\n<h3>Contenidos<\/h3>\n<ul>\n<li>Organizaci\u00f3n de la atenci\u00f3n a las personas en situaci\u00f3n de dependencia.<\/li>\n<li>Destrezas sociales.<\/li>\n<li>Caracter\u00edsticas y necesidades de las personas en situaci\u00f3n de dependencia.<\/li>\n<li>Atenci\u00f3n y soporte psicosocial.<\/li>\n<li>Apoyo en la comunicaci\u00f3n.<\/li>\n<li>Apoyo domiciliario.<\/li>\n<li>Atenci\u00f3n sanitaria.<\/li>\n<li>Atenci\u00f3n higi\u00e9nica.<\/li>\n<li>Teleasistencia.<\/li>\n<li>Primeros Auxilios.<\/li>\n<li>Catal\u00e1n Profesional.<\/li>\n<li>Ingl\u00e9s Profesional.<\/li>\n<li>Digitalizaci\u00f3n aplicada a los sectores productivos.<\/li>\n<li>Sostenibilidad aplicada en el sistema productivo.<\/li>\n<li>Itinerario personal para la empleabilidad I y II.<\/li>\n<li>Proyecto intermodular.<\/li>\n<\/ul>\n<h3>C\u00f3mo acceder<\/h3>\n<p>Tienen\u00a0<strong>acceso directo<\/strong>\u00a0al ciclo las personas que cumplen alguno de los siguientes requisitos:<\/p>\n<ul>\n<li>Tener el t\u00edtulo de graduado en educaci\u00f3n secundaria obligatoria.<\/li>\n<li>Haber superado el curso espec\u00edfico para el acceso a ciclos de grado medio.<\/li>\n<li>Tener el t\u00edtulo de t\u00e9cnico o t\u00e9cnico auxiliar.<\/li>\n<li>Haber superado el segundo curso del bachillerato unificado y polivalente (BUP).<\/li>\n<li>Tener otros estudios equivalentes a efectos acad\u00e9micos.<\/li>\n<li>Haber superado la prueba de acceso a la universidad para mayores de 25 a\u00f1os.<\/li>\n<li>Haber superado los m\u00f3dulos obligatorios de un programa de calificaci\u00f3n profesional inicial (PCPI).<\/li>\n<li>Tener un t\u00edtulo para acceder a un ciclo formativo de grado superior.<\/li>\n<\/ul>\n<p style=\"text-align: justify;\">Las personas que no cumplen ninguno de los requisitos mencionados deben superar una prueba de acceso. Para presentarse es necesario tener como m\u00ednimo 17 a\u00f1os en el a\u00f1o en que se hace la prueba.<\/p>\n<h3>Salidas profesionales<\/h3>\n<h4>Salidas acad\u00e9micas<\/h4>\n<p>Con estos estudios se obtiene el <strong>t\u00edtulo de<\/strong>\u00a0<strong>t\u00e9cnico o t\u00e9cnica<\/strong>, que permite acceder:<\/p>\n<ul>\n<li>Al bachillerato.<\/li>\n<li>A un ciclo de grado superior de formaci\u00f3n profesional.<\/li>\n<\/ul>\n<h4>Salidas laborales<\/h4>\n<p>La superaci\u00f3n de este ciclo formativo permite acceder al\u00a0<strong>mundo laboral<\/strong>\u00a0como:<\/p>\n<ul>\n<li>Asistente o asistenta de personas en situaci\u00f3n de dependencia en instituciones y\/o domicilios.<\/li>\n<li>Gobernante y subgobernante o gobernanta y subgobernanta de personas en situaci\u00f3n de dependencia en instituciones.<\/li>\n<li>Auxiliar responsable de planta de residencias de personas mayores y personas con discapacidad.<\/li>\n<li>Auxiliar de ayuda a domicilio.<\/li>\n<li>Asistente o asistenta de atenci\u00f3n domiciliaria.<\/li>\n<li>Trabajador o trabajadora familiar.<\/li>\n<li>Auxiliar de educaci\u00f3n especial.<\/li>\n<li>Asistente o asistenta personal.<\/li>\n<li>Teleoperador o teleoperadora de teleasistencia.<\/li>\n<\/ul>\n<h3>Puedes estudiar este ciclo en\u2026<\/h3>\n\t\t<div data-elementor-type=\"page\" data-elementor-id=\"2848\" class=\"elementor elementor-2848\" data-elementor-post-type=\"elementor_library\">\n\t\t\t\t\t\t<section class=\"elementor-section elementor-top-section elementor-element elementor-element-264971f elementor-section-full_width elementor-section-height-default elementor-section-height-default\" data-id=\"264971f\" data-element_type=\"section\" data-e-type=\"section\">\n\t\t\t\t\t\t<div class=\"elementor-container elementor-column-gap-no\">\n\t\t\t\t\t<div class=\"elementor-column elementor-col-100 elementor-top-column elementor-element elementor-element-93cdefc\" data-id=\"93cdefc\" data-element_type=\"column\" data-e-type=\"column\">\n\t\t\t<div class=\"elementor-widget-wrap elementor-element-populated\">\n\t\t\t\t\t\t<section class=\"elementor-section elementor-inner-section elementor-element elementor-element-6cb1918 elementor-section-full_width elementor-section-height-default elementor-section-height-default\" data-id=\"6cb1918\" data-element_type=\"section\" data-e-type=\"section\">\n\t\t\t\t\t\t<div class=\"elementor-container elementor-column-gap-narrow\">\n\t\t\t\t\t<div class=\"elementor-column elementor-col-16 elementor-inner-column elementor-element elementor-element-cc2f142\" data-id=\"cc2f142\" data-element_type=\"column\" data-e-type=\"column\">\n\t\t\t<div class=\"elementor-widget-wrap elementor-element-populated\">\n\t\t\t\t\t\t<div class=\"elementor-element elementor-element-392520f elementor-widget elementor-widget-image\" data-id=\"392520f\" data-element_type=\"widget\" data-e-type=\"widget\" data-widget_type=\"image.default\">\n\t\t\t\t\t\t\t\t\t\t\t\t\t\t\t<img fetchpriority=\"high\" decoding=\"async\" width=\"600\" height=\"370\" src=\"https:\/\/www.fpbaixemporda.com\/wp-content\/uploads\/2026\/04\/IES-Baix-Emporda.jpg\" class=\"attachment-full size-full wp-image-5756\" alt=\"INS Baix Empord\u00e0 | FP Baix Empord\u00e0\" srcset=\"https:\/\/www.fpbaixemporda.com\/wp-content\/uploads\/2026\/04\/IES-Baix-Emporda.jpg.webp 600w, https:\/\/www.fpbaixemporda.com\/wp-content\/uploads\/2026\/04\/IES-Baix-Emporda-300x185.jpg.webp 300w, https:\/\/www.fpbaixemporda.com\/wp-content\/uploads\/2026\/04\/IES-Baix-Emporda-18x12.jpg.webp 18w\" sizes=\"(max-width: 600px) 100vw, 600px\" \/>\t\t\t\t\t\t\t\t\t\t\t\t\t\t\t<\/div>\n\t\t\t\t\t<\/div>\n\t\t<\/div>\n\t\t\t\t<div class=\"elementor-column elementor-col-16 elementor-inner-column elementor-element elementor-element-783eb53\" data-id=\"783eb53\" data-element_type=\"column\" data-e-type=\"column\">\n\t\t\t<div class=\"elementor-widget-wrap elementor-element-populated\">\n\t\t\t\t\t\t<div class=\"elementor-element elementor-element-b359083 elementor-widget elementor-widget-image\" data-id=\"b359083\" data-element_type=\"widget\" data-e-type=\"widget\" data-widget_type=\"image.default\">\n\t\t\t\t\t\t\t\t\t\t\t\t\t\t\t\t<a href=\"https:\/\/www.fpbaixemporda.com\/es\/ins-la-bisbal\/\">\n\t\t\t\t\t\t\t<img decoding=\"async\" width=\"600\" height=\"370\" src=\"https:\/\/www.fpbaixemporda.com\/wp-content\/uploads\/2020\/02\/IES-La-Bisbal.jpg\" class=\"attachment-full size-full wp-image-615\" alt=\"INS La Bisbal | FP Baix Empord\u00e0\" srcset=\"https:\/\/www.fpbaixemporda.com\/wp-content\/uploads\/2020\/02\/IES-La-Bisbal.jpg.webp 600w, https:\/\/www.fpbaixemporda.com\/wp-content\/uploads\/2020\/02\/IES-La-Bisbal-300x185.jpg.webp 300w\" sizes=\"(max-width: 600px) 100vw, 600px\" \/>\t\t\t\t\t\t\t\t<\/a>\n\t\t\t\t\t\t\t\t\t\t\t\t\t\t\t<\/div>\n\t\t\t\t\t<\/div>\n\t\t<\/div>\n\t\t\t\t<div class=\"elementor-column elementor-col-16 elementor-inner-column elementor-element elementor-element-d628a8e\" data-id=\"d628a8e\" data-element_type=\"column\" data-e-type=\"column\">\n\t\t\t<div class=\"elementor-widget-wrap elementor-element-populated\">\n\t\t\t\t\t\t<div class=\"elementor-element elementor-element-040bcc1 elementor-widget elementor-widget-image\" data-id=\"040bcc1\" data-element_type=\"widget\" data-e-type=\"widget\" data-widget_type=\"image.default\">\n\t\t\t\t\t\t\t\t\t\t\t\t\t\t\t<img decoding=\"async\" width=\"600\" height=\"370\" src=\"https:\/\/www.fpbaixemporda.com\/wp-content\/uploads\/2020\/02\/IES-Montgr\u00ed.jpg\" class=\"attachment-full size-full wp-image-623\" alt=\"INS Montgr\u00ed | FP Baix Empord\u00e0\" srcset=\"https:\/\/www.fpbaixemporda.com\/wp-content\/uploads\/2020\/02\/IES-Montgr\u00ed.jpg.webp 600w, https:\/\/www.fpbaixemporda.com\/wp-content\/uploads\/2020\/02\/IES-Montgr\u00ed-300x185.jpg.webp 300w\" sizes=\"(max-width: 600px) 100vw, 600px\" \/>\t\t\t\t\t\t\t\t\t\t\t\t\t\t\t<\/div>\n\t\t\t\t\t<\/div>\n\t\t<\/div>\n\t\t\t\t<div class=\"elementor-column elementor-col-16 elementor-inner-column elementor-element elementor-element-b711ba1\" data-id=\"b711ba1\" data-element_type=\"column\" data-e-type=\"column\">\n\t\t\t<div class=\"elementor-widget-wrap elementor-element-populated\">\n\t\t\t\t\t\t<div class=\"elementor-element elementor-element-cc6b2ea elementor-widget elementor-widget-image\" data-id=\"cc6b2ea\" data-element_type=\"widget\" data-e-type=\"widget\" data-widget_type=\"image.default\">\n\t\t\t\t\t\t\t\t\t\t\t\t\t\t\t\t<a href=\"https:\/\/www.fpbaixemporda.com\/es\/ins-palamos\/\">\n\t\t\t\t\t\t\t<img loading=\"lazy\" decoding=\"async\" width=\"600\" height=\"370\" src=\"https:\/\/www.fpbaixemporda.com\/wp-content\/uploads\/2020\/02\/IES-Palam\u00f3s.jpg\" class=\"attachment-full size-full wp-image-626\" alt=\"INS Palam\u00f3s | FP Baix Empord\u00e0\" srcset=\"https:\/\/www.fpbaixemporda.com\/wp-content\/uploads\/2020\/02\/IES-Palam\u00f3s.jpg.webp 600w, https:\/\/www.fpbaixemporda.com\/wp-content\/uploads\/2020\/02\/IES-Palam\u00f3s-300x185.jpg.webp 300w\" sizes=\"(max-width: 600px) 100vw, 600px\" \/>\t\t\t\t\t\t\t\t<\/a>\n\t\t\t\t\t\t\t\t\t\t\t\t\t\t\t<\/div>\n\t\t\t\t\t<\/div>\n\t\t<\/div>\n\t\t\t\t<div class=\"elementor-column elementor-col-16 elementor-inner-column elementor-element elementor-element-ff66d59\" data-id=\"ff66d59\" data-element_type=\"column\" data-e-type=\"column\">\n\t\t\t<div class=\"elementor-widget-wrap elementor-element-populated\">\n\t\t\t\t\t\t<div class=\"elementor-element elementor-element-deee3c7 elementor-widget elementor-widget-image\" data-id=\"deee3c7\" data-element_type=\"widget\" data-e-type=\"widget\" data-widget_type=\"image.default\">\n\t\t\t\t\t\t\t\t\t\t\t\t\t\t\t<img loading=\"lazy\" decoding=\"async\" width=\"600\" height=\"370\" src=\"https:\/\/www.fpbaixemporda.com\/wp-content\/uploads\/2020\/02\/IES-Sant-Feliu.jpg\" class=\"attachment-full size-full wp-image-629\" alt=\"IES Sant Feliu | FP Baix Empord\u00e0\" srcset=\"https:\/\/www.fpbaixemporda.com\/wp-content\/uploads\/2020\/02\/IES-Sant-Feliu.jpg.webp 600w, https:\/\/www.fpbaixemporda.com\/wp-content\/uploads\/2020\/02\/IES-Sant-Feliu-300x185.jpg.webp 300w\" sizes=\"(max-width: 600px) 100vw, 600px\" \/>\t\t\t\t\t\t\t\t\t\t\t\t\t\t\t<\/div>\n\t\t\t\t\t<\/div>\n\t\t<\/div>\n\t\t\t\t<div class=\"elementor-column elementor-col-16 elementor-inner-column elementor-element elementor-element-f52c837\" data-id=\"f52c837\" data-element_type=\"column\" data-e-type=\"column\">\n\t\t\t<div class=\"elementor-widget-wrap elementor-element-populated\">\n\t\t\t\t\t\t<div class=\"elementor-element elementor-element-59c2b07 elementor-widget elementor-widget-image\" data-id=\"59c2b07\" data-element_type=\"widget\" data-e-type=\"widget\" data-widget_type=\"image.default\">\n\t\t\t\t\t\t\t\t\t\t\t\t\t\t\t<img loading=\"lazy\" decoding=\"async\" width=\"600\" height=\"370\" src=\"https:\/\/www.fpbaixemporda.com\/wp-content\/uploads\/2023\/01\/Escola-Agraria-Monells.jpg\" class=\"attachment-full size-full wp-image-3962\" alt=\"Escuela Agraria Empord\u00e0 | FP Baix Empord\u00e0\" srcset=\"https:\/\/www.fpbaixemporda.com\/wp-content\/uploads\/2023\/01\/Escola-Agraria-Monells.jpg 600w, https:\/\/www.fpbaixemporda.com\/wp-content\/uploads\/2023\/01\/Escola-Agraria-Monells-300x185.jpg 300w\" sizes=\"(max-width: 600px) 100vw, 600px\" \/>\t\t\t\t\t\t\t\t\t\t\t\t\t\t\t<\/div>\n\t\t\t\t\t<\/div>\n\t\t<\/div>\n\t\t\t\t\t<\/div>\n\t\t<\/section>\n\t\t\t\t\t<\/div>\n\t\t<\/div>\n\t\t\t\t\t<\/div>\n\t\t<\/section>\n\t\t\t\t<\/div>","protected":false},"excerpt":{"rendered":"<p>Cicle dual Descripci\u00f3 Aquests estudis capaciten per atendre les persones en situaci\u00f3 de depend\u00e8ncia, en l&#8217;\u00e0mbit domiciliari i institucional, a fi de mantenir i millorar la seva qualitat de vida, fent activitats assistencials, no sanit\u00e0ries, psicosocials i de suport a la gesti\u00f3 dom\u00e8stica, i aplicant mesures i normes de prevenci\u00f3 i seguretat i derivant-les a<br \/><a class=\"moretag\" href=\"https:\/\/www.fpbaixemporda.com\/es\/cf-grau-mitja\/atencio-a-persones-en-situacio-de-dependencia\/\">+ Read More<\/a><\/p>","protected":false},"author":1,"featured_media":531,"parent":187,"menu_order":0,"comment_status":"closed","ping_status":"closed","template":"templates\/page-fullwidth_template.php","meta":{"footnotes":""},"class_list":["post-201","page","type-page","status-publish","has-post-thumbnail","hentry"],"yoast_head":"<!-- This site is optimized with the Yoast SEO plugin v27.5 - https:\/\/yoast.com\/product\/yoast-seo-wordpress\/ -->\n<title>Atenci\u00f3 a persones en situaci\u00f3 de depend\u00e8ncia - FP Baix Empord\u00e0<\/title>\n<meta name=\"robots\" content=\"index, follow, max-snippet:-1, max-image-preview:large, max-video-preview:-1\" \/>\n<link rel=\"canonical\" href=\"https:\/\/www.fpbaixemporda.com\/es\/cf-grau-mitja\/atencio-a-persones-en-situacio-de-dependencia\/\" \/>\n<meta property=\"og:locale\" content=\"es_ES\" \/>\n<meta property=\"og:type\" content=\"article\" \/>\n<meta property=\"og:title\" content=\"Atenci\u00f3 a persones en situaci\u00f3 de depend\u00e8ncia - FP Baix Empord\u00e0\" \/>\n<meta property=\"og:description\" content=\"Cicle dual Descripci\u00f3 Aquests estudis capaciten per atendre les persones en situaci\u00f3 de depend\u00e8ncia, en l&#8217;\u00e0mbit domiciliari i institucional, a fi de mantenir i millorar la seva qualitat de vida, fent activitats assistencials, no sanit\u00e0ries, psicosocials i de suport a la gesti\u00f3 dom\u00e8stica, i aplicant mesures i normes de prevenci\u00f3 i seguretat i derivant-les a+ Read More\" \/>\n<meta property=\"og:url\" content=\"https:\/\/www.fpbaixemporda.com\/es\/cf-grau-mitja\/atencio-a-persones-en-situacio-de-dependencia\/\" \/>\n<meta property=\"og:site_name\" content=\"FP Baix Empord\u00e0\" \/>\n<meta property=\"article:publisher\" content=\"https:\/\/www.facebook.com\/fpbaixemporda\" \/>\n<meta property=\"article:modified_time\" content=\"2025-10-21T15:44:34+00:00\" \/>\n<meta property=\"og:image\" content=\"https:\/\/www.fpbaixemporda.com\/wp-content\/uploads\/2020\/02\/Atenci\u00f3-persones-situaci\u00f3-depend\u00e8ncia-FP-Baix-Empord\u00e0.jpg\" \/>\n\t<meta property=\"og:image:width\" content=\"1400\" \/>\n\t<meta property=\"og:image:height\" content=\"320\" \/>\n\t<meta property=\"og:image:type\" content=\"image\/jpeg\" \/>\n<meta name=\"twitter:card\" content=\"summary_large_image\" \/>\n<meta name=\"twitter:label1\" content=\"Tiempo de lectura\" \/>\n\t<meta name=\"twitter:data1\" content=\"4 minutos\" \/>\n<script type=\"application\/ld+json\" class=\"yoast-schema-graph\">{\"@context\":\"https:\\\/\\\/schema.org\",\"@graph\":[{\"@type\":\"WebPage\",\"@id\":\"https:\\\/\\\/www.fpbaixemporda.com\\\/cf-grau-mitja\\\/atencio-a-persones-en-situacio-de-dependencia\\\/\",\"url\":\"https:\\\/\\\/www.fpbaixemporda.com\\\/cf-grau-mitja\\\/atencio-a-persones-en-situacio-de-dependencia\\\/\",\"name\":\"Atenci\u00f3 a persones en situaci\u00f3 de depend\u00e8ncia - FP Baix Empord\u00e0\",\"isPartOf\":{\"@id\":\"https:\\\/\\\/www.fpbaixemporda.com\\\/#website\"},\"primaryImageOfPage\":{\"@id\":\"https:\\\/\\\/www.fpbaixemporda.com\\\/cf-grau-mitja\\\/atencio-a-persones-en-situacio-de-dependencia\\\/#primaryimage\"},\"image\":{\"@id\":\"https:\\\/\\\/www.fpbaixemporda.com\\\/cf-grau-mitja\\\/atencio-a-persones-en-situacio-de-dependencia\\\/#primaryimage\"},\"thumbnailUrl\":\"https:\\\/\\\/www.fpbaixemporda.com\\\/wp-content\\\/uploads\\\/2020\\\/02\\\/Atenci\u00f3-persones-situaci\u00f3-depend\u00e8ncia-FP-Baix-Empord\u00e0.jpg\",\"datePublished\":\"2020-02-13T16:38:06+00:00\",\"dateModified\":\"2025-10-21T15:44:34+00:00\",\"breadcrumb\":{\"@id\":\"https:\\\/\\\/www.fpbaixemporda.com\\\/cf-grau-mitja\\\/atencio-a-persones-en-situacio-de-dependencia\\\/#breadcrumb\"},\"inLanguage\":\"es\",\"potentialAction\":[{\"@type\":\"ReadAction\",\"target\":[\"https:\\\/\\\/www.fpbaixemporda.com\\\/cf-grau-mitja\\\/atencio-a-persones-en-situacio-de-dependencia\\\/\"]}]},{\"@type\":\"ImageObject\",\"inLanguage\":\"es\",\"@id\":\"https:\\\/\\\/www.fpbaixemporda.com\\\/cf-grau-mitja\\\/atencio-a-persones-en-situacio-de-dependencia\\\/#primaryimage\",\"url\":\"https:\\\/\\\/www.fpbaixemporda.com\\\/wp-content\\\/uploads\\\/2020\\\/02\\\/Atenci\u00f3-persones-situaci\u00f3-depend\u00e8ncia-FP-Baix-Empord\u00e0.jpg\",\"contentUrl\":\"https:\\\/\\\/www.fpbaixemporda.com\\\/wp-content\\\/uploads\\\/2020\\\/02\\\/Atenci\u00f3-persones-situaci\u00f3-depend\u00e8ncia-FP-Baix-Empord\u00e0.jpg\",\"width\":1400,\"height\":320,\"caption\":\"Atenci\u00f3 persones situaci\u00f3 depend\u00e8ncia - FP Baix Empord\u00e0\"},{\"@type\":\"BreadcrumbList\",\"@id\":\"https:\\\/\\\/www.fpbaixemporda.com\\\/cf-grau-mitja\\\/atencio-a-persones-en-situacio-de-dependencia\\\/#breadcrumb\",\"itemListElement\":[{\"@type\":\"ListItem\",\"position\":1,\"name\":\"Home\",\"item\":\"https:\\\/\\\/www.fpbaixemporda.com\\\/\"},{\"@type\":\"ListItem\",\"position\":2,\"name\":\"CF Grau Mitj\u00e0\",\"item\":\"https:\\\/\\\/www.fpbaixemporda.com\\\/cf-grau-mitja\\\/\"},{\"@type\":\"ListItem\",\"position\":3,\"name\":\"Atenci\u00f3 a persones en situaci\u00f3 de depend\u00e8ncia\"}]},{\"@type\":\"WebSite\",\"@id\":\"https:\\\/\\\/www.fpbaixemporda.com\\\/#website\",\"url\":\"https:\\\/\\\/www.fpbaixemporda.com\\\/\",\"name\":\"FP Baix Empord\u00e0\",\"description\":\"El teu futur en bones mans\",\"publisher\":{\"@id\":\"https:\\\/\\\/www.fpbaixemporda.com\\\/#organization\"},\"potentialAction\":[{\"@type\":\"SearchAction\",\"target\":{\"@type\":\"EntryPoint\",\"urlTemplate\":\"https:\\\/\\\/www.fpbaixemporda.com\\\/?s={search_term_string}\"},\"query-input\":{\"@type\":\"PropertyValueSpecification\",\"valueRequired\":true,\"valueName\":\"search_term_string\"}}],\"inLanguage\":\"es\"},{\"@type\":\"Organization\",\"@id\":\"https:\\\/\\\/www.fpbaixemporda.com\\\/#organization\",\"name\":\"FP Baix Empord\u00e0\",\"url\":\"https:\\\/\\\/www.fpbaixemporda.com\\\/\",\"logo\":{\"@type\":\"ImageObject\",\"inLanguage\":\"es\",\"@id\":\"https:\\\/\\\/www.fpbaixemporda.com\\\/#\\\/schema\\\/logo\\\/image\\\/\",\"url\":\"https:\\\/\\\/www.fpbaixemporda.com\\\/wp-content\\\/uploads\\\/2020\\\/02\\\/FP-Baix-Empord\u00e0-Logo.png\",\"contentUrl\":\"https:\\\/\\\/www.fpbaixemporda.com\\\/wp-content\\\/uploads\\\/2020\\\/02\\\/FP-Baix-Empord\u00e0-Logo.png\",\"width\":180,\"height\":117,\"caption\":\"FP Baix Empord\u00e0\"},\"image\":{\"@id\":\"https:\\\/\\\/www.fpbaixemporda.com\\\/#\\\/schema\\\/logo\\\/image\\\/\"},\"sameAs\":[\"https:\\\/\\\/www.facebook.com\\\/fpbaixemporda\",\"https:\\\/\\\/www.instagram.com\\\/fp_baixemporda\\\/\"]}]}<\/script>\n<!-- \/ Yoast SEO plugin. -->","yoast_head_json":{"title":"Atenci\u00f3n a personas en situaci\u00f3n de dependencia - FP Baix Empord\u00e0","robots":{"index":"index","follow":"follow","max-snippet":"max-snippet:-1","max-image-preview":"max-image-preview:large","max-video-preview":"max-video-preview:-1"},"canonical":"https:\/\/www.fpbaixemporda.com\/es\/cf-grau-mitja\/atencio-a-persones-en-situacio-de-dependencia\/","og_locale":"es_ES","og_type":"article","og_title":"Atenci\u00f3 a persones en situaci\u00f3 de depend\u00e8ncia - FP Baix Empord\u00e0","og_description":"Cicle dual Descripci\u00f3 Aquests estudis capaciten per atendre les persones en situaci\u00f3 de depend\u00e8ncia, en l&#8217;\u00e0mbit domiciliari i institucional, a fi de mantenir i millorar la seva qualitat de vida, fent activitats assistencials, no sanit\u00e0ries, psicosocials i de suport a la gesti\u00f3 dom\u00e8stica, i aplicant mesures i normes de prevenci\u00f3 i seguretat i derivant-les a+ Read More","og_url":"https:\/\/www.fpbaixemporda.com\/es\/cf-grau-mitja\/atencio-a-persones-en-situacio-de-dependencia\/","og_site_name":"FP Baix Empord\u00e0","article_publisher":"https:\/\/www.facebook.com\/fpbaixemporda","article_modified_time":"2025-10-21T15:44:34+00:00","og_image":[{"width":1400,"height":320,"url":"https:\/\/www.fpbaixemporda.com\/wp-content\/uploads\/2020\/02\/Atenci\u00f3-persones-situaci\u00f3-depend\u00e8ncia-FP-Baix-Empord\u00e0.jpg","type":"image\/jpeg"}],"twitter_card":"summary_large_image","twitter_misc":{"Tiempo de lectura":"4 minutos"},"schema":{"@context":"https:\/\/schema.org","@graph":[{"@type":"WebPage","@id":"https:\/\/www.fpbaixemporda.com\/cf-grau-mitja\/atencio-a-persones-en-situacio-de-dependencia\/","url":"https:\/\/www.fpbaixemporda.com\/cf-grau-mitja\/atencio-a-persones-en-situacio-de-dependencia\/","name":"Atenci\u00f3n a personas en situaci\u00f3n de dependencia - FP Baix Empord\u00e0","isPartOf":{"@id":"https:\/\/www.fpbaixemporda.com\/#website"},"primaryImageOfPage":{"@id":"https:\/\/www.fpbaixemporda.com\/cf-grau-mitja\/atencio-a-persones-en-situacio-de-dependencia\/#primaryimage"},"image":{"@id":"https:\/\/www.fpbaixemporda.com\/cf-grau-mitja\/atencio-a-persones-en-situacio-de-dependencia\/#primaryimage"},"thumbnailUrl":"https:\/\/www.fpbaixemporda.com\/wp-content\/uploads\/2020\/02\/Atenci\u00f3-persones-situaci\u00f3-depend\u00e8ncia-FP-Baix-Empord\u00e0.jpg","datePublished":"2020-02-13T16:38:06+00:00","dateModified":"2025-10-21T15:44:34+00:00","breadcrumb":{"@id":"https:\/\/www.fpbaixemporda.com\/cf-grau-mitja\/atencio-a-persones-en-situacio-de-dependencia\/#breadcrumb"},"inLanguage":"es","potentialAction":[{"@type":"ReadAction","target":["https:\/\/www.fpbaixemporda.com\/cf-grau-mitja\/atencio-a-persones-en-situacio-de-dependencia\/"]}]},{"@type":"ImageObject","inLanguage":"es","@id":"https:\/\/www.fpbaixemporda.com\/cf-grau-mitja\/atencio-a-persones-en-situacio-de-dependencia\/#primaryimage","url":"https:\/\/www.fpbaixemporda.com\/wp-content\/uploads\/2020\/02\/Atenci\u00f3-persones-situaci\u00f3-depend\u00e8ncia-FP-Baix-Empord\u00e0.jpg","contentUrl":"https:\/\/www.fpbaixemporda.com\/wp-content\/uploads\/2020\/02\/Atenci\u00f3-persones-situaci\u00f3-depend\u00e8ncia-FP-Baix-Empord\u00e0.jpg","width":1400,"height":320,"caption":"Atenci\u00f3 persones situaci\u00f3 depend\u00e8ncia - FP Baix Empord\u00e0"},{"@type":"BreadcrumbList","@id":"https:\/\/www.fpbaixemporda.com\/cf-grau-mitja\/atencio-a-persones-en-situacio-de-dependencia\/#breadcrumb","itemListElement":[{"@type":"ListItem","position":1,"name":"Home","item":"https:\/\/www.fpbaixemporda.com\/"},{"@type":"ListItem","position":2,"name":"CF Grau Mitj\u00e0","item":"https:\/\/www.fpbaixemporda.com\/cf-grau-mitja\/"},{"@type":"ListItem","position":3,"name":"Atenci\u00f3 a persones en situaci\u00f3 de depend\u00e8ncia"}]},{"@type":"WebSite","@id":"https:\/\/www.fpbaixemporda.com\/#website","url":"https:\/\/www.fpbaixemporda.com\/","name":"FP Baix Empord\u00e0","description":"El teu futur en bones mans","publisher":{"@id":"https:\/\/www.fpbaixemporda.com\/#organization"},"potentialAction":[{"@type":"SearchAction","target":{"@type":"EntryPoint","urlTemplate":"https:\/\/www.fpbaixemporda.com\/?s={search_term_string}"},"query-input":{"@type":"PropertyValueSpecification","valueRequired":true,"valueName":"search_term_string"}}],"inLanguage":"es"},{"@type":"Organization","@id":"https:\/\/www.fpbaixemporda.com\/#organization","name":"FP Baix Empord\u00e0","url":"https:\/\/www.fpbaixemporda.com\/","logo":{"@type":"ImageObject","inLanguage":"es","@id":"https:\/\/www.fpbaixemporda.com\/#\/schema\/logo\/image\/","url":"https:\/\/www.fpbaixemporda.com\/wp-content\/uploads\/2020\/02\/FP-Baix-Empord\u00e0-Logo.png","contentUrl":"https:\/\/www.fpbaixemporda.com\/wp-content\/uploads\/2020\/02\/FP-Baix-Empord\u00e0-Logo.png","width":180,"height":117,"caption":"FP Baix Empord\u00e0"},"image":{"@id":"https:\/\/www.fpbaixemporda.com\/#\/schema\/logo\/image\/"},"sameAs":["https:\/\/www.facebook.com\/fpbaixemporda","https:\/\/www.instagram.com\/fp_baixemporda\/"]}]}},"_links":{"self":[{"href":"https:\/\/www.fpbaixemporda.com\/es\/wp-json\/wp\/v2\/pages\/201","targetHints":{"allow":["GET"]}}],"collection":[{"href":"https:\/\/www.fpbaixemporda.com\/es\/wp-json\/wp\/v2\/pages"}],"about":[{"href":"https:\/\/www.fpbaixemporda.com\/es\/wp-json\/wp\/v2\/types\/page"}],"author":[{"embeddable":true,"href":"https:\/\/www.fpbaixemporda.com\/es\/wp-json\/wp\/v2\/users\/1"}],"replies":[{"embeddable":true,"href":"https:\/\/www.fpbaixemporda.com\/es\/wp-json\/wp\/v2\/comments?post=201"}],"version-history":[{"count":0,"href":"https:\/\/www.fpbaixemporda.com\/es\/wp-json\/wp\/v2\/pages\/201\/revisions"}],"up":[{"embeddable":true,"href":"https:\/\/www.fpbaixemporda.com\/es\/wp-json\/wp\/v2\/pages\/187"}],"wp:featuredmedia":[{"embeddable":true,"href":"https:\/\/www.fpbaixemporda.com\/es\/wp-json\/wp\/v2\/media\/531"}],"wp:attachment":[{"href":"https:\/\/www.fpbaixemporda.com\/es\/wp-json\/wp\/v2\/media?parent=201"}],"curies":[{"name":"wp","href":"https:\/\/api.w.org\/{rel}","templated":true}]}}