{"id":258,"date":"2020-02-13T17:33:14","date_gmt":"2020-02-13T16:33:14","guid":{"rendered":"https:\/\/www.fpbaixemporda.com\/?page_id=258"},"modified":"2025-10-23T14:06:11","modified_gmt":"2025-10-23T12:06:11","slug":"ins-sant-feliu","status":"publish","type":"page","link":"https:\/\/www.fpbaixemporda.com\/es\/ins-sant-feliu\/","title":{"rendered":"INS Sant Feliu"},"content":{"rendered":"\t\t<div data-elementor-type=\"wp-page\" data-elementor-id=\"258\" class=\"elementor elementor-258\" data-elementor-post-type=\"page\">\n\t\t\t\t\t\t<section class=\"elementor-section elementor-top-section elementor-element elementor-element-27362c5 elementor-section-full_width elementor-section-height-default elementor-section-height-default\" data-id=\"27362c5\" data-element_type=\"section\" data-e-type=\"section\">\n\t\t\t\t\t\t<div class=\"elementor-container elementor-column-gap-no\">\n\t\t\t\t\t<div class=\"elementor-column elementor-col-100 elementor-top-column elementor-element elementor-element-2504fdd\" data-id=\"2504fdd\" data-element_type=\"column\" data-e-type=\"column\">\n\t\t\t<div class=\"elementor-widget-wrap elementor-element-populated\">\n\t\t\t\t\t\t<div class=\"elementor-element elementor-element-281e1e7 elementor-widget elementor-widget-text-editor\" data-id=\"281e1e7\" data-element_type=\"widget\" data-e-type=\"widget\" data-widget_type=\"text-editor.default\">\n\t\t\t\t\t\t\t\t\t<p>Benvingut a <strong>Institut Sant Feliu de Gu\u00edxols<\/strong>. Un modern edifici equipat amb els millors serveis i \u00faltima tecnologia per garantir un ensenyament de qualitat. El nostre equip docent t\u2019espera&#8230; ens coneixem?<\/p>\t\t\t\t\t\t\t\t<\/div>\n\t\t\t\t<div class=\"elementor-element elementor-element-74971ff elementor-widget elementor-widget-heading\" data-id=\"74971ff\" data-element_type=\"widget\" data-e-type=\"widget\" data-widget_type=\"heading.default\">\n\t\t\t\t\t<h3 class=\"elementor-heading-title elementor-size-default\">CONTACTE<\/h3>\t\t\t\t<\/div>\n\t\t\t\t<div class=\"elementor-element elementor-element-41b7686 elementor-icon-list--layout-inline elementor-align-center elementor-list-item-link-full_width elementor-widget elementor-widget-icon-list\" data-id=\"41b7686\" data-element_type=\"widget\" data-e-type=\"widget\" data-widget_type=\"icon-list.default\">\n\t\t\t\t\t\t\t<ul class=\"elementor-icon-list-items elementor-inline-items\">\n\t\t\t\t\t\t\t<li class=\"elementor-icon-list-item elementor-inline-item\">\n\t\t\t\t\t\t\t\t\t\t\t<a href=\"tel:972820118\">\n\n\t\t\t\t\t\t\t\t\t\t\t\t<span class=\"elementor-icon-list-icon\">\n\t\t\t\t\t\t\t<i aria-hidden=\"true\" class=\"fas fa-phone-alt\"><\/i>\t\t\t\t\t\t<\/span>\n\t\t\t\t\t\t\t\t\t\t<span class=\"elementor-icon-list-text\">972 82 01 18<\/span>\n\t\t\t\t\t\t\t\t\t\t\t<\/a>\n\t\t\t\t\t\t\t\t\t<\/li>\n\t\t\t\t\t\t\t\t<li class=\"elementor-icon-list-item elementor-inline-item\">\n\t\t\t\t\t\t\t\t\t\t\t<a href=\"mailto:institut@isantfeliu.net\">\n\n\t\t\t\t\t\t\t\t\t\t\t\t<span class=\"elementor-icon-list-icon\">\n\t\t\t\t\t\t\t<i aria-hidden=\"true\" class=\"fas fa-envelope\"><\/i>\t\t\t\t\t\t<\/span>\n\t\t\t\t\t\t\t\t\t\t<span class=\"elementor-icon-list-text\">institut@isantfeliu.net<\/span>\n\t\t\t\t\t\t\t\t\t\t\t<\/a>\n\t\t\t\t\t\t\t\t\t<\/li>\n\t\t\t\t\t\t\t\t<li class=\"elementor-icon-list-item elementor-inline-item\">\n\t\t\t\t\t\t\t\t\t\t\t<a href=\"https:\/\/agora.xtec.cat\/iessantfeliu\/\" target=\"_blank\">\n\n\t\t\t\t\t\t\t\t\t\t\t\t<span class=\"elementor-icon-list-icon\">\n\t\t\t\t\t\t\t<i aria-hidden=\"true\" class=\"fas fa-laptop\"><\/i>\t\t\t\t\t\t<\/span>\n\t\t\t\t\t\t\t\t\t\t<span class=\"elementor-icon-list-text\">web<\/span>\n\t\t\t\t\t\t\t\t\t\t\t<\/a>\n\t\t\t\t\t\t\t\t\t<\/li>\n\t\t\t\t\t\t\t\t<li class=\"elementor-icon-list-item elementor-inline-item\">\n\t\t\t\t\t\t\t\t\t\t\t<a href=\"https:\/\/www.instagram.com\/institutsantfeliufpdual\" target=\"_blank\">\n\n\t\t\t\t\t\t\t\t\t\t\t\t<span class=\"elementor-icon-list-icon\">\n\t\t\t\t\t\t\t<i aria-hidden=\"true\" class=\"fab fa-instagram\"><\/i>\t\t\t\t\t\t<\/span>\n\t\t\t\t\t\t\t\t\t\t<span class=\"elementor-icon-list-text\">@institutsantfeliufpdual<\/span>\n\t\t\t\t\t\t\t\t\t\t\t<\/a>\n\t\t\t\t\t\t\t\t\t<\/li>\n\t\t\t\t\t\t<\/ul>\n\t\t\t\t\t\t<\/div>\n\t\t\t\t<div class=\"elementor-element elementor-element-6c76a5a elementor-widget elementor-widget-heading\" data-id=\"6c76a5a\" data-element_type=\"widget\" data-e-type=\"widget\" data-widget_type=\"heading.default\">\n\t\t\t\t\t<h3 class=\"elementor-heading-title elementor-size-default\">ON SOM<\/h3>\t\t\t\t<\/div>\n\t\t\t\t<div class=\"elementor-element elementor-element-87d23f0 elementor-icon-list--layout-inline elementor-align-center elementor-list-item-link-full_width elementor-widget elementor-widget-icon-list\" data-id=\"87d23f0\" data-element_type=\"widget\" data-e-type=\"widget\" data-widget_type=\"icon-list.default\">\n\t\t\t\t\t\t\t<ul class=\"elementor-icon-list-items elementor-inline-items\">\n\t\t\t\t\t\t\t<li class=\"elementor-icon-list-item elementor-inline-item\">\n\t\t\t\t\t\t\t\t\t\t\t<a href=\"https:\/\/www.google.es\/maps\/place\/Institut+Sant+Feliu+de+Gu%C3%ADxols\/@41.7947383,3.0213643,17z\/data=!3m1!4b1!4m5!3m4!1s0x12bb06aec473be25:0x374094748300f5e6!8m2!3d41.7947383!4d3.023553\" target=\"_blank\">\n\n\t\t\t\t\t\t\t\t\t\t\t\t<span class=\"elementor-icon-list-icon\">\n\t\t\t\t\t\t\t<i aria-hidden=\"true\" class=\"fas fa-map-marked-alt\"><\/i>\t\t\t\t\t\t<\/span>\n\t\t\t\t\t\t\t\t\t\t<span class=\"elementor-icon-list-text\">Carrer Canig\u00f3, 41 | <b>Sant Feliu de Gu\u00edxols<\/b><\/span>\n\t\t\t\t\t\t\t\t\t\t\t<\/a>\n\t\t\t\t\t\t\t\t\t<\/li>\n\t\t\t\t\t\t<\/ul>\n\t\t\t\t\t\t<\/div>\n\t\t\t\t<div class=\"elementor-element elementor-element-638bfa8 elementor-widget elementor-widget-google_maps\" data-id=\"638bfa8\" data-element_type=\"widget\" data-e-type=\"widget\" data-widget_type=\"google_maps.default\">\n\t\t\t\t\t\t\t<div class=\"elementor-custom-embed\">\n\t\t\t<iframe loading=\"lazy\"\n\t\t\t\t\tsrc=\"https:\/\/maps.google.com\/maps?q=Institut%20Sant%20Feliu%20de%20Gu%C3%ADxols&#038;t=m&#038;z=16&#038;output=embed&#038;iwloc=near\"\n\t\t\t\t\ttitle=\"Institut Sant Feliu de Gu\u00edxols\"\n\t\t\t\t\taria-label=\"Institut Sant Feliu de Gu\u00edxols\"\n\t\t\t><\/iframe>\n\t\t<\/div>\n\t\t\t\t\t\t<\/div>\n\t\t\t\t<div class=\"elementor-element elementor-element-5ffcf65 elementor-widget elementor-widget-heading\" data-id=\"5ffcf65\" data-element_type=\"widget\" data-e-type=\"widget\" data-widget_type=\"heading.default\">\n\t\t\t\t\t<h3 class=\"elementor-heading-title elementor-size-default\">COM ARRIBAR<\/h3>\t\t\t\t<\/div>\n\t\t\t\t<div class=\"elementor-element elementor-element-3aecd81 elementor-widget elementor-widget-eael-creative-button\" data-id=\"3aecd81\" data-element_type=\"widget\" data-e-type=\"widget\" data-widget_type=\"eael-creative-button.default\">\n\t\t\t\t\t        <div class=\"eael-creative-button-wrapper\">\n\n            <a class=\"eael-creative-button eael-creative-button--default eael-cb-icon-position-\" href=\"https:\/\/mou-te.gencat.cat\" target=\"_blank\" data-text=\"Busca la ruta per arribar a aquest Institut\">\n            \t    \n                <div class=\"creative-button-inner\">\n\n                    \n                    <span class=\"cretive-button-text\">Busca la ruta per arribar a aquest Institut<\/span>\n\n                                    <\/div>\n\t                        <\/a>\n        <\/div>\n        \t\t\t\t<\/div>\n\t\t\t\t<div class=\"elementor-element elementor-element-75a677d elementor-widget elementor-widget-heading\" data-id=\"75a677d\" data-element_type=\"widget\" data-e-type=\"widget\" data-widget_type=\"heading.default\">\n\t\t\t\t\t<h3 class=\"elementor-heading-title elementor-size-default\">IMATGES<\/h3>\t\t\t\t<\/div>\n\t\t\t\t<div class=\"elementor-element elementor-element-d74618c elementor-widget elementor-widget-gallery\" data-id=\"d74618c\" data-element_type=\"widget\" data-e-type=\"widget\" data-settings=\"{&quot;columns_mobile&quot;:2,&quot;gap&quot;:{&quot;unit&quot;:&quot;px&quot;,&quot;size&quot;:4,&quot;sizes&quot;:[]},&quot;gap_tablet&quot;:{&quot;unit&quot;:&quot;px&quot;,&quot;size&quot;:2,&quot;sizes&quot;:[]},&quot;gap_mobile&quot;:{&quot;unit&quot;:&quot;px&quot;,&quot;size&quot;:4,&quot;sizes&quot;:[]},&quot;lazyload&quot;:&quot;yes&quot;,&quot;gallery_layout&quot;:&quot;grid&quot;,&quot;columns&quot;:4,&quot;columns_tablet&quot;:2,&quot;link_to&quot;:&quot;file&quot;,&quot;aspect_ratio&quot;:&quot;3:2&quot;,&quot;overlay_background&quot;:&quot;yes&quot;,&quot;content_hover_animation&quot;:&quot;fade-in&quot;}\" data-widget_type=\"gallery.default\">\n\t\t\t\t\t\t\t<div class=\"elementor-gallery__container\">\n\t\t\t\t\t\t\t<a class=\"e-gallery-item elementor-gallery-item elementor-animated-content\" href=\"https:\/\/www.fpbaixemporda.com\/wp-content\/uploads\/2020\/02\/Sant-Feliu-de-Gu\u00edxols-FP-Baix-Empord\u00e0-05.jpg\" data-elementor-open-lightbox=\"yes\" data-elementor-lightbox-slideshow=\"d74618c\" data-elementor-lightbox-title=\"INS Sant Feliu de Gu\u00edxols | FP Baix Empord\u00e0\" data-e-action-hash=\"#elementor-action%3Aaction%3Dlightbox%26settings%3DeyJpZCI6Njg4LCJ1cmwiOiJodHRwczpcL1wvd3d3LmZwYmFpeGVtcG9yZGEuY29tXC93cC1jb250ZW50XC91cGxvYWRzXC8yMDIwXC8wMlwvU2FudC1GZWxpdS1kZS1HdVx1MDBlZHhvbHMtRlAtQmFpeC1FbXBvcmRcdTAwZTAtMDUuanBnIiwic2xpZGVzaG93IjoiZDc0NjE4YyJ9\">\n\t\t\t\t\t<div class=\"e-gallery-image elementor-gallery-item__image\" data-thumbnail=\"https:\/\/www.fpbaixemporda.com\/wp-content\/uploads\/2020\/02\/Sant-Feliu-de-Gu\u00edxols-FP-Baix-Empord\u00e0-05.jpg\" data-width=\"1024\" data-height=\"600\" aria-label=\"INS Sant Feliu de Gu\u00edxols | FP Baix Empord\u00e0\" role=\"img\" ><\/div>\n\t\t\t\t\t\t\t\t\t\t\t<div class=\"elementor-gallery-item__overlay\"><\/div>\n\t\t\t\t\t\t\t\t\t\t\t\t\t\t<\/a>\n\t\t\t\t\t\t\t<a class=\"e-gallery-item elementor-gallery-item elementor-animated-content\" href=\"https:\/\/www.fpbaixemporda.com\/wp-content\/uploads\/2020\/02\/Sant-Feliu-de-Gu\u00edxols-FP-Baix-Empord\u00e0-13.jpg\" data-elementor-open-lightbox=\"yes\" data-elementor-lightbox-slideshow=\"d74618c\" data-elementor-lightbox-title=\"INS Sant Feliu de Gu\u00edxols | FP Baix Empord\u00e0\" data-e-action-hash=\"#elementor-action%3Aaction%3Dlightbox%26settings%3DeyJpZCI6Njk2LCJ1cmwiOiJodHRwczpcL1wvd3d3LmZwYmFpeGVtcG9yZGEuY29tXC93cC1jb250ZW50XC91cGxvYWRzXC8yMDIwXC8wMlwvU2FudC1GZWxpdS1kZS1HdVx1MDBlZHhvbHMtRlAtQmFpeC1FbXBvcmRcdTAwZTAtMTMuanBnIiwic2xpZGVzaG93IjoiZDc0NjE4YyJ9\">\n\t\t\t\t\t<div class=\"e-gallery-image elementor-gallery-item__image\" data-thumbnail=\"https:\/\/www.fpbaixemporda.com\/wp-content\/uploads\/2020\/02\/Sant-Feliu-de-Gu\u00edxols-FP-Baix-Empord\u00e0-13.jpg\" data-width=\"1024\" data-height=\"600\" aria-label=\"INS Sant Feliu de Gu\u00edxols | FP Baix Empord\u00e0\" role=\"img\" ><\/div>\n\t\t\t\t\t\t\t\t\t\t\t<div class=\"elementor-gallery-item__overlay\"><\/div>\n\t\t\t\t\t\t\t\t\t\t\t\t\t\t<\/a>\n\t\t\t\t\t\t\t<a class=\"e-gallery-item elementor-gallery-item elementor-animated-content\" href=\"https:\/\/www.fpbaixemporda.com\/wp-content\/uploads\/2020\/02\/Sant-Feliu-de-Gu\u00edxols-FP-Baix-Empord\u00e0-04.jpg\" data-elementor-open-lightbox=\"yes\" data-elementor-lightbox-slideshow=\"d74618c\" data-elementor-lightbox-title=\"INS Sant Feliu de Gu\u00edxols | FP Baix Empord\u00e0\" data-e-action-hash=\"#elementor-action%3Aaction%3Dlightbox%26settings%3DeyJpZCI6Njg3LCJ1cmwiOiJodHRwczpcL1wvd3d3LmZwYmFpeGVtcG9yZGEuY29tXC93cC1jb250ZW50XC91cGxvYWRzXC8yMDIwXC8wMlwvU2FudC1GZWxpdS1kZS1HdVx1MDBlZHhvbHMtRlAtQmFpeC1FbXBvcmRcdTAwZTAtMDQuanBnIiwic2xpZGVzaG93IjoiZDc0NjE4YyJ9\">\n\t\t\t\t\t<div class=\"e-gallery-image elementor-gallery-item__image\" data-thumbnail=\"https:\/\/www.fpbaixemporda.com\/wp-content\/uploads\/2020\/02\/Sant-Feliu-de-Gu\u00edxols-FP-Baix-Empord\u00e0-04.jpg\" data-width=\"1024\" data-height=\"600\" aria-label=\"INS Sant Feliu de Gu\u00edxols | FP Baix Empord\u00e0\" role=\"img\" ><\/div>\n\t\t\t\t\t\t\t\t\t\t\t<div class=\"elementor-gallery-item__overlay\"><\/div>\n\t\t\t\t\t\t\t\t\t\t\t\t\t\t<\/a>\n\t\t\t\t\t\t\t<a class=\"e-gallery-item elementor-gallery-item elementor-animated-content\" href=\"https:\/\/www.fpbaixemporda.com\/wp-content\/uploads\/2020\/02\/Sant-Feliu-de-Gu\u00edxols-FP-Baix-Empord\u00e0-09.jpg\" data-elementor-open-lightbox=\"yes\" data-elementor-lightbox-slideshow=\"d74618c\" data-elementor-lightbox-title=\"INS Sant Feliu de Gu\u00edxols | FP Baix Empord\u00e0\" data-e-action-hash=\"#elementor-action%3Aaction%3Dlightbox%26settings%3DeyJpZCI6NjkyLCJ1cmwiOiJodHRwczpcL1wvd3d3LmZwYmFpeGVtcG9yZGEuY29tXC93cC1jb250ZW50XC91cGxvYWRzXC8yMDIwXC8wMlwvU2FudC1GZWxpdS1kZS1HdVx1MDBlZHhvbHMtRlAtQmFpeC1FbXBvcmRcdTAwZTAtMDkuanBnIiwic2xpZGVzaG93IjoiZDc0NjE4YyJ9\">\n\t\t\t\t\t<div class=\"e-gallery-image elementor-gallery-item__image\" data-thumbnail=\"https:\/\/www.fpbaixemporda.com\/wp-content\/uploads\/2020\/02\/Sant-Feliu-de-Gu\u00edxols-FP-Baix-Empord\u00e0-09.jpg\" data-width=\"1024\" data-height=\"600\" aria-label=\"INS Sant Feliu de Gu\u00edxols | FP Baix Empord\u00e0\" role=\"img\" ><\/div>\n\t\t\t\t\t\t\t\t\t\t\t<div class=\"elementor-gallery-item__overlay\"><\/div>\n\t\t\t\t\t\t\t\t\t\t\t\t\t\t<\/a>\n\t\t\t\t\t\t\t<a class=\"e-gallery-item elementor-gallery-item elementor-animated-content\" href=\"https:\/\/www.fpbaixemporda.com\/wp-content\/uploads\/2020\/02\/Sant-Feliu-de-Gu\u00edxols-FP-Baix-Empord\u00e0-08.jpg\" data-elementor-open-lightbox=\"yes\" data-elementor-lightbox-slideshow=\"d74618c\" data-elementor-lightbox-title=\"INS Sant Feliu de Gu\u00edxols | FP Baix Empord\u00e0\" data-e-action-hash=\"#elementor-action%3Aaction%3Dlightbox%26settings%3DeyJpZCI6NjkxLCJ1cmwiOiJodHRwczpcL1wvd3d3LmZwYmFpeGVtcG9yZGEuY29tXC93cC1jb250ZW50XC91cGxvYWRzXC8yMDIwXC8wMlwvU2FudC1GZWxpdS1kZS1HdVx1MDBlZHhvbHMtRlAtQmFpeC1FbXBvcmRcdTAwZTAtMDguanBnIiwic2xpZGVzaG93IjoiZDc0NjE4YyJ9\">\n\t\t\t\t\t<div class=\"e-gallery-image elementor-gallery-item__image\" data-thumbnail=\"https:\/\/www.fpbaixemporda.com\/wp-content\/uploads\/2020\/02\/Sant-Feliu-de-Gu\u00edxols-FP-Baix-Empord\u00e0-08.jpg\" data-width=\"1024\" data-height=\"600\" aria-label=\"INS Sant Feliu de Gu\u00edxols | FP Baix Empord\u00e0\" role=\"img\" ><\/div>\n\t\t\t\t\t\t\t\t\t\t\t<div class=\"elementor-gallery-item__overlay\"><\/div>\n\t\t\t\t\t\t\t\t\t\t\t\t\t\t<\/a>\n\t\t\t\t\t\t\t<a class=\"e-gallery-item elementor-gallery-item elementor-animated-content\" href=\"https:\/\/www.fpbaixemporda.com\/wp-content\/uploads\/2020\/02\/Sant-Feliu-de-Gu\u00edxols-FP-Baix-Empord\u00e0-11.jpg\" data-elementor-open-lightbox=\"yes\" data-elementor-lightbox-slideshow=\"d74618c\" data-elementor-lightbox-title=\"INS Sant Feliu de Gu\u00edxols | FP Baix Empord\u00e0\" data-e-action-hash=\"#elementor-action%3Aaction%3Dlightbox%26settings%3DeyJpZCI6Njk0LCJ1cmwiOiJodHRwczpcL1wvd3d3LmZwYmFpeGVtcG9yZGEuY29tXC93cC1jb250ZW50XC91cGxvYWRzXC8yMDIwXC8wMlwvU2FudC1GZWxpdS1kZS1HdVx1MDBlZHhvbHMtRlAtQmFpeC1FbXBvcmRcdTAwZTAtMTEuanBnIiwic2xpZGVzaG93IjoiZDc0NjE4YyJ9\">\n\t\t\t\t\t<div class=\"e-gallery-image elementor-gallery-item__image\" data-thumbnail=\"https:\/\/www.fpbaixemporda.com\/wp-content\/uploads\/2020\/02\/Sant-Feliu-de-Gu\u00edxols-FP-Baix-Empord\u00e0-11.jpg\" data-width=\"1024\" data-height=\"600\" aria-label=\"INS Sant Feliu de Gu\u00edxols | FP Baix Empord\u00e0\" role=\"img\" ><\/div>\n\t\t\t\t\t\t\t\t\t\t\t<div class=\"elementor-gallery-item__overlay\"><\/div>\n\t\t\t\t\t\t\t\t\t\t\t\t\t\t<\/a>\n\t\t\t\t\t\t\t<a class=\"e-gallery-item elementor-gallery-item elementor-animated-content\" href=\"https:\/\/www.fpbaixemporda.com\/wp-content\/uploads\/2020\/02\/Sant-Feliu-de-Gu\u00edxols-FP-Baix-Empord\u00e0-14.jpg\" data-elementor-open-lightbox=\"yes\" data-elementor-lightbox-slideshow=\"d74618c\" data-elementor-lightbox-title=\"INS Sant Feliu de Gu\u00edxols | FP Baix Empord\u00e0\" data-e-action-hash=\"#elementor-action%3Aaction%3Dlightbox%26settings%3DeyJpZCI6Njk3LCJ1cmwiOiJodHRwczpcL1wvd3d3LmZwYmFpeGVtcG9yZGEuY29tXC93cC1jb250ZW50XC91cGxvYWRzXC8yMDIwXC8wMlwvU2FudC1GZWxpdS1kZS1HdVx1MDBlZHhvbHMtRlAtQmFpeC1FbXBvcmRcdTAwZTAtMTQuanBnIiwic2xpZGVzaG93IjoiZDc0NjE4YyJ9\">\n\t\t\t\t\t<div class=\"e-gallery-image elementor-gallery-item__image\" data-thumbnail=\"https:\/\/www.fpbaixemporda.com\/wp-content\/uploads\/2020\/02\/Sant-Feliu-de-Gu\u00edxols-FP-Baix-Empord\u00e0-14.jpg\" data-width=\"1024\" data-height=\"600\" aria-label=\"INS Sant Feliu de Gu\u00edxols | FP Baix Empord\u00e0\" role=\"img\" ><\/div>\n\t\t\t\t\t\t\t\t\t\t\t<div class=\"elementor-gallery-item__overlay\"><\/div>\n\t\t\t\t\t\t\t\t\t\t\t\t\t\t<\/a>\n\t\t\t\t\t\t\t<a class=\"e-gallery-item elementor-gallery-item elementor-animated-content\" href=\"https:\/\/www.fpbaixemporda.com\/wp-content\/uploads\/2020\/02\/Sant-Feliu-de-Gu\u00edxols-FP-Baix-Empord\u00e0-03.jpg\" data-elementor-open-lightbox=\"yes\" data-elementor-lightbox-slideshow=\"d74618c\" data-elementor-lightbox-title=\"INS Sant Feliu de Gu\u00edxols | FP Baix Empord\u00e0\" data-e-action-hash=\"#elementor-action%3Aaction%3Dlightbox%26settings%3DeyJpZCI6Njg2LCJ1cmwiOiJodHRwczpcL1wvd3d3LmZwYmFpeGVtcG9yZGEuY29tXC93cC1jb250ZW50XC91cGxvYWRzXC8yMDIwXC8wMlwvU2FudC1GZWxpdS1kZS1HdVx1MDBlZHhvbHMtRlAtQmFpeC1FbXBvcmRcdTAwZTAtMDMuanBnIiwic2xpZGVzaG93IjoiZDc0NjE4YyJ9\">\n\t\t\t\t\t<div class=\"e-gallery-image elementor-gallery-item__image\" data-thumbnail=\"https:\/\/www.fpbaixemporda.com\/wp-content\/uploads\/2020\/02\/Sant-Feliu-de-Gu\u00edxols-FP-Baix-Empord\u00e0-03.jpg\" data-width=\"1024\" data-height=\"600\" aria-label=\"INS Sant Feliu de Gu\u00edxols | FP Baix Empord\u00e0\" role=\"img\" ><\/div>\n\t\t\t\t\t\t\t\t\t\t\t<div class=\"elementor-gallery-item__overlay\"><\/div>\n\t\t\t\t\t\t\t\t\t\t\t\t\t\t<\/a>\n\t\t\t\t\t\t\t<a class=\"e-gallery-item elementor-gallery-item elementor-animated-content\" href=\"https:\/\/www.fpbaixemporda.com\/wp-content\/uploads\/2020\/02\/Sant-Feliu-de-Gu\u00edxols-FP-Baix-Empord\u00e0-06.jpg\" data-elementor-open-lightbox=\"yes\" data-elementor-lightbox-slideshow=\"d74618c\" data-elementor-lightbox-title=\"INS Sant Feliu de Gu\u00edxols | FP Baix Empord\u00e0\" data-e-action-hash=\"#elementor-action%3Aaction%3Dlightbox%26settings%3DeyJpZCI6Njg5LCJ1cmwiOiJodHRwczpcL1wvd3d3LmZwYmFpeGVtcG9yZGEuY29tXC93cC1jb250ZW50XC91cGxvYWRzXC8yMDIwXC8wMlwvU2FudC1GZWxpdS1kZS1HdVx1MDBlZHhvbHMtRlAtQmFpeC1FbXBvcmRcdTAwZTAtMDYuanBnIiwic2xpZGVzaG93IjoiZDc0NjE4YyJ9\">\n\t\t\t\t\t<div class=\"e-gallery-image elementor-gallery-item__image\" data-thumbnail=\"https:\/\/www.fpbaixemporda.com\/wp-content\/uploads\/2020\/02\/Sant-Feliu-de-Gu\u00edxols-FP-Baix-Empord\u00e0-06.jpg\" data-width=\"1024\" data-height=\"600\" aria-label=\"INS Sant Feliu de Gu\u00edxols | FP Baix Empord\u00e0\" role=\"img\" ><\/div>\n\t\t\t\t\t\t\t\t\t\t\t<div class=\"elementor-gallery-item__overlay\"><\/div>\n\t\t\t\t\t\t\t\t\t\t\t\t\t\t<\/a>\n\t\t\t\t\t\t\t<a class=\"e-gallery-item elementor-gallery-item elementor-animated-content\" href=\"https:\/\/www.fpbaixemporda.com\/wp-content\/uploads\/2020\/02\/Sant-Feliu-de-Gu\u00edxols-FP-Baix-Empord\u00e0-01.jpg\" data-elementor-open-lightbox=\"yes\" data-elementor-lightbox-slideshow=\"d74618c\" data-elementor-lightbox-title=\"INS Sant Feliu de Gu\u00edxols | FP Baix Empord\u00e0\" data-e-action-hash=\"#elementor-action%3Aaction%3Dlightbox%26settings%3DeyJpZCI6NjgyLCJ1cmwiOiJodHRwczpcL1wvd3d3LmZwYmFpeGVtcG9yZGEuY29tXC93cC1jb250ZW50XC91cGxvYWRzXC8yMDIwXC8wMlwvU2FudC1GZWxpdS1kZS1HdVx1MDBlZHhvbHMtRlAtQmFpeC1FbXBvcmRcdTAwZTAtMDEuanBnIiwic2xpZGVzaG93IjoiZDc0NjE4YyJ9\">\n\t\t\t\t\t<div class=\"e-gallery-image elementor-gallery-item__image\" data-thumbnail=\"https:\/\/www.fpbaixemporda.com\/wp-content\/uploads\/2020\/02\/Sant-Feliu-de-Gu\u00edxols-FP-Baix-Empord\u00e0-01.jpg\" data-width=\"1024\" data-height=\"600\" aria-label=\"INS Sant Feliu de Gu\u00edxols | FP Baix Empord\u00e0\" role=\"img\" ><\/div>\n\t\t\t\t\t\t\t\t\t\t\t<div class=\"elementor-gallery-item__overlay\"><\/div>\n\t\t\t\t\t\t\t\t\t\t\t\t\t\t<\/a>\n\t\t\t\t\t\t\t<a class=\"e-gallery-item elementor-gallery-item elementor-animated-content\" href=\"https:\/\/www.fpbaixemporda.com\/wp-content\/uploads\/2020\/02\/Sant-Feliu-de-Gu\u00edxols-FP-Baix-Empord\u00e0-10.jpg\" data-elementor-open-lightbox=\"yes\" data-elementor-lightbox-slideshow=\"d74618c\" data-elementor-lightbox-title=\"INS Sant Feliu de Gu\u00edxols | FP Baix Empord\u00e0\" data-e-action-hash=\"#elementor-action%3Aaction%3Dlightbox%26settings%3DeyJpZCI6NjkzLCJ1cmwiOiJodHRwczpcL1wvd3d3LmZwYmFpeGVtcG9yZGEuY29tXC93cC1jb250ZW50XC91cGxvYWRzXC8yMDIwXC8wMlwvU2FudC1GZWxpdS1kZS1HdVx1MDBlZHhvbHMtRlAtQmFpeC1FbXBvcmRcdTAwZTAtMTAuanBnIiwic2xpZGVzaG93IjoiZDc0NjE4YyJ9\">\n\t\t\t\t\t<div class=\"e-gallery-image elementor-gallery-item__image\" data-thumbnail=\"https:\/\/www.fpbaixemporda.com\/wp-content\/uploads\/2020\/02\/Sant-Feliu-de-Gu\u00edxols-FP-Baix-Empord\u00e0-10.jpg\" data-width=\"1024\" data-height=\"600\" aria-label=\"INS Sant Feliu de Gu\u00edxols | FP Baix Empord\u00e0\" role=\"img\" ><\/div>\n\t\t\t\t\t\t\t\t\t\t\t<div class=\"elementor-gallery-item__overlay\"><\/div>\n\t\t\t\t\t\t\t\t\t\t\t\t\t\t<\/a>\n\t\t\t\t\t\t\t<a class=\"e-gallery-item elementor-gallery-item elementor-animated-content\" href=\"https:\/\/www.fpbaixemporda.com\/wp-content\/uploads\/2020\/02\/Sant-Feliu-de-Gu\u00edxols-FP-Baix-Empord\u00e0-07.jpg\" data-elementor-open-lightbox=\"yes\" data-elementor-lightbox-slideshow=\"d74618c\" data-elementor-lightbox-title=\"INS Sant Feliu de Gu\u00edxols | FP Baix Empord\u00e0\" data-e-action-hash=\"#elementor-action%3Aaction%3Dlightbox%26settings%3DeyJpZCI6NjkwLCJ1cmwiOiJodHRwczpcL1wvd3d3LmZwYmFpeGVtcG9yZGEuY29tXC93cC1jb250ZW50XC91cGxvYWRzXC8yMDIwXC8wMlwvU2FudC1GZWxpdS1kZS1HdVx1MDBlZHhvbHMtRlAtQmFpeC1FbXBvcmRcdTAwZTAtMDcuanBnIiwic2xpZGVzaG93IjoiZDc0NjE4YyJ9\">\n\t\t\t\t\t<div class=\"e-gallery-image elementor-gallery-item__image\" data-thumbnail=\"https:\/\/www.fpbaixemporda.com\/wp-content\/uploads\/2020\/02\/Sant-Feliu-de-Gu\u00edxols-FP-Baix-Empord\u00e0-07.jpg\" data-width=\"1024\" data-height=\"600\" aria-label=\"INS Sant Feliu de Gu\u00edxols | FP Baix Empord\u00e0\" role=\"img\" ><\/div>\n\t\t\t\t\t\t\t\t\t\t\t<div class=\"elementor-gallery-item__overlay\"><\/div>\n\t\t\t\t\t\t\t\t\t\t\t\t\t\t<\/a>\n\t\t\t\t\t\t\t<a class=\"e-gallery-item elementor-gallery-item elementor-animated-content\" href=\"https:\/\/www.fpbaixemporda.com\/wp-content\/uploads\/2020\/02\/Sant-Feliu-de-Gu\u00edxols-FP-Baix-Empord\u00e0-02.jpg\" data-elementor-open-lightbox=\"yes\" data-elementor-lightbox-slideshow=\"d74618c\" data-elementor-lightbox-title=\"INS Sant Feliu de Gu\u00edxols | FP Baix Empord\u00e0\" data-e-action-hash=\"#elementor-action%3Aaction%3Dlightbox%26settings%3DeyJpZCI6Njg1LCJ1cmwiOiJodHRwczpcL1wvd3d3LmZwYmFpeGVtcG9yZGEuY29tXC93cC1jb250ZW50XC91cGxvYWRzXC8yMDIwXC8wMlwvU2FudC1GZWxpdS1kZS1HdVx1MDBlZHhvbHMtRlAtQmFpeC1FbXBvcmRcdTAwZTAtMDIuanBnIiwic2xpZGVzaG93IjoiZDc0NjE4YyJ9\">\n\t\t\t\t\t<div class=\"e-gallery-image elementor-gallery-item__image\" data-thumbnail=\"https:\/\/www.fpbaixemporda.com\/wp-content\/uploads\/2020\/02\/Sant-Feliu-de-Gu\u00edxols-FP-Baix-Empord\u00e0-02.jpg\" data-width=\"1024\" data-height=\"600\" aria-label=\"INS Sant Feliu de Gu\u00edxols | FP Baix Empord\u00e0\" role=\"img\" ><\/div>\n\t\t\t\t\t\t\t\t\t\t\t<div class=\"elementor-gallery-item__overlay\"><\/div>\n\t\t\t\t\t\t\t\t\t\t\t\t\t\t<\/a>\n\t\t\t\t\t\t\t<a class=\"e-gallery-item elementor-gallery-item elementor-animated-content\" href=\"https:\/\/www.fpbaixemporda.com\/wp-content\/uploads\/2020\/02\/Sant-Feliu-de-Gu\u00edxols-FP-Baix-Empord\u00e0-12.jpg\" data-elementor-open-lightbox=\"yes\" data-elementor-lightbox-slideshow=\"d74618c\" data-elementor-lightbox-title=\"INS Sant Feliu de Gu\u00edxols | FP Baix Empord\u00e0\" data-e-action-hash=\"#elementor-action%3Aaction%3Dlightbox%26settings%3DeyJpZCI6Njk1LCJ1cmwiOiJodHRwczpcL1wvd3d3LmZwYmFpeGVtcG9yZGEuY29tXC93cC1jb250ZW50XC91cGxvYWRzXC8yMDIwXC8wMlwvU2FudC1GZWxpdS1kZS1HdVx1MDBlZHhvbHMtRlAtQmFpeC1FbXBvcmRcdTAwZTAtMTIuanBnIiwic2xpZGVzaG93IjoiZDc0NjE4YyJ9\">\n\t\t\t\t\t<div class=\"e-gallery-image elementor-gallery-item__image\" data-thumbnail=\"https:\/\/www.fpbaixemporda.com\/wp-content\/uploads\/2020\/02\/Sant-Feliu-de-Gu\u00edxols-FP-Baix-Empord\u00e0-12.jpg\" data-width=\"1024\" data-height=\"600\" aria-label=\"INS Sant Feliu de Gu\u00edxols | FP Baix Empord\u00e0\" role=\"img\" ><\/div>\n\t\t\t\t\t\t\t\t\t\t\t<div class=\"elementor-gallery-item__overlay\"><\/div>\n\t\t\t\t\t\t\t\t\t\t\t\t\t\t<\/a>\n\t\t\t\t\t<\/div>\n\t\t\t\t\t<\/div>\n\t\t\t\t<div class=\"elementor-element elementor-element-2cfdd4a elementor-widget elementor-widget-heading\" data-id=\"2cfdd4a\" data-element_type=\"widget\" data-e-type=\"widget\" data-widget_type=\"heading.default\">\n\t\t\t\t\t<h3 class=\"elementor-heading-title elementor-size-default\">QU\u00c8 POTS ESTUDIAR<\/h3>\t\t\t\t<\/div>\n\t\t\t\t<div class=\"elementor-element elementor-element-ff6f76d elementor-widget elementor-widget-premium-img-gallery\" data-id=\"ff6f76d\" data-element_type=\"widget\" data-e-type=\"widget\" data-settings=\"{&quot;premium_gallery_img_content&quot;:[{&quot;premium_gallery_img_name&quot;:&quot;GM - Instal\\u00b7lacions el\\u00e8ctriques i autom\\u00e0tiques&quot;,&quot;premium_gallery_img&quot;:{&quot;url&quot;:&quot;https:\\\/\\\/www.fpbaixemporda.com\\\/wp-content\\\/uploads\\\/2020\\\/03\\\/Grau-Mig-Instal\\u00b7lacions-el\\u00e8ctriques.jpg&quot;,&quot;id&quot;:907,&quot;size&quot;:&quot;&quot;,&quot;alt&quot;:&quot;FP Baix Empord\\u00e0 | Grau Mig - Instal\\u00b7lacions el\\u00e8ctriques&quot;,&quot;source&quot;:&quot;library&quot;},&quot;premium_gallery_img_link&quot;:null,&quot;premium_gallery_link_whole&quot;:&quot;yes&quot;,&quot;premium_gallery_img_link_type&quot;:&quot;link&quot;,&quot;premium_gallery_img_existing&quot;:&quot;215&quot;,&quot;_id&quot;:&quot;0a8eaa7&quot;,&quot;premium_gallery_image_cell&quot;:{&quot;unit&quot;:&quot;px&quot;,&quot;size&quot;:4,&quot;sizes&quot;:[]},&quot;premium_gallery_image_cell_tablet&quot;:{&quot;unit&quot;:&quot;px&quot;,&quot;size&quot;:&quot;&quot;,&quot;sizes&quot;:[]},&quot;premium_gallery_image_cell_mobile&quot;:{&quot;unit&quot;:&quot;px&quot;,&quot;size&quot;:&quot;&quot;,&quot;sizes&quot;:[]},&quot;premium_gallery_image_vcell&quot;:{&quot;unit&quot;:&quot;px&quot;,&quot;size&quot;:4,&quot;sizes&quot;:[]},&quot;premium_gallery_image_vcell_tablet&quot;:{&quot;unit&quot;:&quot;px&quot;,&quot;size&quot;:&quot;&quot;,&quot;sizes&quot;:[]},&quot;premium_gallery_image_vcell_mobile&quot;:{&quot;unit&quot;:&quot;px&quot;,&quot;size&quot;:&quot;&quot;,&quot;sizes&quot;:[]},&quot;premium_gallery_video&quot;:&quot;&quot;,&quot;premium_gallery_video_type&quot;:null,&quot;premium_gallery_video_url&quot;:null,&quot;premium_gallery_video_self&quot;:null,&quot;premium_gallery_video_self_url&quot;:null,&quot;premium_gallery_video_controls&quot;:null,&quot;premium_gallery_video_mute&quot;:null,&quot;premium_gallery_video_loop&quot;:null,&quot;download_button&quot;:null,&quot;privacy_mode&quot;:null,&quot;premmium_gallery_img_info&quot;:&quot;&quot;,&quot;premium_gallery_img_desc&quot;:&quot;&quot;,&quot;premium_gallery_img_category&quot;:&quot;&quot;,&quot;premium_gallery_lightbox_whole&quot;:&quot;&quot;},{&quot;premium_gallery_img_name&quot;:&quot;GM - Gesti\\u00f3 administrativa en l&#039;\\u00e0mbit Digital&quot;,&quot;premium_gallery_img&quot;:{&quot;url&quot;:&quot;https:\\\/\\\/www.fpbaixemporda.com\\\/wp-content\\\/uploads\\\/2020\\\/03\\\/Grau-Mig-Gesti\\u00f3-administrativa-i-digital.jpg&quot;,&quot;id&quot;:903,&quot;size&quot;:&quot;&quot;,&quot;alt&quot;:&quot;FP Baix Empord\\u00e0 | Grau Mig - Gesti\\u00f3 administrativa i digital&quot;,&quot;source&quot;:&quot;library&quot;},&quot;premium_gallery_img_link&quot;:null,&quot;premium_gallery_link_whole&quot;:&quot;yes&quot;,&quot;premium_gallery_img_link_type&quot;:&quot;link&quot;,&quot;premium_gallery_img_existing&quot;:&quot;213&quot;,&quot;_id&quot;:&quot;b3a26d0&quot;,&quot;premium_gallery_image_cell&quot;:{&quot;unit&quot;:&quot;px&quot;,&quot;size&quot;:4,&quot;sizes&quot;:[]},&quot;premium_gallery_image_cell_tablet&quot;:{&quot;unit&quot;:&quot;px&quot;,&quot;size&quot;:&quot;&quot;,&quot;sizes&quot;:[]},&quot;premium_gallery_image_cell_mobile&quot;:{&quot;unit&quot;:&quot;px&quot;,&quot;size&quot;:&quot;&quot;,&quot;sizes&quot;:[]},&quot;premium_gallery_image_vcell&quot;:{&quot;unit&quot;:&quot;px&quot;,&quot;size&quot;:4,&quot;sizes&quot;:[]},&quot;premium_gallery_image_vcell_tablet&quot;:{&quot;unit&quot;:&quot;px&quot;,&quot;size&quot;:&quot;&quot;,&quot;sizes&quot;:[]},&quot;premium_gallery_image_vcell_mobile&quot;:{&quot;unit&quot;:&quot;px&quot;,&quot;size&quot;:&quot;&quot;,&quot;sizes&quot;:[]},&quot;premium_gallery_video&quot;:&quot;&quot;,&quot;premium_gallery_video_type&quot;:null,&quot;premium_gallery_video_url&quot;:null,&quot;premium_gallery_video_self&quot;:null,&quot;premium_gallery_video_self_url&quot;:null,&quot;premium_gallery_video_controls&quot;:null,&quot;premium_gallery_video_mute&quot;:null,&quot;premium_gallery_video_loop&quot;:null,&quot;download_button&quot;:null,&quot;privacy_mode&quot;:null,&quot;premmium_gallery_img_info&quot;:&quot;&quot;,&quot;premium_gallery_img_desc&quot;:&quot;&quot;,&quot;premium_gallery_img_category&quot;:&quot;&quot;,&quot;premium_gallery_lightbox_whole&quot;:&quot;&quot;},{&quot;premium_gallery_img_name&quot;:&quot;GM - Activitats comercials&quot;,&quot;premium_gallery_img&quot;:{&quot;url&quot;:&quot;https:\\\/\\\/www.fpbaixemporda.com\\\/wp-content\\\/uploads\\\/2020\\\/03\\\/Grau-Mig-Activitats-comercials.jpg&quot;,&quot;id&quot;:874,&quot;size&quot;:&quot;&quot;,&quot;alt&quot;:&quot;FP Baix Empord\\u00e0 | Grau Mig - Activitats comercials&quot;,&quot;source&quot;:&quot;library&quot;},&quot;premium_gallery_img_link&quot;:null,&quot;premium_gallery_link_whole&quot;:&quot;yes&quot;,&quot;premium_gallery_img_link_type&quot;:&quot;link&quot;,&quot;premium_gallery_img_existing&quot;:&quot;195&quot;,&quot;_id&quot;:&quot;0421d56&quot;,&quot;premium_gallery_image_cell&quot;:{&quot;unit&quot;:&quot;px&quot;,&quot;size&quot;:4,&quot;sizes&quot;:[]},&quot;premium_gallery_image_cell_tablet&quot;:{&quot;unit&quot;:&quot;px&quot;,&quot;size&quot;:&quot;&quot;,&quot;sizes&quot;:[]},&quot;premium_gallery_image_cell_mobile&quot;:{&quot;unit&quot;:&quot;px&quot;,&quot;size&quot;:&quot;&quot;,&quot;sizes&quot;:[]},&quot;premium_gallery_image_vcell&quot;:{&quot;unit&quot;:&quot;px&quot;,&quot;size&quot;:4,&quot;sizes&quot;:[]},&quot;premium_gallery_image_vcell_tablet&quot;:{&quot;unit&quot;:&quot;px&quot;,&quot;size&quot;:&quot;&quot;,&quot;sizes&quot;:[]},&quot;premium_gallery_image_vcell_mobile&quot;:{&quot;unit&quot;:&quot;px&quot;,&quot;size&quot;:&quot;&quot;,&quot;sizes&quot;:[]},&quot;premium_gallery_video&quot;:&quot;&quot;,&quot;premium_gallery_video_type&quot;:null,&quot;premium_gallery_video_url&quot;:null,&quot;premium_gallery_video_self&quot;:null,&quot;premium_gallery_video_self_url&quot;:null,&quot;premium_gallery_video_controls&quot;:null,&quot;premium_gallery_video_mute&quot;:null,&quot;premium_gallery_video_loop&quot;:null,&quot;download_button&quot;:null,&quot;privacy_mode&quot;:null,&quot;premmium_gallery_img_info&quot;:&quot;&quot;,&quot;premium_gallery_img_desc&quot;:&quot;&quot;,&quot;premium_gallery_img_category&quot;:&quot;&quot;,&quot;premium_gallery_lightbox_whole&quot;:&quot;&quot;},{&quot;premium_gallery_img_name&quot;:&quot;GS - Administraci\\u00f3 i finances&quot;,&quot;premium_gallery_img&quot;:{&quot;url&quot;:&quot;https:\\\/\\\/www.fpbaixemporda.com\\\/wp-content\\\/uploads\\\/2020\\\/03\\\/Grau-Superior-Administraci\\u00f3-i-finances.jpg&quot;,&quot;id&quot;:926,&quot;size&quot;:&quot;&quot;,&quot;alt&quot;:&quot;FP Baix Empord\\u00e0 | Grau Superior - Administraci\\u00f3 i finances&quot;,&quot;source&quot;:&quot;library&quot;},&quot;premium_gallery_img_link&quot;:null,&quot;premium_gallery_link_whole&quot;:&quot;yes&quot;,&quot;premium_gallery_img_link_type&quot;:&quot;link&quot;,&quot;premium_gallery_img_existing&quot;:&quot;232&quot;,&quot;_id&quot;:&quot;6aa7161&quot;,&quot;premium_gallery_image_cell&quot;:{&quot;unit&quot;:&quot;px&quot;,&quot;size&quot;:4,&quot;sizes&quot;:[]},&quot;premium_gallery_image_cell_tablet&quot;:{&quot;unit&quot;:&quot;px&quot;,&quot;size&quot;:&quot;&quot;,&quot;sizes&quot;:[]},&quot;premium_gallery_image_cell_mobile&quot;:{&quot;unit&quot;:&quot;px&quot;,&quot;size&quot;:&quot;&quot;,&quot;sizes&quot;:[]},&quot;premium_gallery_image_vcell&quot;:{&quot;unit&quot;:&quot;px&quot;,&quot;size&quot;:4,&quot;sizes&quot;:[]},&quot;premium_gallery_image_vcell_tablet&quot;:{&quot;unit&quot;:&quot;px&quot;,&quot;size&quot;:&quot;&quot;,&quot;sizes&quot;:[]},&quot;premium_gallery_image_vcell_mobile&quot;:{&quot;unit&quot;:&quot;px&quot;,&quot;size&quot;:&quot;&quot;,&quot;sizes&quot;:[]},&quot;premium_gallery_video&quot;:&quot;&quot;,&quot;premium_gallery_video_type&quot;:null,&quot;premium_gallery_video_url&quot;:null,&quot;premium_gallery_video_self&quot;:null,&quot;premium_gallery_video_self_url&quot;:null,&quot;premium_gallery_video_controls&quot;:null,&quot;premium_gallery_video_mute&quot;:null,&quot;premium_gallery_video_loop&quot;:null,&quot;download_button&quot;:null,&quot;privacy_mode&quot;:null,&quot;premmium_gallery_img_info&quot;:&quot;&quot;,&quot;premium_gallery_img_desc&quot;:&quot;&quot;,&quot;premium_gallery_img_category&quot;:&quot;&quot;,&quot;premium_gallery_lightbox_whole&quot;:&quot;&quot;},{&quot;premium_gallery_img_name&quot;:&quot;GM - Est\\u00e8tica i Bellesa&quot;,&quot;premium_gallery_img&quot;:{&quot;url&quot;:&quot;https:\\\/\\\/www.fpbaixemporda.com\\\/wp-content\\\/uploads\\\/2020\\\/03\\\/Grau-Mig-Est\\u00e8tica-i-Bellesa.jpg&quot;,&quot;id&quot;:896,&quot;size&quot;:&quot;&quot;,&quot;alt&quot;:&quot;FP Baix Empord\\u00e0 | Grau Mig - Est\\u00e8tica i Bellesa&quot;,&quot;source&quot;:&quot;library&quot;},&quot;premium_gallery_img_link&quot;:null,&quot;premium_gallery_link_whole&quot;:&quot;yes&quot;,&quot;premium_gallery_img_link_type&quot;:&quot;link&quot;,&quot;premium_gallery_img_existing&quot;:&quot;207&quot;,&quot;_id&quot;:&quot;6c0f0df&quot;,&quot;premium_gallery_image_cell&quot;:{&quot;unit&quot;:&quot;px&quot;,&quot;size&quot;:4,&quot;sizes&quot;:[]},&quot;premium_gallery_image_cell_tablet&quot;:{&quot;unit&quot;:&quot;px&quot;,&quot;size&quot;:&quot;&quot;,&quot;sizes&quot;:[]},&quot;premium_gallery_image_cell_mobile&quot;:{&quot;unit&quot;:&quot;px&quot;,&quot;size&quot;:&quot;&quot;,&quot;sizes&quot;:[]},&quot;premium_gallery_image_vcell&quot;:{&quot;unit&quot;:&quot;px&quot;,&quot;size&quot;:4,&quot;sizes&quot;:[]},&quot;premium_gallery_image_vcell_tablet&quot;:{&quot;unit&quot;:&quot;px&quot;,&quot;size&quot;:&quot;&quot;,&quot;sizes&quot;:[]},&quot;premium_gallery_image_vcell_mobile&quot;:{&quot;unit&quot;:&quot;px&quot;,&quot;size&quot;:&quot;&quot;,&quot;sizes&quot;:[]},&quot;premium_gallery_video&quot;:&quot;&quot;,&quot;premium_gallery_video_type&quot;:null,&quot;premium_gallery_video_url&quot;:null,&quot;premium_gallery_video_self&quot;:null,&quot;premium_gallery_video_self_url&quot;:null,&quot;premium_gallery_video_controls&quot;:null,&quot;premium_gallery_video_mute&quot;:null,&quot;premium_gallery_video_loop&quot;:null,&quot;download_button&quot;:null,&quot;privacy_mode&quot;:null,&quot;premmium_gallery_img_info&quot;:&quot;&quot;,&quot;premium_gallery_img_desc&quot;:&quot;&quot;,&quot;premium_gallery_img_category&quot;:&quot;&quot;,&quot;premium_gallery_lightbox_whole&quot;:&quot;&quot;},{&quot;premium_gallery_img_name&quot;:&quot;GM - Manteniment embarcacions esbarjo&quot;,&quot;premium_gallery_img&quot;:{&quot;url&quot;:&quot;https:\\\/\\\/www.fpbaixemporda.com\\\/wp-content\\\/uploads\\\/2020\\\/03\\\/Grau-Mig-Manteniment-embarcacions-esbarjo.jpg&quot;,&quot;id&quot;:914,&quot;size&quot;:&quot;&quot;,&quot;alt&quot;:&quot;FP Baix Empord\\u00e0 | Grau Mig - Manteniment embarcacions esbarjo&quot;,&quot;source&quot;:&quot;library&quot;},&quot;premium_gallery_img_link&quot;:null,&quot;premium_gallery_link_whole&quot;:&quot;yes&quot;,&quot;premium_gallery_img_link_type&quot;:&quot;link&quot;,&quot;premium_gallery_img_existing&quot;:&quot;220&quot;,&quot;_id&quot;:&quot;5bec730&quot;,&quot;premium_gallery_image_cell&quot;:{&quot;unit&quot;:&quot;px&quot;,&quot;size&quot;:4,&quot;sizes&quot;:[]},&quot;premium_gallery_image_cell_tablet&quot;:{&quot;unit&quot;:&quot;px&quot;,&quot;size&quot;:&quot;&quot;,&quot;sizes&quot;:[]},&quot;premium_gallery_image_cell_mobile&quot;:{&quot;unit&quot;:&quot;px&quot;,&quot;size&quot;:&quot;&quot;,&quot;sizes&quot;:[]},&quot;premium_gallery_image_vcell&quot;:{&quot;unit&quot;:&quot;px&quot;,&quot;size&quot;:4,&quot;sizes&quot;:[]},&quot;premium_gallery_image_vcell_tablet&quot;:{&quot;unit&quot;:&quot;px&quot;,&quot;size&quot;:&quot;&quot;,&quot;sizes&quot;:[]},&quot;premium_gallery_image_vcell_mobile&quot;:{&quot;unit&quot;:&quot;px&quot;,&quot;size&quot;:&quot;&quot;,&quot;sizes&quot;:[]},&quot;premium_gallery_video&quot;:&quot;&quot;,&quot;premium_gallery_video_type&quot;:null,&quot;premium_gallery_video_url&quot;:null,&quot;premium_gallery_video_self&quot;:null,&quot;premium_gallery_video_self_url&quot;:null,&quot;premium_gallery_video_controls&quot;:null,&quot;premium_gallery_video_mute&quot;:null,&quot;premium_gallery_video_loop&quot;:null,&quot;download_button&quot;:null,&quot;privacy_mode&quot;:null,&quot;premmium_gallery_img_info&quot;:&quot;&quot;,&quot;premium_gallery_img_desc&quot;:&quot;&quot;,&quot;premium_gallery_img_category&quot;:&quot;&quot;,&quot;premium_gallery_lightbox_whole&quot;:&quot;&quot;},{&quot;premium_gallery_img_name&quot;:&quot;GM - Perruqueria i cosm\\u00e8tica capil\\u00b7lar&quot;,&quot;premium_gallery_img&quot;:{&quot;url&quot;:&quot;https:\\\/\\\/www.fpbaixemporda.com\\\/wp-content\\\/uploads\\\/2020\\\/03\\\/Grau-Mig-Perruqueria-i-cosm\\u00e8tica-capil\\u00b7lar.jpg&quot;,&quot;id&quot;:918,&quot;size&quot;:&quot;&quot;,&quot;alt&quot;:&quot;FP Baix Empord\\u00e0 | Grau Mig - Perruqueria i cosm\\u00e8tica capil\\u00b7lar&quot;,&quot;source&quot;:&quot;library&quot;},&quot;premium_gallery_img_link&quot;:null,&quot;premium_gallery_link_whole&quot;:&quot;yes&quot;,&quot;premium_gallery_img_link_type&quot;:&quot;link&quot;,&quot;premium_gallery_img_existing&quot;:&quot;226&quot;,&quot;_id&quot;:&quot;8b106cb&quot;,&quot;premium_gallery_image_cell&quot;:{&quot;unit&quot;:&quot;px&quot;,&quot;size&quot;:4,&quot;sizes&quot;:[]},&quot;premium_gallery_image_cell_tablet&quot;:{&quot;unit&quot;:&quot;px&quot;,&quot;size&quot;:&quot;&quot;,&quot;sizes&quot;:[]},&quot;premium_gallery_image_cell_mobile&quot;:{&quot;unit&quot;:&quot;px&quot;,&quot;size&quot;:&quot;&quot;,&quot;sizes&quot;:[]},&quot;premium_gallery_image_vcell&quot;:{&quot;unit&quot;:&quot;px&quot;,&quot;size&quot;:4,&quot;sizes&quot;:[]},&quot;premium_gallery_image_vcell_tablet&quot;:{&quot;unit&quot;:&quot;px&quot;,&quot;size&quot;:&quot;&quot;,&quot;sizes&quot;:[]},&quot;premium_gallery_image_vcell_mobile&quot;:{&quot;unit&quot;:&quot;px&quot;,&quot;size&quot;:&quot;&quot;,&quot;sizes&quot;:[]},&quot;premium_gallery_video&quot;:&quot;&quot;,&quot;premium_gallery_video_type&quot;:null,&quot;premium_gallery_video_url&quot;:null,&quot;premium_gallery_video_self&quot;:null,&quot;premium_gallery_video_self_url&quot;:null,&quot;premium_gallery_video_controls&quot;:null,&quot;premium_gallery_video_mute&quot;:null,&quot;premium_gallery_video_loop&quot;:null,&quot;download_button&quot;:null,&quot;privacy_mode&quot;:null,&quot;premmium_gallery_img_info&quot;:&quot;&quot;,&quot;premium_gallery_img_desc&quot;:&quot;&quot;,&quot;premium_gallery_img_category&quot;:&quot;&quot;,&quot;premium_gallery_lightbox_whole&quot;:&quot;&quot;},{&quot;premium_gallery_img_name&quot;:&quot;GS - Educaci\\u00f3 infantil&quot;,&quot;premium_gallery_img&quot;:{&quot;url&quot;:&quot;https:\\\/\\\/www.fpbaixemporda.com\\\/wp-content\\\/uploads\\\/2020\\\/03\\\/Grau-Superior-Educaci\\u00f3-infantil.jpg&quot;,&quot;id&quot;:933,&quot;size&quot;:&quot;&quot;,&quot;alt&quot;:&quot;&quot;,&quot;source&quot;:&quot;library&quot;},&quot;premium_gallery_img_link&quot;:null,&quot;premium_gallery_link_whole&quot;:&quot;yes&quot;,&quot;premium_gallery_img_link_type&quot;:&quot;link&quot;,&quot;premium_gallery_img_existing&quot;:&quot;238&quot;,&quot;_id&quot;:&quot;45a1d1e&quot;,&quot;premium_gallery_image_cell&quot;:{&quot;unit&quot;:&quot;px&quot;,&quot;size&quot;:4,&quot;sizes&quot;:[]},&quot;premium_gallery_image_cell_tablet&quot;:{&quot;unit&quot;:&quot;px&quot;,&quot;size&quot;:&quot;&quot;,&quot;sizes&quot;:[]},&quot;premium_gallery_image_cell_mobile&quot;:{&quot;unit&quot;:&quot;px&quot;,&quot;size&quot;:&quot;&quot;,&quot;sizes&quot;:[]},&quot;premium_gallery_image_vcell&quot;:{&quot;unit&quot;:&quot;px&quot;,&quot;size&quot;:4,&quot;sizes&quot;:[]},&quot;premium_gallery_image_vcell_tablet&quot;:{&quot;unit&quot;:&quot;px&quot;,&quot;size&quot;:&quot;&quot;,&quot;sizes&quot;:[]},&quot;premium_gallery_image_vcell_mobile&quot;:{&quot;unit&quot;:&quot;px&quot;,&quot;size&quot;:&quot;&quot;,&quot;sizes&quot;:[]},&quot;premium_gallery_video&quot;:&quot;&quot;,&quot;premium_gallery_video_type&quot;:null,&quot;premium_gallery_video_url&quot;:null,&quot;premium_gallery_video_self&quot;:null,&quot;premium_gallery_video_self_url&quot;:null,&quot;premium_gallery_video_controls&quot;:null,&quot;premium_gallery_video_mute&quot;:null,&quot;premium_gallery_video_loop&quot;:null,&quot;download_button&quot;:null,&quot;privacy_mode&quot;:null,&quot;premmium_gallery_img_info&quot;:&quot;&quot;,&quot;premium_gallery_img_desc&quot;:&quot;&quot;,&quot;premium_gallery_img_category&quot;:&quot;&quot;,&quot;premium_gallery_lightbox_whole&quot;:&quot;&quot;},{&quot;premium_gallery_img_name&quot;:&quot;PFI - Auxiliar d&#039;hoteleria: Cuina i serveis de restauraci\\u00f3&quot;,&quot;premium_gallery_img&quot;:{&quot;url&quot;:&quot;https:\\\/\\\/www.fpbaixemporda.com\\\/wp-content\\\/uploads\\\/2021\\\/12\\\/Programes-Formacio-i-Insercio-Auxiliar-dhoteleria-Cuina-i-serveis-de-restauracio.jpg&quot;,&quot;id&quot;:2937,&quot;size&quot;:&quot;&quot;,&quot;alt&quot;:&quot;Programes Formaci\\u00f3 i Inserci\\u00f3 - Auxiliar d&#039;hoteleria - Cuina i serveis de restauraci\\u00f3&quot;,&quot;source&quot;:&quot;library&quot;},&quot;premium_gallery_img_link&quot;:{&quot;url&quot;:&quot;https:\\\/\\\/www.fpbaixemporda.com\\\/docs\\\/PFI_PTT_Hoteleria.pdf&quot;,&quot;is_external&quot;:&quot;on&quot;,&quot;nofollow&quot;:&quot;&quot;,&quot;custom_attributes&quot;:&quot;&quot;},&quot;premium_gallery_link_whole&quot;:&quot;yes&quot;,&quot;premium_gallery_img_existing&quot;:null,&quot;_id&quot;:&quot;aeb2882&quot;,&quot;premium_gallery_image_cell&quot;:{&quot;unit&quot;:&quot;px&quot;,&quot;size&quot;:4,&quot;sizes&quot;:[]},&quot;premium_gallery_image_cell_tablet&quot;:{&quot;unit&quot;:&quot;px&quot;,&quot;size&quot;:&quot;&quot;,&quot;sizes&quot;:[]},&quot;premium_gallery_image_cell_mobile&quot;:{&quot;unit&quot;:&quot;px&quot;,&quot;size&quot;:&quot;&quot;,&quot;sizes&quot;:[]},&quot;premium_gallery_image_vcell&quot;:{&quot;unit&quot;:&quot;px&quot;,&quot;size&quot;:4,&quot;sizes&quot;:[]},&quot;premium_gallery_image_vcell_tablet&quot;:{&quot;unit&quot;:&quot;px&quot;,&quot;size&quot;:&quot;&quot;,&quot;sizes&quot;:[]},&quot;premium_gallery_image_vcell_mobile&quot;:{&quot;unit&quot;:&quot;px&quot;,&quot;size&quot;:&quot;&quot;,&quot;sizes&quot;:[]},&quot;premium_gallery_video&quot;:&quot;&quot;,&quot;premium_gallery_video_type&quot;:null,&quot;premium_gallery_video_url&quot;:null,&quot;premium_gallery_video_self&quot;:null,&quot;premium_gallery_video_self_url&quot;:null,&quot;premium_gallery_video_controls&quot;:null,&quot;premium_gallery_video_mute&quot;:null,&quot;premium_gallery_video_loop&quot;:null,&quot;download_button&quot;:null,&quot;privacy_mode&quot;:null,&quot;premmium_gallery_img_info&quot;:&quot;&quot;,&quot;premium_gallery_img_desc&quot;:&quot;&quot;,&quot;premium_gallery_img_category&quot;:&quot;&quot;,&quot;premium_gallery_img_link_type&quot;:&quot;url&quot;,&quot;premium_gallery_lightbox_whole&quot;:&quot;&quot;},{&quot;premium_gallery_img_name&quot;:&quot;PFI - Auxiliar de vendes, oficina i atenci\\u00f3 al p\\u00fablic&quot;,&quot;premium_gallery_img&quot;:{&quot;url&quot;:&quot;https:\\\/\\\/www.fpbaixemporda.com\\\/wp-content\\\/uploads\\\/2021\\\/12\\\/Programes-Formacio-i-Insercio-Auxiliar-de-vendes-oficina-atencio-al-public.jpg&quot;,&quot;id&quot;:2945,&quot;size&quot;:&quot;&quot;,&quot;alt&quot;:&quot;&quot;,&quot;source&quot;:&quot;library&quot;},&quot;premium_gallery_img_link&quot;:{&quot;url&quot;:&quot;https:\\\/\\\/www.fpbaixemporda.com\\\/docs\\\/PI_PTT_Vendes.pdf&quot;,&quot;is_external&quot;:&quot;on&quot;,&quot;nofollow&quot;:&quot;&quot;,&quot;custom_attributes&quot;:&quot;&quot;},&quot;premium_gallery_link_whole&quot;:&quot;yes&quot;,&quot;premium_gallery_img_existing&quot;:null,&quot;_id&quot;:&quot;8113e08&quot;,&quot;premium_gallery_image_cell&quot;:{&quot;unit&quot;:&quot;px&quot;,&quot;size&quot;:4,&quot;sizes&quot;:[]},&quot;premium_gallery_image_cell_tablet&quot;:{&quot;unit&quot;:&quot;px&quot;,&quot;size&quot;:&quot;&quot;,&quot;sizes&quot;:[]},&quot;premium_gallery_image_cell_mobile&quot;:{&quot;unit&quot;:&quot;px&quot;,&quot;size&quot;:&quot;&quot;,&quot;sizes&quot;:[]},&quot;premium_gallery_image_vcell&quot;:{&quot;unit&quot;:&quot;px&quot;,&quot;size&quot;:4,&quot;sizes&quot;:[]},&quot;premium_gallery_image_vcell_tablet&quot;:{&quot;unit&quot;:&quot;px&quot;,&quot;size&quot;:&quot;&quot;,&quot;sizes&quot;:[]},&quot;premium_gallery_image_vcell_mobile&quot;:{&quot;unit&quot;:&quot;px&quot;,&quot;size&quot;:&quot;&quot;,&quot;sizes&quot;:[]},&quot;premium_gallery_video&quot;:&quot;&quot;,&quot;premium_gallery_video_type&quot;:null,&quot;premium_gallery_video_url&quot;:null,&quot;premium_gallery_video_self&quot;:null,&quot;premium_gallery_video_self_url&quot;:null,&quot;premium_gallery_video_controls&quot;:null,&quot;premium_gallery_video_mute&quot;:null,&quot;premium_gallery_video_loop&quot;:null,&quot;download_button&quot;:null,&quot;privacy_mode&quot;:null,&quot;premmium_gallery_img_info&quot;:&quot;&quot;,&quot;premium_gallery_img_desc&quot;:&quot;&quot;,&quot;premium_gallery_img_category&quot;:&quot;&quot;,&quot;premium_gallery_img_link_type&quot;:&quot;url&quot;,&quot;premium_gallery_lightbox_whole&quot;:&quot;&quot;},{&quot;premium_gallery_img_name&quot;:&quot;GB - FP B\\u00e0sica Electricitat i Electr\\u00f2nica&quot;,&quot;premium_gallery_img&quot;:{&quot;url&quot;:&quot;https:\\\/\\\/www.fpbaixemporda.com\\\/wp-content\\\/uploads\\\/2025\\\/10\\\/Grau-Basic-Electricitat-i-Electronica.jpg&quot;,&quot;id&quot;:5492,&quot;size&quot;:&quot;&quot;,&quot;alt&quot;:&quot;Grau B\\u00e0sic - Electricitat i Electr\\u00f2nica&quot;,&quot;source&quot;:&quot;library&quot;},&quot;premium_gallery_img_link&quot;:{&quot;url&quot;:&quot;https:\\\/\\\/www.fpbaixemporda.com\\\/cicles-formatius-grau-basic\\\/electricitat-i-electronica\\\/&quot;,&quot;is_external&quot;:&quot;on&quot;,&quot;nofollow&quot;:&quot;&quot;,&quot;custom_attributes&quot;:&quot;&quot;},&quot;premium_gallery_link_whole&quot;:&quot;yes&quot;,&quot;premium_gallery_img_existing&quot;:null,&quot;_id&quot;:&quot;9e2df22&quot;,&quot;premium_gallery_image_cell&quot;:{&quot;unit&quot;:&quot;px&quot;,&quot;size&quot;:4,&quot;sizes&quot;:[]},&quot;premium_gallery_image_cell_tablet&quot;:{&quot;unit&quot;:&quot;px&quot;,&quot;size&quot;:&quot;&quot;,&quot;sizes&quot;:[]},&quot;premium_gallery_image_cell_mobile&quot;:{&quot;unit&quot;:&quot;px&quot;,&quot;size&quot;:&quot;&quot;,&quot;sizes&quot;:[]},&quot;premium_gallery_image_vcell&quot;:{&quot;unit&quot;:&quot;px&quot;,&quot;size&quot;:4,&quot;sizes&quot;:[]},&quot;premium_gallery_image_vcell_tablet&quot;:{&quot;unit&quot;:&quot;px&quot;,&quot;size&quot;:&quot;&quot;,&quot;sizes&quot;:[]},&quot;premium_gallery_image_vcell_mobile&quot;:{&quot;unit&quot;:&quot;px&quot;,&quot;size&quot;:&quot;&quot;,&quot;sizes&quot;:[]},&quot;premium_gallery_video&quot;:&quot;&quot;,&quot;premium_gallery_video_type&quot;:null,&quot;premium_gallery_video_url&quot;:null,&quot;premium_gallery_video_self&quot;:null,&quot;premium_gallery_video_self_url&quot;:null,&quot;premium_gallery_video_controls&quot;:null,&quot;premium_gallery_video_mute&quot;:null,&quot;premium_gallery_video_loop&quot;:null,&quot;download_button&quot;:null,&quot;privacy_mode&quot;:null,&quot;premmium_gallery_img_info&quot;:&quot;&quot;,&quot;premium_gallery_img_desc&quot;:&quot;&quot;,&quot;premium_gallery_img_category&quot;:&quot;&quot;,&quot;premium_gallery_img_link_type&quot;:&quot;url&quot;,&quot;premium_gallery_lightbox_whole&quot;:&quot;&quot;}]}\" data-widget_type=\"premium-img-gallery.default\">\n\t\t\t\t\t\n\t<div class=\"premium-img-gallery-no-lightbox elementor-invisible premium-img-gallery premium-img-gallery-fitRows scale premium-gallery-icon-show\" id=\"premium-img-gallery-ff6f76d\">\n\t\t\n\t\t<div class=\"premium-gallery-container\" data-settings=\"{&quot;img_size&quot;:&quot;fitRows&quot;,&quot;filter&quot;:&quot;&quot;,&quot;theme&quot;:null,&quot;active_cat&quot;:&quot;*&quot;,&quot;ltr_mode&quot;:true,&quot;shuffle&quot;:false,&quot;sort_by&quot;:&quot;random&quot;,&quot;skin&quot;:&quot;default&quot;}\">\n\n\t\t\t\t\t\t\t<div class=\"premium-gallery-item elementor-repeater-item-0a8eaa7 \">\n\t\t\t\t<div class=\"pa-gallery-img default\" onclick=\"\">\n\t\t\t\t\t<div class=\"pa-gallery-img-container\">\n\t\t\t\t\t\t\t\t<img fetchpriority=\"high\" decoding=\"async\" width=\"660\" height=\"440\" src=\"https:\/\/www.fpbaixemporda.com\/wp-content\/uploads\/2020\/03\/Grau-Mig-Instal\u00b7lacions-el\u00e8ctriques.jpg\" class=\"attachment-full size-full wp-image-907\" alt=\"FP Baix Empord\u00e0 | Grau Mig - Instal\u00b7lacions el\u00e8ctriques\" srcset=\"https:\/\/www.fpbaixemporda.com\/wp-content\/uploads\/2020\/03\/Grau-Mig-Instal\u00b7lacions-el\u00e8ctriques.jpg 660w, https:\/\/www.fpbaixemporda.com\/wp-content\/uploads\/2020\/03\/Grau-Mig-Instal\u00b7lacions-el\u00e8ctriques-300x200.jpg 300w\" sizes=\"(max-width: 660px) 100vw, 660px\" \/>\t\t\t\t\t\t\t<\/div>\n\t\t\t\t\t\t\t\t\t\t\t\t<div class=\"pa-gallery-icons-wrapper\">\n\t\t\t\t\t\t\t\t<div class=\"pa-gallery-icons-inner-container\">\n\t\t\t\t\t\t\t\t\t\t\t\t\t\t\t\t\t<\/div>\n\t\t\t\t\t\t\t<\/div>\n\t\t\t\t\t\t\t\t\t\t<div class=\"premium-gallery-caption\">\n\n\t\t\t\t\t\t\t\t\t<span class=\"premium-gallery-img-name\">GM - Instal\u00b7lacions el\u00e8ctriques i autom\u00e0tiques<\/span>\n\t\t\t\t\t\n\t\t\t<\/div>\n\t\t\t\t\t\t\t\t\t\t<a class=\"pa-gallery-whole-link\" href=\"https:\/\/www.fpbaixemporda.com\/es\/cf-grau-mitja\/instal%c2%b7lacions-electriques\/\">\n\t\t\t\t\t\t\t\t<span>\n\t\t\t\t\t\t\t\t\tGM - Instal\u00b7lacions el\u00e8ctriques i autom\u00e0tiques\t\t\t\t\t\t\t\t<\/span>\n\t\t\t\t\t\t\t<\/a>\n\t\t\t\t\t\t\t\t\t\t\t<\/div>\n\t\t\t<\/div>\n\t\t\t\t\t\t\t<div class=\"premium-gallery-item elementor-repeater-item-b3a26d0 \">\n\t\t\t\t<div class=\"pa-gallery-img default\" onclick=\"\">\n\t\t\t\t\t<div class=\"pa-gallery-img-container\">\n\t\t\t\t\t\t\t\t<img decoding=\"async\" width=\"660\" height=\"440\" src=\"https:\/\/www.fpbaixemporda.com\/wp-content\/uploads\/2020\/03\/Grau-Mig-Gesti\u00f3-administrativa-i-digital.jpg\" class=\"attachment-full size-full wp-image-903\" alt=\"FP Baix Empord\u00e0 | Grau Mig - Gesti\u00f3 administrativa i digital\" srcset=\"https:\/\/www.fpbaixemporda.com\/wp-content\/uploads\/2020\/03\/Grau-Mig-Gesti\u00f3-administrativa-i-digital.jpg 660w, https:\/\/www.fpbaixemporda.com\/wp-content\/uploads\/2020\/03\/Grau-Mig-Gesti\u00f3-administrativa-i-digital-300x200.jpg 300w\" sizes=\"(max-width: 660px) 100vw, 660px\" \/>\t\t\t\t\t\t\t<\/div>\n\t\t\t\t\t\t\t\t\t\t\t\t<div class=\"pa-gallery-icons-wrapper\">\n\t\t\t\t\t\t\t\t<div class=\"pa-gallery-icons-inner-container\">\n\t\t\t\t\t\t\t\t\t\t\t\t\t\t\t\t\t<\/div>\n\t\t\t\t\t\t\t<\/div>\n\t\t\t\t\t\t\t\t\t\t<div class=\"premium-gallery-caption\">\n\n\t\t\t\t\t\t\t\t\t<span class=\"premium-gallery-img-name\">GM - Gesti\u00f3 administrativa en l'\u00e0mbit Digital<\/span>\n\t\t\t\t\t\n\t\t\t<\/div>\n\t\t\t\t\t\t\t\t\t\t<a class=\"pa-gallery-whole-link\" href=\"https:\/\/www.fpbaixemporda.com\/es\/cf-grau-mitja\/gestio-administrativa-ambit-digital\/\">\n\t\t\t\t\t\t\t\t<span>\n\t\t\t\t\t\t\t\t\tGM - Gesti\u00f3 administrativa en l'\u00e0mbit Digital\t\t\t\t\t\t\t\t<\/span>\n\t\t\t\t\t\t\t<\/a>\n\t\t\t\t\t\t\t\t\t\t\t<\/div>\n\t\t\t<\/div>\n\t\t\t\t\t\t\t<div class=\"premium-gallery-item elementor-repeater-item-0421d56 \">\n\t\t\t\t<div class=\"pa-gallery-img default\" onclick=\"\">\n\t\t\t\t\t<div class=\"pa-gallery-img-container\">\n\t\t\t\t\t\t\t\t<img decoding=\"async\" width=\"660\" height=\"440\" src=\"https:\/\/www.fpbaixemporda.com\/wp-content\/uploads\/2020\/03\/Grau-Mig-Activitats-comercials.jpg\" class=\"attachment-full size-full wp-image-874\" alt=\"FP Baix Empord\u00e0 | Grau Mig - Activitats comercials\" srcset=\"https:\/\/www.fpbaixemporda.com\/wp-content\/uploads\/2020\/03\/Grau-Mig-Activitats-comercials.jpg 660w, https:\/\/www.fpbaixemporda.com\/wp-content\/uploads\/2020\/03\/Grau-Mig-Activitats-comercials-300x200.jpg 300w\" sizes=\"(max-width: 660px) 100vw, 660px\" \/>\t\t\t\t\t\t\t<\/div>\n\t\t\t\t\t\t\t\t\t\t\t\t<div class=\"pa-gallery-icons-wrapper\">\n\t\t\t\t\t\t\t\t<div class=\"pa-gallery-icons-inner-container\">\n\t\t\t\t\t\t\t\t\t\t\t\t\t\t\t\t\t<\/div>\n\t\t\t\t\t\t\t<\/div>\n\t\t\t\t\t\t\t\t\t\t<div class=\"premium-gallery-caption\">\n\n\t\t\t\t\t\t\t\t\t<span class=\"premium-gallery-img-name\">GM - Activitats comercials<\/span>\n\t\t\t\t\t\n\t\t\t<\/div>\n\t\t\t\t\t\t\t\t\t\t<a class=\"pa-gallery-whole-link\" href=\"https:\/\/www.fpbaixemporda.com\/es\/cf-grau-mitja\/activitats-comercials\/\">\n\t\t\t\t\t\t\t\t<span>\n\t\t\t\t\t\t\t\t\tGM - Activitats comercials\t\t\t\t\t\t\t\t<\/span>\n\t\t\t\t\t\t\t<\/a>\n\t\t\t\t\t\t\t\t\t\t\t<\/div>\n\t\t\t<\/div>\n\t\t\t\t\t\t\t<div class=\"premium-gallery-item elementor-repeater-item-6aa7161 \">\n\t\t\t\t<div class=\"pa-gallery-img default\" onclick=\"\">\n\t\t\t\t\t<div class=\"pa-gallery-img-container\">\n\t\t\t\t\t\t\t\t<img loading=\"lazy\" decoding=\"async\" width=\"660\" height=\"440\" src=\"https:\/\/www.fpbaixemporda.com\/wp-content\/uploads\/2020\/03\/Grau-Superior-Administraci\u00f3-i-finances.jpg\" class=\"attachment-full size-full wp-image-926\" alt=\"FP Baix Empord\u00e0 | Grau Superior - Administraci\u00f3 i finances\" srcset=\"https:\/\/www.fpbaixemporda.com\/wp-content\/uploads\/2020\/03\/Grau-Superior-Administraci\u00f3-i-finances.jpg 660w, https:\/\/www.fpbaixemporda.com\/wp-content\/uploads\/2020\/03\/Grau-Superior-Administraci\u00f3-i-finances-300x200.jpg 300w\" sizes=\"(max-width: 660px) 100vw, 660px\" \/>\t\t\t\t\t\t\t<\/div>\n\t\t\t\t\t\t\t\t\t\t\t\t<div class=\"pa-gallery-icons-wrapper\">\n\t\t\t\t\t\t\t\t<div class=\"pa-gallery-icons-inner-container\">\n\t\t\t\t\t\t\t\t\t\t\t\t\t\t\t\t\t<\/div>\n\t\t\t\t\t\t\t<\/div>\n\t\t\t\t\t\t\t\t\t\t<div class=\"premium-gallery-caption\">\n\n\t\t\t\t\t\t\t\t\t<span class=\"premium-gallery-img-name\">GS - Administraci\u00f3 i finances<\/span>\n\t\t\t\t\t\n\t\t\t<\/div>\n\t\t\t\t\t\t\t\t\t\t<a class=\"pa-gallery-whole-link\" href=\"https:\/\/www.fpbaixemporda.com\/es\/cf-grau-superior\/administracio-i-finances\/\">\n\t\t\t\t\t\t\t\t<span>\n\t\t\t\t\t\t\t\t\tGS - Administraci\u00f3 i finances\t\t\t\t\t\t\t\t<\/span>\n\t\t\t\t\t\t\t<\/a>\n\t\t\t\t\t\t\t\t\t\t\t<\/div>\n\t\t\t<\/div>\n\t\t\t\t\t\t\t<div class=\"premium-gallery-item elementor-repeater-item-6c0f0df \">\n\t\t\t\t<div class=\"pa-gallery-img default\" onclick=\"\">\n\t\t\t\t\t<div class=\"pa-gallery-img-container\">\n\t\t\t\t\t\t\t\t<img loading=\"lazy\" decoding=\"async\" width=\"660\" height=\"440\" src=\"https:\/\/www.fpbaixemporda.com\/wp-content\/uploads\/2020\/03\/Grau-Mig-Est\u00e8tica-i-Bellesa.jpg\" class=\"attachment-full size-full wp-image-896\" alt=\"FP Baix Empord\u00e0 | Grau Mig - Est\u00e8tica i Bellesa\" srcset=\"https:\/\/www.fpbaixemporda.com\/wp-content\/uploads\/2020\/03\/Grau-Mig-Est\u00e8tica-i-Bellesa.jpg 660w, https:\/\/www.fpbaixemporda.com\/wp-content\/uploads\/2020\/03\/Grau-Mig-Est\u00e8tica-i-Bellesa-300x200.jpg 300w\" sizes=\"(max-width: 660px) 100vw, 660px\" \/>\t\t\t\t\t\t\t<\/div>\n\t\t\t\t\t\t\t\t\t\t\t\t<div class=\"pa-gallery-icons-wrapper\">\n\t\t\t\t\t\t\t\t<div class=\"pa-gallery-icons-inner-container\">\n\t\t\t\t\t\t\t\t\t\t\t\t\t\t\t\t\t<\/div>\n\t\t\t\t\t\t\t<\/div>\n\t\t\t\t\t\t\t\t\t\t<div class=\"premium-gallery-caption\">\n\n\t\t\t\t\t\t\t\t\t<span class=\"premium-gallery-img-name\">GM - Est\u00e8tica i Bellesa<\/span>\n\t\t\t\t\t\n\t\t\t<\/div>\n\t\t\t\t\t\t\t\t\t\t<a class=\"pa-gallery-whole-link\" href=\"https:\/\/www.fpbaixemporda.com\/es\/cf-grau-mitja\/estetica-i-bellesa\/\">\n\t\t\t\t\t\t\t\t<span>\n\t\t\t\t\t\t\t\t\tGM - Est\u00e8tica i Bellesa\t\t\t\t\t\t\t\t<\/span>\n\t\t\t\t\t\t\t<\/a>\n\t\t\t\t\t\t\t\t\t\t\t<\/div>\n\t\t\t<\/div>\n\t\t\t\t\t\t\t<div class=\"premium-gallery-item elementor-repeater-item-5bec730 \">\n\t\t\t\t<div class=\"pa-gallery-img default\" onclick=\"\">\n\t\t\t\t\t<div class=\"pa-gallery-img-container\">\n\t\t\t\t\t\t\t\t<img loading=\"lazy\" decoding=\"async\" width=\"660\" height=\"440\" src=\"https:\/\/www.fpbaixemporda.com\/wp-content\/uploads\/2020\/03\/Grau-Mig-Manteniment-embarcacions-esbarjo.jpg\" class=\"attachment-full size-full wp-image-914\" alt=\"FP Baix Empord\u00e0 | Grau Mig - Manteniment embarcacions esbarjo\" srcset=\"https:\/\/www.fpbaixemporda.com\/wp-content\/uploads\/2020\/03\/Grau-Mig-Manteniment-embarcacions-esbarjo.jpg 660w, https:\/\/www.fpbaixemporda.com\/wp-content\/uploads\/2020\/03\/Grau-Mig-Manteniment-embarcacions-esbarjo-300x200.jpg 300w\" sizes=\"(max-width: 660px) 100vw, 660px\" \/>\t\t\t\t\t\t\t<\/div>\n\t\t\t\t\t\t\t\t\t\t\t\t<div class=\"pa-gallery-icons-wrapper\">\n\t\t\t\t\t\t\t\t<div class=\"pa-gallery-icons-inner-container\">\n\t\t\t\t\t\t\t\t\t\t\t\t\t\t\t\t\t<\/div>\n\t\t\t\t\t\t\t<\/div>\n\t\t\t\t\t\t\t\t\t\t<div class=\"premium-gallery-caption\">\n\n\t\t\t\t\t\t\t\t\t<span class=\"premium-gallery-img-name\">GM - Manteniment embarcacions esbarjo<\/span>\n\t\t\t\t\t\n\t\t\t<\/div>\n\t\t\t\t\t\t\t\t\t\t<a class=\"pa-gallery-whole-link\" href=\"https:\/\/www.fpbaixemporda.com\/es\/cf-grau-mitja\/manteniment-embarcacions-esbarjo\/\">\n\t\t\t\t\t\t\t\t<span>\n\t\t\t\t\t\t\t\t\tGM - Manteniment embarcacions esbarjo\t\t\t\t\t\t\t\t<\/span>\n\t\t\t\t\t\t\t<\/a>\n\t\t\t\t\t\t\t\t\t\t\t<\/div>\n\t\t\t<\/div>\n\t\t\t\t\t\t\t<div class=\"premium-gallery-item elementor-repeater-item-8b106cb \">\n\t\t\t\t<div class=\"pa-gallery-img default\" onclick=\"\">\n\t\t\t\t\t<div class=\"pa-gallery-img-container\">\n\t\t\t\t\t\t\t\t<img loading=\"lazy\" decoding=\"async\" width=\"660\" height=\"440\" src=\"https:\/\/www.fpbaixemporda.com\/wp-content\/uploads\/2020\/03\/Grau-Mig-Perruqueria-i-cosm\u00e8tica-capil\u00b7lar.jpg\" class=\"attachment-full size-full wp-image-918\" alt=\"FP Baix Empord\u00e0 | Grau Mig - Perruqueria i cosm\u00e8tica capil\u00b7lar\" srcset=\"https:\/\/www.fpbaixemporda.com\/wp-content\/uploads\/2020\/03\/Grau-Mig-Perruqueria-i-cosm\u00e8tica-capil\u00b7lar.jpg 660w, https:\/\/www.fpbaixemporda.com\/wp-content\/uploads\/2020\/03\/Grau-Mig-Perruqueria-i-cosm\u00e8tica-capil\u00b7lar-300x200.jpg 300w\" sizes=\"(max-width: 660px) 100vw, 660px\" \/>\t\t\t\t\t\t\t<\/div>\n\t\t\t\t\t\t\t\t\t\t\t\t<div class=\"pa-gallery-icons-wrapper\">\n\t\t\t\t\t\t\t\t<div class=\"pa-gallery-icons-inner-container\">\n\t\t\t\t\t\t\t\t\t\t\t\t\t\t\t\t\t<\/div>\n\t\t\t\t\t\t\t<\/div>\n\t\t\t\t\t\t\t\t\t\t<div class=\"premium-gallery-caption\">\n\n\t\t\t\t\t\t\t\t\t<span class=\"premium-gallery-img-name\">GM - Perruqueria i cosm\u00e8tica capil\u00b7lar<\/span>\n\t\t\t\t\t\n\t\t\t<\/div>\n\t\t\t\t\t\t\t\t\t\t<a class=\"pa-gallery-whole-link\" href=\"https:\/\/www.fpbaixemporda.com\/es\/cf-grau-mitja\/perruqueria-i-cosmetica-capil%c2%b7lar\/\">\n\t\t\t\t\t\t\t\t<span>\n\t\t\t\t\t\t\t\t\tGM - Perruqueria i cosm\u00e8tica capil\u00b7lar\t\t\t\t\t\t\t\t<\/span>\n\t\t\t\t\t\t\t<\/a>\n\t\t\t\t\t\t\t\t\t\t\t<\/div>\n\t\t\t<\/div>\n\t\t\t\t\t\t\t<div class=\"premium-gallery-item elementor-repeater-item-45a1d1e \">\n\t\t\t\t<div class=\"pa-gallery-img default\" onclick=\"\">\n\t\t\t\t\t<div class=\"pa-gallery-img-container\">\n\t\t\t\t\t\t\t\t<img loading=\"lazy\" decoding=\"async\" width=\"660\" height=\"440\" src=\"https:\/\/www.fpbaixemporda.com\/wp-content\/uploads\/2020\/03\/Grau-Superior-Educaci\u00f3-infantil.jpg\" class=\"attachment-full size-full wp-image-933\" alt=\"\" srcset=\"https:\/\/www.fpbaixemporda.com\/wp-content\/uploads\/2020\/03\/Grau-Superior-Educaci\u00f3-infantil.jpg 660w, https:\/\/www.fpbaixemporda.com\/wp-content\/uploads\/2020\/03\/Grau-Superior-Educaci\u00f3-infantil-300x200.jpg 300w\" sizes=\"(max-width: 660px) 100vw, 660px\" \/>\t\t\t\t\t\t\t<\/div>\n\t\t\t\t\t\t\t\t\t\t\t\t<div class=\"pa-gallery-icons-wrapper\">\n\t\t\t\t\t\t\t\t<div class=\"pa-gallery-icons-inner-container\">\n\t\t\t\t\t\t\t\t\t\t\t\t\t\t\t\t\t<\/div>\n\t\t\t\t\t\t\t<\/div>\n\t\t\t\t\t\t\t\t\t\t<div class=\"premium-gallery-caption\">\n\n\t\t\t\t\t\t\t\t\t<span class=\"premium-gallery-img-name\">GS - Educaci\u00f3 infantil<\/span>\n\t\t\t\t\t\n\t\t\t<\/div>\n\t\t\t\t\t\t\t\t\t\t<a class=\"pa-gallery-whole-link\" href=\"https:\/\/www.fpbaixemporda.com\/es\/cf-grau-superior\/educacio-infantil\/\">\n\t\t\t\t\t\t\t\t<span>\n\t\t\t\t\t\t\t\t\tGS - Educaci\u00f3 infantil\t\t\t\t\t\t\t\t<\/span>\n\t\t\t\t\t\t\t<\/a>\n\t\t\t\t\t\t\t\t\t\t\t<\/div>\n\t\t\t<\/div>\n\t\t\t\t\t\t\t<div class=\"premium-gallery-item elementor-repeater-item-aeb2882 \">\n\t\t\t\t<div class=\"pa-gallery-img default\" onclick=\"\">\n\t\t\t\t\t<div class=\"pa-gallery-img-container\">\n\t\t\t\t\t\t\t\t<img loading=\"lazy\" decoding=\"async\" width=\"660\" height=\"440\" src=\"https:\/\/www.fpbaixemporda.com\/wp-content\/uploads\/2021\/12\/Programes-Formacio-i-Insercio-Auxiliar-dhoteleria-Cuina-i-serveis-de-restauracio.jpg\" class=\"attachment-full size-full wp-image-2937\" alt=\"Programes Formaci\u00f3 i Inserci\u00f3 - Auxiliar d&#039;hoteleria - Cuina i serveis de restauraci\u00f3\" srcset=\"https:\/\/www.fpbaixemporda.com\/wp-content\/uploads\/2021\/12\/Programes-Formacio-i-Insercio-Auxiliar-dhoteleria-Cuina-i-serveis-de-restauracio.jpg 660w, https:\/\/www.fpbaixemporda.com\/wp-content\/uploads\/2021\/12\/Programes-Formacio-i-Insercio-Auxiliar-dhoteleria-Cuina-i-serveis-de-restauracio-300x200.jpg 300w\" sizes=\"(max-width: 660px) 100vw, 660px\" \/>\t\t\t\t\t\t\t<\/div>\n\t\t\t\t\t\t\t\t\t\t\t\t<div class=\"pa-gallery-icons-wrapper\">\n\t\t\t\t\t\t\t\t<div class=\"pa-gallery-icons-inner-container\">\n\t\t\t\t\t\t\t\t\t\t\t\t\t\t\t\t\t<\/div>\n\t\t\t\t\t\t\t<\/div>\n\t\t\t\t\t\t\t\t\t\t<div class=\"premium-gallery-caption\">\n\n\t\t\t\t\t\t\t\t\t<span class=\"premium-gallery-img-name\">PFI - Auxiliar d'hoteleria: Cuina i serveis de restauraci\u00f3<\/span>\n\t\t\t\t\t\n\t\t\t<\/div>\n\t\t\t\t\t\t\t\t\t\t<a class=\"pa-gallery-whole-link\" href=\"https:\/\/www.fpbaixemporda.com\/docs\/PFI_PTT_Hoteleria.pdf\" target=\"_blank\">\n\t\t\t\t\t\t\t\t<span>\n\t\t\t\t\t\t\t\t\tPFI - Auxiliar d'hoteleria: Cuina i serveis de restauraci\u00f3\t\t\t\t\t\t\t\t<\/span>\n\t\t\t\t\t\t\t<\/a>\n\t\t\t\t\t\t\t\t\t\t\t<\/div>\n\t\t\t<\/div>\n\t\t\t\t\t\t\t<div class=\"premium-gallery-item elementor-repeater-item-8113e08 \">\n\t\t\t\t<div class=\"pa-gallery-img default\" onclick=\"\">\n\t\t\t\t\t<div class=\"pa-gallery-img-container\">\n\t\t\t\t\t\t\t\t<img loading=\"lazy\" decoding=\"async\" width=\"660\" height=\"440\" src=\"https:\/\/www.fpbaixemporda.com\/wp-content\/uploads\/2021\/12\/Programes-Formacio-i-Insercio-Auxiliar-de-vendes-oficina-atencio-al-public.jpg\" class=\"attachment-full size-full wp-image-2945\" alt=\"\" srcset=\"https:\/\/www.fpbaixemporda.com\/wp-content\/uploads\/2021\/12\/Programes-Formacio-i-Insercio-Auxiliar-de-vendes-oficina-atencio-al-public.jpg 660w, https:\/\/www.fpbaixemporda.com\/wp-content\/uploads\/2021\/12\/Programes-Formacio-i-Insercio-Auxiliar-de-vendes-oficina-atencio-al-public-300x200.jpg 300w\" sizes=\"(max-width: 660px) 100vw, 660px\" \/>\t\t\t\t\t\t\t<\/div>\n\t\t\t\t\t\t\t\t\t\t\t\t<div class=\"pa-gallery-icons-wrapper\">\n\t\t\t\t\t\t\t\t<div class=\"pa-gallery-icons-inner-container\">\n\t\t\t\t\t\t\t\t\t\t\t\t\t\t\t\t\t<\/div>\n\t\t\t\t\t\t\t<\/div>\n\t\t\t\t\t\t\t\t\t\t<div class=\"premium-gallery-caption\">\n\n\t\t\t\t\t\t\t\t\t<span class=\"premium-gallery-img-name\">PFI - Auxiliar de vendes, oficina i atenci\u00f3 al p\u00fablic<\/span>\n\t\t\t\t\t\n\t\t\t<\/div>\n\t\t\t\t\t\t\t\t\t\t<a class=\"pa-gallery-whole-link\" href=\"https:\/\/www.fpbaixemporda.com\/docs\/PI_PTT_Vendes.pdf\" target=\"_blank\">\n\t\t\t\t\t\t\t\t<span>\n\t\t\t\t\t\t\t\t\tPFI - Auxiliar de vendes, oficina i atenci\u00f3 al p\u00fablic\t\t\t\t\t\t\t\t<\/span>\n\t\t\t\t\t\t\t<\/a>\n\t\t\t\t\t\t\t\t\t\t\t<\/div>\n\t\t\t<\/div>\n\t\t\t\t\t\t\t<div class=\"premium-gallery-item elementor-repeater-item-9e2df22 \">\n\t\t\t\t<div class=\"pa-gallery-img default\" onclick=\"\">\n\t\t\t\t\t<div class=\"pa-gallery-img-container\">\n\t\t\t\t\t\t\t\t<img loading=\"lazy\" decoding=\"async\" width=\"660\" height=\"440\" src=\"https:\/\/www.fpbaixemporda.com\/wp-content\/uploads\/2025\/10\/Grau-Basic-Electricitat-i-Electronica.jpg\" class=\"attachment-full size-full wp-image-5492\" alt=\"Grau B\u00e0sic - Electricitat i Electr\u00f2nica\" srcset=\"https:\/\/www.fpbaixemporda.com\/wp-content\/uploads\/2025\/10\/Grau-Basic-Electricitat-i-Electronica.jpg 660w, https:\/\/www.fpbaixemporda.com\/wp-content\/uploads\/2025\/10\/Grau-Basic-Electricitat-i-Electronica-300x200.jpg 300w\" sizes=\"(max-width: 660px) 100vw, 660px\" \/>\t\t\t\t\t\t\t<\/div>\n\t\t\t\t\t\t\t\t\t\t\t\t<div class=\"pa-gallery-icons-wrapper\">\n\t\t\t\t\t\t\t\t<div class=\"pa-gallery-icons-inner-container\">\n\t\t\t\t\t\t\t\t\t\t\t\t\t\t\t\t\t<\/div>\n\t\t\t\t\t\t\t<\/div>\n\t\t\t\t\t\t\t\t\t\t<div class=\"premium-gallery-caption\">\n\n\t\t\t\t\t\t\t\t\t<span class=\"premium-gallery-img-name\">GB - FP B\u00e0sica Electricitat i Electr\u00f2nica<\/span>\n\t\t\t\t\t\n\t\t\t<\/div>\n\t\t\t\t\t\t\t\t\t\t<a class=\"pa-gallery-whole-link\" href=\"https:\/\/www.fpbaixemporda.com\/cicles-formatius-grau-basic\/electricitat-i-electronica\/\" target=\"_blank\">\n\t\t\t\t\t\t\t\t<span>\n\t\t\t\t\t\t\t\t\tGB - FP B\u00e0sica Electricitat i Electr\u00f2nica\t\t\t\t\t\t\t\t<\/span>\n\t\t\t\t\t\t\t<\/a>\n\t\t\t\t\t\t\t\t\t\t\t<\/div>\n\t\t\t<\/div>\n\t\t\t\n\t\t\t\t\t<\/div>\n\n\t\t\n\t<\/div>\n\n\t\t\n\t\t\n\t\t\t\t\t\t<\/div>\n\t\t\t\t<div class=\"elementor-element elementor-element-876c7d9 elementor-widget elementor-widget-heading\" data-id=\"876c7d9\" data-element_type=\"widget\" data-e-type=\"widget\" data-widget_type=\"heading.default\">\n\t\t\t\t\t<h3 class=\"elementor-heading-title elementor-size-default\">EMPRESES COL\u00b7LABORADORES<\/h3>\t\t\t\t<\/div>\n\t\t\t\t<div class=\"elementor-element elementor-element-a3baf26 premium-blog__carousel-yes premium-blog-align-left elementor-widget elementor-widget-premium-addon-blog\" data-id=\"a3baf26\" data-element_type=\"widget\" data-e-type=\"widget\" data-settings=\"{&quot;premium_blog_columns_number&quot;:&quot;25%&quot;,&quot;premium_blog_carousel&quot;:&quot;yes&quot;,&quot;premium_blog_carousel_play&quot;:&quot;yes&quot;,&quot;slides_to_scroll&quot;:1,&quot;premium_blog_carousel_spacing&quot;:28,&quot;premium_blog_columns_number_tablet&quot;:&quot;33.33%&quot;,&quot;premium_blog_columns_number_mobile&quot;:&quot;50%&quot;,&quot;premium_blog_grid&quot;:&quot;yes&quot;,&quot;premium_blog_layout&quot;:&quot;even&quot;,&quot;premium_blog_carousel_autoplay_speed&quot;:5000,&quot;carousel_speed&quot;:300,&quot;premium_blog_carousel_arrows&quot;:&quot;yes&quot;,&quot;arrows_position&quot;:&quot;default&quot;}\" data-widget_type=\"premium-addon-blog.default\">\n\t\t\t\t\t\n\t\t\n\n\t\t\t\t<div class=\"premium-blog-wrap  premium-blog-even premium-carousel-hidden\" data-page=\"258\">\n\t\t\t\t\t\t\t\t\t<div class=\"premium-blog-post-outer-container\" data-total=\"1\">\n\t\t\t<div class=\"premium-blog-post-container premium-blog-skin-classic\">\n\t\t\t\t\t\t\t\t\t<div class=\"premium-blog-thumb-effect-wrapper\">\n\t\t\t\t\t\t<div class=\"premium-blog-thumbnail-container premium-blog-blur-effect\">\n\t\t\t\t\t\t\t<img loading=\"lazy\" decoding=\"async\" width=\"400\" height=\"300\" src=\"https:\/\/www.fpbaixemporda.com\/wp-content\/uploads\/2021\/04\/Farmacia-Marina-Noguer.jpg\" class=\"attachment-full size-full wp-image-2334\" alt=\"Farm\u00e0cia Marina Noguer\" srcset=\"https:\/\/www.fpbaixemporda.com\/wp-content\/uploads\/2021\/04\/Farmacia-Marina-Noguer.jpg 400w, https:\/\/www.fpbaixemporda.com\/wp-content\/uploads\/2021\/04\/Farmacia-Marina-Noguer-300x225.jpg 300w\" sizes=\"(max-width: 400px) 100vw, 400px\" \/>\t\t\t\t\t\t<\/div>\n\t\t\t\t\t\t\t\t\t\t\t\t\t<div class=\"premium-blog-thumbnail-overlay\">\n\t\t\t\t\t\t\t\t<a class=\"elementor-icon\" href=\"https:\/\/www.fpbaixemporda.com\/es\/farmacia-marina-noguer\/\" target=\"_blank\"><\/a>\n\t\t\t\t\t\t\t<\/div>\n\n\t\t\t\t\t\t\t\t\t\t\t\t\t\t\t\t\t\t<\/div>\n\t\t\t\t\t\t\t\t\t\t\t\t<div class=\"premium-blog-content-wrapper \">\n\n\t\t\t\t\t<div class=\"premium-blog-inner-container\">\n\n\t\t\t\t\t\t\t\t\t\t\t\t\t\t<p class=\"premium-blog-entry-title\">\n\t\t\t<a href=\"https:\/\/www.fpbaixemporda.com\/es\/farmacia-marina-noguer\/\" target=\"_blank\">\n\t\t\t\tFarm\u00e0cia Marina Noguer\t\t\t<\/a>\n\t\t<\/p>\n\t\t\t\t<div class=\"premium-blog-entry-meta\">\n\t\t\t\n\t\t\t\n\t\t\t\n\t\t\t\t\t<\/div>\n\t\t\n\t\t\t\t\t<\/div>\n\n\t\t\t\t\t\t\t\t\t\t\n\t\t\t\t<\/div>\n\t\t\t<\/div>\n\t\t<\/div>\n\n\t\t\t\t<div class=\"premium-blog-post-outer-container\" data-total=\"1\">\n\t\t\t<div class=\"premium-blog-post-container premium-blog-skin-classic\">\n\t\t\t\t\t\t\t\t\t<div class=\"premium-blog-thumb-effect-wrapper\">\n\t\t\t\t\t\t<div class=\"premium-blog-thumbnail-container premium-blog-blur-effect\">\n\t\t\t\t\t\t\t<img loading=\"lazy\" decoding=\"async\" width=\"400\" height=\"300\" src=\"https:\/\/www.fpbaixemporda.com\/wp-content\/uploads\/2021\/04\/Girosystem.jpg\" class=\"attachment-full size-full wp-image-2350\" alt=\"Girosystem\" srcset=\"https:\/\/www.fpbaixemporda.com\/wp-content\/uploads\/2021\/04\/Girosystem.jpg 400w, https:\/\/www.fpbaixemporda.com\/wp-content\/uploads\/2021\/04\/Girosystem-300x225.jpg 300w\" sizes=\"(max-width: 400px) 100vw, 400px\" \/>\t\t\t\t\t\t<\/div>\n\t\t\t\t\t\t\t\t\t\t\t\t\t<div class=\"premium-blog-thumbnail-overlay\">\n\t\t\t\t\t\t\t\t<a class=\"elementor-icon\" href=\"https:\/\/www.fpbaixemporda.com\/es\/girosystem\/\" target=\"_blank\"><\/a>\n\t\t\t\t\t\t\t<\/div>\n\n\t\t\t\t\t\t\t\t\t\t\t\t\t\t\t\t\t\t<\/div>\n\t\t\t\t\t\t\t\t\t\t\t\t<div class=\"premium-blog-content-wrapper \">\n\n\t\t\t\t\t<div class=\"premium-blog-inner-container\">\n\n\t\t\t\t\t\t\t\t\t\t\t\t\t\t<p class=\"premium-blog-entry-title\">\n\t\t\t<a href=\"https:\/\/www.fpbaixemporda.com\/es\/girosystem\/\" target=\"_blank\">\n\t\t\t\tGirosystem\t\t\t<\/a>\n\t\t<\/p>\n\t\t\t\t<div class=\"premium-blog-entry-meta\">\n\t\t\t\n\t\t\t\n\t\t\t\n\t\t\t\t\t<\/div>\n\t\t\n\t\t\t\t\t<\/div>\n\n\t\t\t\t\t\t\t\t\t\t\n\t\t\t\t<\/div>\n\t\t\t<\/div>\n\t\t<\/div>\n\n\t\t\t\t<div class=\"premium-blog-post-outer-container\" data-total=\"1\">\n\t\t\t<div class=\"premium-blog-post-container premium-blog-skin-classic\">\n\t\t\t\t\t\t\t\t\t<div class=\"premium-blog-thumb-effect-wrapper\">\n\t\t\t\t\t\t<div class=\"premium-blog-thumbnail-container premium-blog-blur-effect\">\n\t\t\t\t\t\t\t<img loading=\"lazy\" decoding=\"async\" width=\"400\" height=\"300\" src=\"https:\/\/www.fpbaixemporda.com\/wp-content\/uploads\/2021\/04\/Akrocard.jpg\" class=\"attachment-full size-full wp-image-2366\" alt=\"Akrocard\" srcset=\"https:\/\/www.fpbaixemporda.com\/wp-content\/uploads\/2021\/04\/Akrocard.jpg 400w, https:\/\/www.fpbaixemporda.com\/wp-content\/uploads\/2021\/04\/Akrocard-300x225.jpg 300w\" sizes=\"(max-width: 400px) 100vw, 400px\" \/>\t\t\t\t\t\t<\/div>\n\t\t\t\t\t\t\t\t\t\t\t\t\t<div class=\"premium-blog-thumbnail-overlay\">\n\t\t\t\t\t\t\t\t<a class=\"elementor-icon\" href=\"https:\/\/www.fpbaixemporda.com\/es\/akrocard\/\" target=\"_blank\"><\/a>\n\t\t\t\t\t\t\t<\/div>\n\n\t\t\t\t\t\t\t\t\t\t\t\t\t\t\t\t\t\t<\/div>\n\t\t\t\t\t\t\t\t\t\t\t\t<div class=\"premium-blog-content-wrapper \">\n\n\t\t\t\t\t<div class=\"premium-blog-inner-container\">\n\n\t\t\t\t\t\t\t\t\t\t\t\t\t\t<p class=\"premium-blog-entry-title\">\n\t\t\t<a href=\"https:\/\/www.fpbaixemporda.com\/es\/akrocard\/\" target=\"_blank\">\n\t\t\t\tAkrocard\t\t\t<\/a>\n\t\t<\/p>\n\t\t\t\t<div class=\"premium-blog-entry-meta\">\n\t\t\t\n\t\t\t\n\t\t\t\n\t\t\t\t\t<\/div>\n\t\t\n\t\t\t\t\t<\/div>\n\n\t\t\t\t\t\t\t\t\t\t\n\t\t\t\t<\/div>\n\t\t\t<\/div>\n\t\t<\/div>\n\n\t\t\t\t<div class=\"premium-blog-post-outer-container\" data-total=\"1\">\n\t\t\t<div class=\"premium-blog-post-container premium-blog-skin-classic\">\n\t\t\t\t\t\t\t\t\t<div class=\"premium-blog-thumb-effect-wrapper\">\n\t\t\t\t\t\t<div class=\"premium-blog-thumbnail-container premium-blog-blur-effect\">\n\t\t\t\t\t\t\t<img loading=\"lazy\" decoding=\"async\" width=\"400\" height=\"300\" src=\"https:\/\/www.fpbaixemporda.com\/wp-content\/uploads\/2021\/04\/Logic-Key.jpg\" class=\"attachment-full size-full wp-image-2322\" alt=\"Logic Key\" srcset=\"https:\/\/www.fpbaixemporda.com\/wp-content\/uploads\/2021\/04\/Logic-Key.jpg 400w, https:\/\/www.fpbaixemporda.com\/wp-content\/uploads\/2021\/04\/Logic-Key-300x225.jpg 300w\" sizes=\"(max-width: 400px) 100vw, 400px\" \/>\t\t\t\t\t\t<\/div>\n\t\t\t\t\t\t\t\t\t\t\t\t\t<div class=\"premium-blog-thumbnail-overlay\">\n\t\t\t\t\t\t\t\t<a class=\"elementor-icon\" href=\"https:\/\/www.fpbaixemporda.com\/es\/logic-key\/\" target=\"_blank\"><\/a>\n\t\t\t\t\t\t\t<\/div>\n\n\t\t\t\t\t\t\t\t\t\t\t\t\t\t\t\t\t\t<\/div>\n\t\t\t\t\t\t\t\t\t\t\t\t<div class=\"premium-blog-content-wrapper \">\n\n\t\t\t\t\t<div class=\"premium-blog-inner-container\">\n\n\t\t\t\t\t\t\t\t\t\t\t\t\t\t<p class=\"premium-blog-entry-title\">\n\t\t\t<a href=\"https:\/\/www.fpbaixemporda.com\/es\/logic-key\/\" target=\"_blank\">\n\t\t\t\tLogic Key\t\t\t<\/a>\n\t\t<\/p>\n\t\t\t\t<div class=\"premium-blog-entry-meta\">\n\t\t\t\n\t\t\t\n\t\t\t\n\t\t\t\t\t<\/div>\n\t\t\n\t\t\t\t\t<\/div>\n\n\t\t\t\t\t\t\t\t\t\t\n\t\t\t\t<\/div>\n\t\t\t<\/div>\n\t\t<\/div>\n\n\t\t\t\t<div class=\"premium-blog-post-outer-container\" data-total=\"1\">\n\t\t\t<div class=\"premium-blog-post-container premium-blog-skin-classic\">\n\t\t\t\t\t\t\t\t\t<div class=\"premium-blog-thumb-effect-wrapper\">\n\t\t\t\t\t\t<div class=\"premium-blog-thumbnail-container premium-blog-blur-effect\">\n\t\t\t\t\t\t\t<img loading=\"lazy\" decoding=\"async\" width=\"400\" height=\"300\" src=\"https:\/\/www.fpbaixemporda.com\/wp-content\/uploads\/2021\/04\/Artplay.jpg\" class=\"attachment-full size-full wp-image-2360\" alt=\"Artplay\" srcset=\"https:\/\/www.fpbaixemporda.com\/wp-content\/uploads\/2021\/04\/Artplay.jpg 400w, https:\/\/www.fpbaixemporda.com\/wp-content\/uploads\/2021\/04\/Artplay-300x225.jpg 300w\" sizes=\"(max-width: 400px) 100vw, 400px\" \/>\t\t\t\t\t\t<\/div>\n\t\t\t\t\t\t\t\t\t\t\t\t\t<div class=\"premium-blog-thumbnail-overlay\">\n\t\t\t\t\t\t\t\t<a class=\"elementor-icon\" href=\"https:\/\/www.fpbaixemporda.com\/es\/artplay\/\" target=\"_blank\"><\/a>\n\t\t\t\t\t\t\t<\/div>\n\n\t\t\t\t\t\t\t\t\t\t\t\t\t\t\t\t\t\t<\/div>\n\t\t\t\t\t\t\t\t\t\t\t\t<div class=\"premium-blog-content-wrapper \">\n\n\t\t\t\t\t<div class=\"premium-blog-inner-container\">\n\n\t\t\t\t\t\t\t\t\t\t\t\t\t\t<p class=\"premium-blog-entry-title\">\n\t\t\t<a href=\"https:\/\/www.fpbaixemporda.com\/es\/artplay\/\" target=\"_blank\">\n\t\t\t\tArtplay\t\t\t<\/a>\n\t\t<\/p>\n\t\t\t\t<div class=\"premium-blog-entry-meta\">\n\t\t\t\n\t\t\t\n\t\t\t\n\t\t\t\t\t<\/div>\n\t\t\n\t\t\t\t\t<\/div>\n\n\t\t\t\t\t\t\t\t\t\t\n\t\t\t\t<\/div>\n\t\t\t<\/div>\n\t\t<\/div>\n\n\t\t\t\t<div class=\"premium-blog-post-outer-container\" data-total=\"1\">\n\t\t\t<div class=\"premium-blog-post-container premium-blog-skin-classic\">\n\t\t\t\t\t\t\t\t\t<div class=\"premium-blog-thumb-effect-wrapper\">\n\t\t\t\t\t\t<div class=\"premium-blog-thumbnail-container premium-blog-blur-effect\">\n\t\t\t\t\t\t\t<img loading=\"lazy\" decoding=\"async\" width=\"400\" height=\"300\" src=\"https:\/\/www.fpbaixemporda.com\/wp-content\/uploads\/2021\/04\/Enplater.jpg\" class=\"attachment-full size-full wp-image-2316\" alt=\"Enplater\" srcset=\"https:\/\/www.fpbaixemporda.com\/wp-content\/uploads\/2021\/04\/Enplater.jpg 400w, https:\/\/www.fpbaixemporda.com\/wp-content\/uploads\/2021\/04\/Enplater-300x225.jpg 300w\" sizes=\"(max-width: 400px) 100vw, 400px\" \/>\t\t\t\t\t\t<\/div>\n\t\t\t\t\t\t\t\t\t\t\t\t\t<div class=\"premium-blog-thumbnail-overlay\">\n\t\t\t\t\t\t\t\t<a class=\"elementor-icon\" href=\"https:\/\/www.fpbaixemporda.com\/es\/enplater\/\" target=\"_blank\"><\/a>\n\t\t\t\t\t\t\t<\/div>\n\n\t\t\t\t\t\t\t\t\t\t\t\t\t\t\t\t\t\t<\/div>\n\t\t\t\t\t\t\t\t\t\t\t\t<div class=\"premium-blog-content-wrapper \">\n\n\t\t\t\t\t<div class=\"premium-blog-inner-container\">\n\n\t\t\t\t\t\t\t\t\t\t\t\t\t\t<p class=\"premium-blog-entry-title\">\n\t\t\t<a href=\"https:\/\/www.fpbaixemporda.com\/es\/enplater\/\" target=\"_blank\">\n\t\t\t\tEnplater\t\t\t<\/a>\n\t\t<\/p>\n\t\t\t\t<div class=\"premium-blog-entry-meta\">\n\t\t\t\n\t\t\t\n\t\t\t\n\t\t\t\t\t<\/div>\n\t\t\n\t\t\t\t\t<\/div>\n\n\t\t\t\t\t\t\t\t\t\t\n\t\t\t\t<\/div>\n\t\t\t<\/div>\n\t\t<\/div>\n\n\t\t\t\t<div class=\"premium-blog-post-outer-container\" data-total=\"1\">\n\t\t\t<div class=\"premium-blog-post-container premium-blog-skin-classic\">\n\t\t\t\t\t\t\t\t\t<div class=\"premium-blog-thumb-effect-wrapper\">\n\t\t\t\t\t\t<div class=\"premium-blog-thumbnail-container premium-blog-blur-effect\">\n\t\t\t\t\t\t\t<img loading=\"lazy\" decoding=\"async\" width=\"400\" height=\"300\" src=\"https:\/\/www.fpbaixemporda.com\/wp-content\/uploads\/2021\/04\/GM-Cloud-design.jpg\" class=\"attachment-full size-full wp-image-2448\" alt=\"GM Cloud design\" srcset=\"https:\/\/www.fpbaixemporda.com\/wp-content\/uploads\/2021\/04\/GM-Cloud-design.jpg 400w, https:\/\/www.fpbaixemporda.com\/wp-content\/uploads\/2021\/04\/GM-Cloud-design-300x225.jpg 300w\" sizes=\"(max-width: 400px) 100vw, 400px\" \/>\t\t\t\t\t\t<\/div>\n\t\t\t\t\t\t\t\t\t\t\t\t\t<div class=\"premium-blog-thumbnail-overlay\">\n\t\t\t\t\t\t\t\t<a class=\"elementor-icon\" href=\"https:\/\/www.fpbaixemporda.com\/es\/gm-cloud-design\/\" target=\"_blank\"><\/a>\n\t\t\t\t\t\t\t<\/div>\n\n\t\t\t\t\t\t\t\t\t\t\t\t\t\t\t\t\t\t<\/div>\n\t\t\t\t\t\t\t\t\t\t\t\t<div class=\"premium-blog-content-wrapper \">\n\n\t\t\t\t\t<div class=\"premium-blog-inner-container\">\n\n\t\t\t\t\t\t\t\t\t\t\t\t\t\t<p class=\"premium-blog-entry-title\">\n\t\t\t<a href=\"https:\/\/www.fpbaixemporda.com\/es\/gm-cloud-design\/\" target=\"_blank\">\n\t\t\t\tGM Cloud design\t\t\t<\/a>\n\t\t<\/p>\n\t\t\t\t<div class=\"premium-blog-entry-meta\">\n\t\t\t\n\t\t\t\n\t\t\t\n\t\t\t\t\t<\/div>\n\t\t\n\t\t\t\t\t<\/div>\n\n\t\t\t\t\t\t\t\t\t\t\n\t\t\t\t<\/div>\n\t\t\t<\/div>\n\t\t<\/div>\n\n\t\t\t\t<div class=\"premium-blog-post-outer-container\" data-total=\"1\">\n\t\t\t<div class=\"premium-blog-post-container premium-blog-skin-classic\">\n\t\t\t\t\t\t\t\t\t<div class=\"premium-blog-thumb-effect-wrapper\">\n\t\t\t\t\t\t<div class=\"premium-blog-thumbnail-container premium-blog-blur-effect\">\n\t\t\t\t\t\t\t<img loading=\"lazy\" decoding=\"async\" width=\"400\" height=\"300\" src=\"https:\/\/www.fpbaixemporda.com\/wp-content\/uploads\/2021\/04\/Hutchinson.jpg\" class=\"attachment-full size-full wp-image-2455\" alt=\"Hutchison Nichirin\" srcset=\"https:\/\/www.fpbaixemporda.com\/wp-content\/uploads\/2021\/04\/Hutchinson.jpg 400w, https:\/\/www.fpbaixemporda.com\/wp-content\/uploads\/2021\/04\/Hutchinson-300x225.jpg 300w\" sizes=\"(max-width: 400px) 100vw, 400px\" \/>\t\t\t\t\t\t<\/div>\n\t\t\t\t\t\t\t\t\t\t\t\t\t<div class=\"premium-blog-thumbnail-overlay\">\n\t\t\t\t\t\t\t\t<a class=\"elementor-icon\" href=\"https:\/\/www.fpbaixemporda.com\/es\/hutchison-nichirin\/\" target=\"_blank\"><\/a>\n\t\t\t\t\t\t\t<\/div>\n\n\t\t\t\t\t\t\t\t\t\t\t\t\t\t\t\t\t\t<\/div>\n\t\t\t\t\t\t\t\t\t\t\t\t<div class=\"premium-blog-content-wrapper \">\n\n\t\t\t\t\t<div class=\"premium-blog-inner-container\">\n\n\t\t\t\t\t\t\t\t\t\t\t\t\t\t<p class=\"premium-blog-entry-title\">\n\t\t\t<a href=\"https:\/\/www.fpbaixemporda.com\/es\/hutchison-nichirin\/\" target=\"_blank\">\n\t\t\t\tHutchison Nichirin\t\t\t<\/a>\n\t\t<\/p>\n\t\t\t\t<div class=\"premium-blog-entry-meta\">\n\t\t\t\n\t\t\t\n\t\t\t\n\t\t\t\t\t<\/div>\n\t\t\n\t\t\t\t\t<\/div>\n\n\t\t\t\t\t\t\t\t\t\t\n\t\t\t\t<\/div>\n\t\t\t<\/div>\n\t\t<\/div>\n\n\t\t\t\t\t\t\t<\/div>\n\n\t\t\n\t\t\n\t\t\t\t\t\t<\/div>\n\t\t\t\t\t<\/div>\n\t\t<\/div>\n\t\t\t\t\t<\/div>\n\t\t<\/section>\n\t\t\t\t<\/div>\n\t\t","protected":false},"excerpt":{"rendered":"<p>Benvingut a Institut Sant Feliu de Gu\u00edxols. Un modern edifici equipat amb els millors serveis i \u00faltima tecnologia per garantir un ensenyament de qualitat. El nostre equip docent t\u2019espera&#8230; ens coneixem? CONTACTE 972 82 01 18 institut@isantfeliu.net web @institutsantfeliufpdual ON SOM Carrer Canig\u00f3, 41 | Sant Feliu de Gu\u00edxols COM ARRIBAR Busca la ruta per<br \/><a class=\"moretag\" href=\"https:\/\/www.fpbaixemporda.com\/es\/hutchison-nichirin\/\">+ Read More<\/a><\/p>","protected":false},"author":1,"featured_media":524,"parent":0,"menu_order":0,"comment_status":"closed","ping_status":"closed","template":"templates\/page-fullwidth_template.php","meta":{"footnotes":""},"class_list":["post-258","page","type-page","status-publish","has-post-thumbnail","hentry"],"yoast_head":"<!-- This site is optimized with the Yoast SEO plugin v27.5 - https:\/\/yoast.com\/product\/yoast-seo-wordpress\/ -->\n<title>INS Sant Feliu - FP Baix Empord\u00e0<\/title>\n<meta name=\"robots\" content=\"index, follow, max-snippet:-1, max-image-preview:large, max-video-preview:-1\" \/>\n<link rel=\"canonical\" href=\"https:\/\/www.fpbaixemporda.com\/es\/ins-sant-feliu\/\" \/>\n<meta property=\"og:locale\" content=\"es_ES\" \/>\n<meta property=\"og:type\" content=\"article\" \/>\n<meta property=\"og:title\" content=\"INS Sant Feliu - FP Baix Empord\u00e0\" \/>\n<meta property=\"og:description\" content=\"Benvingut a Institut Sant Feliu de Gu\u00edxols. Un modern edifici equipat amb els millors serveis i \u00faltima tecnologia per garantir un ensenyament de qualitat. El nostre equip docent t\u2019espera&#8230; ens coneixem? CONTACTE 972 82 01 18 institut@isantfeliu.net web @institutsantfeliufpdual ON SOM Carrer Canig\u00f3, 41 | Sant Feliu de Gu\u00edxols COM ARRIBAR Busca la ruta per+ Read More\" \/>\n<meta property=\"og:url\" content=\"https:\/\/www.fpbaixemporda.com\/es\/ins-sant-feliu\/\" \/>\n<meta property=\"og:site_name\" content=\"FP Baix Empord\u00e0\" \/>\n<meta property=\"article:publisher\" content=\"https:\/\/www.facebook.com\/fpbaixemporda\" \/>\n<meta property=\"article:modified_time\" content=\"2025-10-23T12:06:11+00:00\" \/>\n<meta property=\"og:image\" content=\"https:\/\/www.fpbaixemporda.com\/wp-content\/uploads\/2020\/02\/Institut-Sant-Feliu-FP-Baix-Empord\u00e0.jpg\" \/>\n\t<meta property=\"og:image:width\" content=\"1400\" \/>\n\t<meta property=\"og:image:height\" content=\"320\" \/>\n\t<meta property=\"og:image:type\" content=\"image\/jpeg\" \/>\n<meta name=\"twitter:card\" content=\"summary_large_image\" \/>\n<meta name=\"twitter:label1\" content=\"Tiempo de lectura\" \/>\n\t<meta name=\"twitter:data1\" content=\"7 minutos\" \/>\n<script type=\"application\/ld+json\" class=\"yoast-schema-graph\">{\"@context\":\"https:\\\/\\\/schema.org\",\"@graph\":[{\"@type\":\"WebPage\",\"@id\":\"https:\\\/\\\/www.fpbaixemporda.com\\\/ins-sant-feliu\\\/\",\"url\":\"https:\\\/\\\/www.fpbaixemporda.com\\\/ins-sant-feliu\\\/\",\"name\":\"INS Sant Feliu - FP Baix Empord\u00e0\",\"isPartOf\":{\"@id\":\"https:\\\/\\\/www.fpbaixemporda.com\\\/#website\"},\"primaryImageOfPage\":{\"@id\":\"https:\\\/\\\/www.fpbaixemporda.com\\\/ins-sant-feliu\\\/#primaryimage\"},\"image\":{\"@id\":\"https:\\\/\\\/www.fpbaixemporda.com\\\/ins-sant-feliu\\\/#primaryimage\"},\"thumbnailUrl\":\"https:\\\/\\\/www.fpbaixemporda.com\\\/wp-content\\\/uploads\\\/2020\\\/02\\\/Institut-Sant-Feliu-FP-Baix-Empord\u00e0.jpg\",\"datePublished\":\"2020-02-13T16:33:14+00:00\",\"dateModified\":\"2025-10-23T12:06:11+00:00\",\"breadcrumb\":{\"@id\":\"https:\\\/\\\/www.fpbaixemporda.com\\\/ins-sant-feliu\\\/#breadcrumb\"},\"inLanguage\":\"es\",\"potentialAction\":[{\"@type\":\"ReadAction\",\"target\":[\"https:\\\/\\\/www.fpbaixemporda.com\\\/ins-sant-feliu\\\/\"]}]},{\"@type\":\"ImageObject\",\"inLanguage\":\"es\",\"@id\":\"https:\\\/\\\/www.fpbaixemporda.com\\\/ins-sant-feliu\\\/#primaryimage\",\"url\":\"https:\\\/\\\/www.fpbaixemporda.com\\\/wp-content\\\/uploads\\\/2020\\\/02\\\/Institut-Sant-Feliu-FP-Baix-Empord\u00e0.jpg\",\"contentUrl\":\"https:\\\/\\\/www.fpbaixemporda.com\\\/wp-content\\\/uploads\\\/2020\\\/02\\\/Institut-Sant-Feliu-FP-Baix-Empord\u00e0.jpg\",\"width\":1400,\"height\":320,\"caption\":\"Institut Sant Feliu - FP Baix Empord\u00e0\"},{\"@type\":\"BreadcrumbList\",\"@id\":\"https:\\\/\\\/www.fpbaixemporda.com\\\/ins-sant-feliu\\\/#breadcrumb\",\"itemListElement\":[{\"@type\":\"ListItem\",\"position\":1,\"name\":\"Home\",\"item\":\"https:\\\/\\\/www.fpbaixemporda.com\\\/\"},{\"@type\":\"ListItem\",\"position\":2,\"name\":\"INS Sant Feliu\"}]},{\"@type\":\"WebSite\",\"@id\":\"https:\\\/\\\/www.fpbaixemporda.com\\\/#website\",\"url\":\"https:\\\/\\\/www.fpbaixemporda.com\\\/\",\"name\":\"FP Baix Empord\u00e0\",\"description\":\"El teu futur en bones mans\",\"publisher\":{\"@id\":\"https:\\\/\\\/www.fpbaixemporda.com\\\/#organization\"},\"potentialAction\":[{\"@type\":\"SearchAction\",\"target\":{\"@type\":\"EntryPoint\",\"urlTemplate\":\"https:\\\/\\\/www.fpbaixemporda.com\\\/?s={search_term_string}\"},\"query-input\":{\"@type\":\"PropertyValueSpecification\",\"valueRequired\":true,\"valueName\":\"search_term_string\"}}],\"inLanguage\":\"es\"},{\"@type\":\"Organization\",\"@id\":\"https:\\\/\\\/www.fpbaixemporda.com\\\/#organization\",\"name\":\"FP Baix Empord\u00e0\",\"url\":\"https:\\\/\\\/www.fpbaixemporda.com\\\/\",\"logo\":{\"@type\":\"ImageObject\",\"inLanguage\":\"es\",\"@id\":\"https:\\\/\\\/www.fpbaixemporda.com\\\/#\\\/schema\\\/logo\\\/image\\\/\",\"url\":\"https:\\\/\\\/www.fpbaixemporda.com\\\/wp-content\\\/uploads\\\/2020\\\/02\\\/FP-Baix-Empord\u00e0-Logo.png\",\"contentUrl\":\"https:\\\/\\\/www.fpbaixemporda.com\\\/wp-content\\\/uploads\\\/2020\\\/02\\\/FP-Baix-Empord\u00e0-Logo.png\",\"width\":180,\"height\":117,\"caption\":\"FP Baix Empord\u00e0\"},\"image\":{\"@id\":\"https:\\\/\\\/www.fpbaixemporda.com\\\/#\\\/schema\\\/logo\\\/image\\\/\"},\"sameAs\":[\"https:\\\/\\\/www.facebook.com\\\/fpbaixemporda\",\"https:\\\/\\\/www.instagram.com\\\/fp_baixemporda\\\/\"]}]}<\/script>\n<!-- \/ Yoast SEO plugin. -->","yoast_head_json":{"title":"INS Sant Feliu - FP Baix Empord\u00e0","robots":{"index":"index","follow":"follow","max-snippet":"max-snippet:-1","max-image-preview":"max-image-preview:large","max-video-preview":"max-video-preview:-1"},"canonical":"https:\/\/www.fpbaixemporda.com\/es\/ins-sant-feliu\/","og_locale":"es_ES","og_type":"article","og_title":"INS Sant Feliu - FP Baix Empord\u00e0","og_description":"Benvingut a Institut Sant Feliu de Gu\u00edxols. Un modern edifici equipat amb els millors serveis i \u00faltima tecnologia per garantir un ensenyament de qualitat. El nostre equip docent t\u2019espera&#8230; ens coneixem? CONTACTE 972 82 01 18 institut@isantfeliu.net web @institutsantfeliufpdual ON SOM Carrer Canig\u00f3, 41 | Sant Feliu de Gu\u00edxols COM ARRIBAR Busca la ruta per+ Read More","og_url":"https:\/\/www.fpbaixemporda.com\/es\/ins-sant-feliu\/","og_site_name":"FP Baix Empord\u00e0","article_publisher":"https:\/\/www.facebook.com\/fpbaixemporda","article_modified_time":"2025-10-23T12:06:11+00:00","og_image":[{"width":1400,"height":320,"url":"https:\/\/www.fpbaixemporda.com\/wp-content\/uploads\/2020\/02\/Institut-Sant-Feliu-FP-Baix-Empord\u00e0.jpg","type":"image\/jpeg"}],"twitter_card":"summary_large_image","twitter_misc":{"Tiempo de lectura":"7 minutos"},"schema":{"@context":"https:\/\/schema.org","@graph":[{"@type":"WebPage","@id":"https:\/\/www.fpbaixemporda.com\/ins-sant-feliu\/","url":"https:\/\/www.fpbaixemporda.com\/ins-sant-feliu\/","name":"INS Sant Feliu - FP Baix Empord\u00e0","isPartOf":{"@id":"https:\/\/www.fpbaixemporda.com\/#website"},"primaryImageOfPage":{"@id":"https:\/\/www.fpbaixemporda.com\/ins-sant-feliu\/#primaryimage"},"image":{"@id":"https:\/\/www.fpbaixemporda.com\/ins-sant-feliu\/#primaryimage"},"thumbnailUrl":"https:\/\/www.fpbaixemporda.com\/wp-content\/uploads\/2020\/02\/Institut-Sant-Feliu-FP-Baix-Empord\u00e0.jpg","datePublished":"2020-02-13T16:33:14+00:00","dateModified":"2025-10-23T12:06:11+00:00","breadcrumb":{"@id":"https:\/\/www.fpbaixemporda.com\/ins-sant-feliu\/#breadcrumb"},"inLanguage":"es","potentialAction":[{"@type":"ReadAction","target":["https:\/\/www.fpbaixemporda.com\/ins-sant-feliu\/"]}]},{"@type":"ImageObject","inLanguage":"es","@id":"https:\/\/www.fpbaixemporda.com\/ins-sant-feliu\/#primaryimage","url":"https:\/\/www.fpbaixemporda.com\/wp-content\/uploads\/2020\/02\/Institut-Sant-Feliu-FP-Baix-Empord\u00e0.jpg","contentUrl":"https:\/\/www.fpbaixemporda.com\/wp-content\/uploads\/2020\/02\/Institut-Sant-Feliu-FP-Baix-Empord\u00e0.jpg","width":1400,"height":320,"caption":"Institut Sant Feliu - FP Baix Empord\u00e0"},{"@type":"BreadcrumbList","@id":"https:\/\/www.fpbaixemporda.com\/ins-sant-feliu\/#breadcrumb","itemListElement":[{"@type":"ListItem","position":1,"name":"Home","item":"https:\/\/www.fpbaixemporda.com\/"},{"@type":"ListItem","position":2,"name":"INS Sant Feliu"}]},{"@type":"WebSite","@id":"https:\/\/www.fpbaixemporda.com\/#website","url":"https:\/\/www.fpbaixemporda.com\/","name":"FP Baix Empord\u00e0","description":"El teu futur en bones mans","publisher":{"@id":"https:\/\/www.fpbaixemporda.com\/#organization"},"potentialAction":[{"@type":"SearchAction","target":{"@type":"EntryPoint","urlTemplate":"https:\/\/www.fpbaixemporda.com\/?s={search_term_string}"},"query-input":{"@type":"PropertyValueSpecification","valueRequired":true,"valueName":"search_term_string"}}],"inLanguage":"es"},{"@type":"Organization","@id":"https:\/\/www.fpbaixemporda.com\/#organization","name":"FP Baix Empord\u00e0","url":"https:\/\/www.fpbaixemporda.com\/","logo":{"@type":"ImageObject","inLanguage":"es","@id":"https:\/\/www.fpbaixemporda.com\/#\/schema\/logo\/image\/","url":"https:\/\/www.fpbaixemporda.com\/wp-content\/uploads\/2020\/02\/FP-Baix-Empord\u00e0-Logo.png","contentUrl":"https:\/\/www.fpbaixemporda.com\/wp-content\/uploads\/2020\/02\/FP-Baix-Empord\u00e0-Logo.png","width":180,"height":117,"caption":"FP Baix Empord\u00e0"},"image":{"@id":"https:\/\/www.fpbaixemporda.com\/#\/schema\/logo\/image\/"},"sameAs":["https:\/\/www.facebook.com\/fpbaixemporda","https:\/\/www.instagram.com\/fp_baixemporda\/"]}]}},"_links":{"self":[{"href":"https:\/\/www.fpbaixemporda.com\/es\/wp-json\/wp\/v2\/pages\/258","targetHints":{"allow":["GET"]}}],"collection":[{"href":"https:\/\/www.fpbaixemporda.com\/es\/wp-json\/wp\/v2\/pages"}],"about":[{"href":"https:\/\/www.fpbaixemporda.com\/es\/wp-json\/wp\/v2\/types\/page"}],"author":[{"embeddable":true,"href":"https:\/\/www.fpbaixemporda.com\/es\/wp-json\/wp\/v2\/users\/1"}],"replies":[{"embeddable":true,"href":"https:\/\/www.fpbaixemporda.com\/es\/wp-json\/wp\/v2\/comments?post=258"}],"version-history":[{"count":0,"href":"https:\/\/www.fpbaixemporda.com\/es\/wp-json\/wp\/v2\/pages\/258\/revisions"}],"wp:featuredmedia":[{"embeddable":true,"href":"https:\/\/www.fpbaixemporda.com\/es\/wp-json\/wp\/v2\/media\/524"}],"wp:attachment":[{"href":"https:\/\/www.fpbaixemporda.com\/es\/wp-json\/wp\/v2\/media?parent=258"}],"curies":[{"name":"wp","href":"https:\/\/api.w.org\/{rel}","templated":true}]}}